{"id":646,"date":"2023-05-15T18:05:21","date_gmt":"2023-05-15T18:05:21","guid":{"rendered":"http:\/\/www.coscyl.com\/?page_id=646"},"modified":"2026-02-18T11:46:54","modified_gmt":"2026-02-18T10:46:54","slug":"profesorado-grado","status":"publish","type":"page","link":"https:\/\/coscyl.com\/en\/profesorado-grado\/","title":{"rendered":"Profesorado Grado"},"content":{"rendered":"<div data-elementor-type=\"wp-page\" data-elementor-id=\"646\" class=\"elementor elementor-646\" data-elementor-post-type=\"page\">\n\t\t\t\t<div class=\"elementor-element elementor-element-ef5d2b6 e-con-full e-flex e-con e-parent\" data-id=\"ef5d2b6\" data-element_type=\"container\">\n\t\t\t\t<div class=\"elementor-element elementor-element-31a43ab elementor-widget elementor-widget-heading\" data-id=\"31a43ab\" data-element_type=\"widget\" data-widget_type=\"heading.default\">\n\t\t\t\t<div class=\"elementor-widget-container\">\n\t\t\t\t\t<h2 class=\"elementor-heading-title elementor-size-default\">Profesorado de Grado<\/h2>\t\t\t\t<\/div>\n\t\t\t\t<\/div>\n\t\t\t\t<\/div>\n\t\t<div class=\"elementor-element elementor-element-7b664c3 e-con-full e-flex e-con e-parent\" data-id=\"7b664c3\" data-element_type=\"container\">\n\t\t\t\t<div class=\"elementor-element elementor-element-521476a elementor-widget-divider--view-line elementor-widget elementor-widget-divider\" data-id=\"521476a\" data-element_type=\"widget\" data-widget_type=\"divider.default\">\n\t\t\t\t<div class=\"elementor-widget-container\">\n\t\t\t\t\t\t\t<div class=\"elementor-divider\">\n\t\t\t<span class=\"elementor-divider-separator\">\n\t\t\t\t\t\t<\/span>\n\t\t<\/div>\n\t\t\t\t\t\t<\/div>\n\t\t\t\t<\/div>\n\t\t\t\t<div class=\"elementor-element elementor-element-8fe918d elementor-widget elementor-widget-menu-anchor\" data-id=\"8fe918d\" data-element_type=\"widget\" data-widget_type=\"menu-anchor.default\">\n\t\t\t\t<div class=\"elementor-widget-container\">\n\t\t\t\t\t\t\t<div class=\"elementor-menu-anchor\" id=\"cuerda-arpa\"><\/div>\n\t\t\t\t\t\t<\/div>\n\t\t\t\t<\/div>\n\t\t\t\t<\/div>\n\t\t<div class=\"elementor-element elementor-element-a7f0a2a e-grid e-con-full e-con e-parent\" data-id=\"a7f0a2a\" data-element_type=\"container\">\n\t\t\t\t<div class=\"elementor-element elementor-element-c452fa4 elementor-widget elementor-widget-heading\" data-id=\"c452fa4\" data-element_type=\"widget\" data-widget_type=\"heading.default\">\n\t\t\t\t<div class=\"elementor-widget-container\">\n\t\t\t\t\t<h2 class=\"elementor-heading-title elementor-size-default\">Departamento de Cuerda y Arpa<\/h2>\t\t\t\t<\/div>\n\t\t\t\t<\/div>\n\t\t\t\t<\/div>\n\t\t<div class=\"elementor-element elementor-element-1db9efe e-con-full e-flex e-con e-parent\" data-id=\"1db9efe\" data-element_type=\"container\">\n\t\t\t\t<div class=\"elementor-element elementor-element-ef2a0ea elementor-widget elementor-widget-heading\" data-id=\"ef2a0ea\" data-element_type=\"widget\" data-widget_type=\"heading.default\">\n\t\t\t\t<div class=\"elementor-widget-container\">\n\t\t\t\t\t<h2 class=\"elementor-heading-title elementor-size-default\">Viol\u00edn<\/h2>\t\t\t\t<\/div>\n\t\t\t\t<\/div>\n\t\t\t\t<\/div>\n\t\t<div class=\"elementor-element elementor-element-7f1ebfb e-con-full e-flex e-con e-parent\" data-id=\"7f1ebfb\" data-element_type=\"container\">\n\t\t\t\t<div class=\"elementor-element elementor-element-066208b elementor-grid-tablet-1 elementor-grid-2 elementor-posts--thumbnail-right elementor-grid-mobile-1 load-more-align-center elementor-invisible elementor-widget elementor-widget-posts\" data-id=\"066208b\" data-element_type=\"widget\" data-settings=\"{&quot;classic_columns_tablet&quot;:&quot;1&quot;,&quot;classic_row_gap_mobile&quot;:{&quot;unit&quot;:&quot;px&quot;,&quot;size&quot;:52,&quot;sizes&quot;:[]},&quot;pagination_type&quot;:&quot;load_more_on_click&quot;,&quot;_animation&quot;:&quot;fadeIn&quot;,&quot;classic_columns&quot;:&quot;2&quot;,&quot;classic_row_gap&quot;:{&quot;unit&quot;:&quot;px&quot;,&quot;size&quot;:30,&quot;sizes&quot;:[]},&quot;classic_columns_mobile&quot;:&quot;1&quot;,&quot;classic_row_gap_tablet&quot;:{&quot;unit&quot;:&quot;px&quot;,&quot;size&quot;:&quot;&quot;,&quot;sizes&quot;:[]},&quot;load_more_spinner&quot;:{&quot;value&quot;:&quot;fas fa-spinner&quot;,&quot;library&quot;:&quot;fa-solid&quot;}}\" data-widget_type=\"posts.classic\">\n\t\t\t\t<div class=\"elementor-widget-container\">\n\t\t\t\t\t\t\t<div class=\"elementor-posts-container elementor-posts elementor-posts--skin-classic elementor-grid\" role=\"list\">\n\t\t\t\t<article class=\"elementor-post elementor-grid-item post-1045 post type-post status-publish format-standard has-post-thumbnail hentry category-violin\" role=\"listitem\">\n\t\t\t\t<a class=\"elementor-post__thumbnail__link\" href=\"https:\/\/coscyl.com\/en\/victor-martinez-soto\/\" tabindex=\"-1\" >\n\t\t\t<div class=\"elementor-post__thumbnail\"><img fetchpriority=\"high\" decoding=\"async\" width=\"853\" height=\"1280\" src=\"https:\/\/coscyl.com\/wp-content\/uploads\/2023\/07\/Victor-Martinez.jpeg\" class=\"attachment-full size-full wp-image-1046\" alt=\"\" srcset=\"https:\/\/coscyl.com\/wp-content\/uploads\/2023\/07\/Victor-Martinez.jpeg 853w, https:\/\/coscyl.com\/wp-content\/uploads\/2023\/07\/Victor-Martinez-200x300.jpeg 200w, https:\/\/coscyl.com\/wp-content\/uploads\/2023\/07\/Victor-Martinez-682x1024.jpeg 682w, https:\/\/coscyl.com\/wp-content\/uploads\/2023\/07\/Victor-Martinez-768x1152.jpeg 768w, https:\/\/coscyl.com\/wp-content\/uploads\/2023\/07\/Victor-Martinez-8x12.jpeg 8w\" sizes=\"(max-width: 853px) 100vw, 853px\" \/><\/div>\n\t\t<\/a>\n\t\t\t\t<div class=\"elementor-post__text\">\n\t\t\t\t<h3 class=\"elementor-post__title\">\n\t\t\t<a href=\"https:\/\/coscyl.com\/en\/victor-martinez-soto\/\" >\n\t\t\t\tV\u00edctor Mart\u00ednez Soto\t\t\t<\/a>\n\t\t<\/h3>\n\t\t\t\t<div class=\"elementor-post__excerpt\">\n\t\t\t<p>Cartagena (Murcia), 1987. Ha realizado estudios de viol\u00edn con Diego Sanz, Laura Rodriguez, Rezart Kapetani, Lina Tur y el maestro<\/p>\n\t\t<\/div>\n\t\t\t\t\t<div class=\"elementor-post__read-more-wrapper\">\n\t\t\n\t\t<a class=\"elementor-post__read-more\" href=\"https:\/\/coscyl.com\/en\/victor-martinez-soto\/\" aria-label=\"Read more about V\u00edctor Mart\u00ednez Soto\" tabindex=\"-1\" >\n\t\t\tLeer m\u00e1s\t\t<\/a>\n\n\t\t\t\t\t<\/div>\n\t\t\t\t<\/div>\n\t\t\t\t<\/article>\n\t\t\t\t<article class=\"elementor-post elementor-grid-item post-1058 post type-post status-publish format-standard has-post-thumbnail hentry category-solista-orquesta category-violin\" role=\"listitem\">\n\t\t\t\t<a class=\"elementor-post__thumbnail__link\" href=\"https:\/\/coscyl.com\/en\/karolina-michalska\/\" tabindex=\"-1\" >\n\t\t\t<div class=\"elementor-post__thumbnail\"><img decoding=\"async\" width=\"414\" height=\"622\" src=\"https:\/\/coscyl.com\/wp-content\/uploads\/2023\/07\/KarolinaMichalska.jpg\" class=\"attachment-full size-full wp-image-1060\" alt=\"\" srcset=\"https:\/\/coscyl.com\/wp-content\/uploads\/2023\/07\/KarolinaMichalska.jpg 414w, https:\/\/coscyl.com\/wp-content\/uploads\/2023\/07\/KarolinaMichalska-200x300.jpg 200w, https:\/\/coscyl.com\/wp-content\/uploads\/2023\/07\/KarolinaMichalska-8x12.jpg 8w\" sizes=\"(max-width: 414px) 100vw, 414px\" \/><\/div>\n\t\t<\/a>\n\t\t\t\t<div class=\"elementor-post__text\">\n\t\t\t\t<h3 class=\"elementor-post__title\">\n\t\t\t<a href=\"https:\/\/coscyl.com\/en\/karolina-michalska\/\" >\n\t\t\t\tKarolina Michalska\t\t\t<\/a>\n\t\t<\/h3>\n\t\t\t\t<div class=\"elementor-post__excerpt\">\n\t\t\t<p>Nace en Pozna\u0144 (Polonia), donde realiza sus estudios superiores de viol\u00edn en la Akademia Muzyczna im. Ignacego Jana Paderewskiego en<\/p>\n\t\t<\/div>\n\t\t\t\t\t<div class=\"elementor-post__read-more-wrapper\">\n\t\t\n\t\t<a class=\"elementor-post__read-more\" href=\"https:\/\/coscyl.com\/en\/karolina-michalska\/\" aria-label=\"Read more about Karolina Michalska\" tabindex=\"-1\" >\n\t\t\tLeer m\u00e1s\t\t<\/a>\n\n\t\t\t\t\t<\/div>\n\t\t\t\t<\/div>\n\t\t\t\t<\/article>\n\t\t\t\t<article class=\"elementor-post elementor-grid-item post-1061 post type-post status-publish format-standard has-post-thumbnail hentry category-musica-de-camara-master category-solista-orquesta category-violin\" role=\"listitem\">\n\t\t\t\t<a class=\"elementor-post__thumbnail__link\" href=\"https:\/\/coscyl.com\/en\/marc-oliu-nieto\/\" tabindex=\"-1\" >\n\t\t\t<div class=\"elementor-post__thumbnail\"><img decoding=\"async\" width=\"1707\" height=\"2560\" src=\"https:\/\/coscyl.com\/wp-content\/uploads\/2023\/07\/MarcOliu-scaled.jpg\" class=\"attachment-full size-full wp-image-1062\" alt=\"\" srcset=\"https:\/\/coscyl.com\/wp-content\/uploads\/2023\/07\/MarcOliu-scaled.jpg 1707w, https:\/\/coscyl.com\/wp-content\/uploads\/2023\/07\/MarcOliu-200x300.jpg 200w, https:\/\/coscyl.com\/wp-content\/uploads\/2023\/07\/MarcOliu-683x1024.jpg 683w, https:\/\/coscyl.com\/wp-content\/uploads\/2023\/07\/MarcOliu-768x1152.jpg 768w, https:\/\/coscyl.com\/wp-content\/uploads\/2023\/07\/MarcOliu-1024x1536.jpg 1024w, https:\/\/coscyl.com\/wp-content\/uploads\/2023\/07\/MarcOliu-1365x2048.jpg 1365w, https:\/\/coscyl.com\/wp-content\/uploads\/2023\/07\/MarcOliu-8x12.jpg 8w\" sizes=\"(max-width: 1707px) 100vw, 1707px\" \/><\/div>\n\t\t<\/a>\n\t\t\t\t<div class=\"elementor-post__text\">\n\t\t\t\t<h3 class=\"elementor-post__title\">\n\t\t\t<a href=\"https:\/\/coscyl.com\/en\/marc-oliu-nieto\/\" >\n\t\t\t\tMarc Oliu Nieto\t\t\t<\/a>\n\t\t<\/h3>\n\t\t\t\t<div class=\"elementor-post__excerpt\">\n\t\t\t<p>Marc Oliu Nieto (Girona, 1977). Estudia con Gon\u00e7al Comellas en el C.S.M. del Liceo (Barcelona), obteniendo Premio de Honor de<\/p>\n\t\t<\/div>\n\t\t\t\t\t<div class=\"elementor-post__read-more-wrapper\">\n\t\t\n\t\t<a class=\"elementor-post__read-more\" href=\"https:\/\/coscyl.com\/en\/marc-oliu-nieto\/\" aria-label=\"Read more about Marc Oliu Nieto\" tabindex=\"-1\" >\n\t\t\tLeer m\u00e1s\t\t<\/a>\n\n\t\t\t\t\t<\/div>\n\t\t\t\t<\/div>\n\t\t\t\t<\/article>\n\t\t\t\t<\/div>\n\t\t\t\t\t<span class=\"e-load-more-spinner\">\n\t\t\t\t<svg aria-hidden=\"true\" class=\"e-font-icon-svg e-fas-spinner\" viewbox=\"0 0 512 512\" xmlns=\"http:\/\/www.w3.org\/2000\/svg\"><path d=\"M304 48c0 26.51-21.49 48-48 48s-48-21.49-48-48 21.49-48 48-48 48 21.49 48 48zm-48 368c-26.51 0-48 21.49-48 48s21.49 48 48 48 48-21.49 48-48-21.49-48-48-48zm208-208c-26.51 0-48 21.49-48 48s21.49 48 48 48 48-21.49 48-48-21.49-48-48-48zM96 256c0-26.51-21.49-48-48-48S0 229.49 0 256s21.49 48 48 48 48-21.49 48-48zm12.922 99.078c-26.51 0-48 21.49-48 48s21.49 48 48 48 48-21.49 48-48c0-26.509-21.491-48-48-48zm294.156 0c-26.51 0-48 21.49-48 48s21.49 48 48 48 48-21.49 48-48c0-26.509-21.49-48-48-48zM108.922 60.922c-26.51 0-48 21.49-48 48s21.49 48 48 48 48-21.49 48-48-21.491-48-48-48z\"><\/path><\/svg>\t\t\t<\/span>\n\t\t\n\t\t\t\t\t\t<\/div>\n\t\t\t\t<\/div>\n\t\t\t\t<\/div>\n\t\t<div class=\"elementor-element elementor-element-2cfacf8 e-con-full e-flex e-con e-parent\" data-id=\"2cfacf8\" data-element_type=\"container\">\n\t\t\t\t<div class=\"elementor-element elementor-element-9c9a226 elementor-widget elementor-widget-heading\" data-id=\"9c9a226\" data-element_type=\"widget\" data-widget_type=\"heading.default\">\n\t\t\t\t<div class=\"elementor-widget-container\">\n\t\t\t\t\t<h2 class=\"elementor-heading-title elementor-size-default\">Violonchelo<\/h2>\t\t\t\t<\/div>\n\t\t\t\t<\/div>\n\t\t\t\t<\/div>\n\t\t<div class=\"elementor-element elementor-element-6595457 e-con-full e-flex e-con e-parent\" data-id=\"6595457\" data-element_type=\"container\">\n\t\t\t\t<div class=\"elementor-element elementor-element-91de6ee elementor-grid-tablet-1 elementor-grid-2 elementor-posts--thumbnail-right elementor-grid-mobile-1 load-more-align-center elementor-invisible elementor-widget elementor-widget-posts\" data-id=\"91de6ee\" data-element_type=\"widget\" data-settings=\"{&quot;classic_columns_tablet&quot;:&quot;1&quot;,&quot;classic_row_gap_mobile&quot;:{&quot;unit&quot;:&quot;px&quot;,&quot;size&quot;:52,&quot;sizes&quot;:[]},&quot;pagination_type&quot;:&quot;load_more_on_click&quot;,&quot;_animation&quot;:&quot;fadeIn&quot;,&quot;classic_columns&quot;:&quot;2&quot;,&quot;classic_row_gap&quot;:{&quot;unit&quot;:&quot;px&quot;,&quot;size&quot;:30,&quot;sizes&quot;:[]},&quot;classic_columns_mobile&quot;:&quot;1&quot;,&quot;classic_row_gap_tablet&quot;:{&quot;unit&quot;:&quot;px&quot;,&quot;size&quot;:&quot;&quot;,&quot;sizes&quot;:[]},&quot;load_more_spinner&quot;:{&quot;value&quot;:&quot;fas fa-spinner&quot;,&quot;library&quot;:&quot;fa-solid&quot;}}\" data-widget_type=\"posts.classic\">\n\t\t\t\t<div class=\"elementor-widget-container\">\n\t\t\t\t\t\t\t<div class=\"elementor-posts-container elementor-posts elementor-posts--skin-classic elementor-grid\" role=\"list\">\n\t\t\t\t<article class=\"elementor-post elementor-grid-item post-1083 post type-post status-publish format-standard has-post-thumbnail hentry category-solista-orquesta category-violonchelo\" role=\"listitem\">\n\t\t\t\t<a class=\"elementor-post__thumbnail__link\" href=\"https:\/\/coscyl.com\/en\/lorenzo-meseguer-lujan\/\" tabindex=\"-1\" >\n\t\t\t<div class=\"elementor-post__thumbnail\"><img loading=\"lazy\" decoding=\"async\" width=\"2560\" height=\"2286\" src=\"https:\/\/coscyl.com\/wp-content\/uploads\/2023\/07\/Lorenzo_Meseguer-scaled-1.jpg\" class=\"attachment-full size-full wp-image-1084\" alt=\"\" srcset=\"https:\/\/coscyl.com\/wp-content\/uploads\/2023\/07\/Lorenzo_Meseguer-scaled-1.jpg 2560w, https:\/\/coscyl.com\/wp-content\/uploads\/2023\/07\/Lorenzo_Meseguer-scaled-1-300x268.jpg 300w, https:\/\/coscyl.com\/wp-content\/uploads\/2023\/07\/Lorenzo_Meseguer-scaled-1-1024x914.jpg 1024w, https:\/\/coscyl.com\/wp-content\/uploads\/2023\/07\/Lorenzo_Meseguer-scaled-1-768x686.jpg 768w, https:\/\/coscyl.com\/wp-content\/uploads\/2023\/07\/Lorenzo_Meseguer-scaled-1-1536x1372.jpg 1536w, https:\/\/coscyl.com\/wp-content\/uploads\/2023\/07\/Lorenzo_Meseguer-scaled-1-2048x1829.jpg 2048w, https:\/\/coscyl.com\/wp-content\/uploads\/2023\/07\/Lorenzo_Meseguer-scaled-1-13x12.jpg 13w\" sizes=\"(max-width: 2560px) 100vw, 2560px\" \/><\/div>\n\t\t<\/a>\n\t\t\t\t<div class=\"elementor-post__text\">\n\t\t\t\t<h3 class=\"elementor-post__title\">\n\t\t\t<a href=\"https:\/\/coscyl.com\/en\/lorenzo-meseguer-lujan\/\" >\n\t\t\t\tLorenzo Meseguer Luj\u00e1n\t\t\t<\/a>\n\t\t<\/h3>\n\t\t\t\t<div class=\"elementor-post__excerpt\">\n\t\t\t<p>Lorenzo Meseguer (Murcia, 1990). Catedr\u00e1tico de violonchelo en el Conservatorio Superior de M\u00fasica de Castilla y Le\u00f3n, compagina la docencia<\/p>\n\t\t<\/div>\n\t\t\t\t\t<div class=\"elementor-post__read-more-wrapper\">\n\t\t\n\t\t<a class=\"elementor-post__read-more\" href=\"https:\/\/coscyl.com\/en\/lorenzo-meseguer-lujan\/\" aria-label=\"Read more about Lorenzo Meseguer Luj\u00e1n\" tabindex=\"-1\" >\n\t\t\tLeer m\u00e1s\t\t<\/a>\n\n\t\t\t\t\t<\/div>\n\t\t\t\t<\/div>\n\t\t\t\t<\/article>\n\t\t\t\t<\/div>\n\t\t\t\t\t<span class=\"e-load-more-spinner\">\n\t\t\t\t<svg aria-hidden=\"true\" class=\"e-font-icon-svg e-fas-spinner\" viewbox=\"0 0 512 512\" xmlns=\"http:\/\/www.w3.org\/2000\/svg\"><path d=\"M304 48c0 26.51-21.49 48-48 48s-48-21.49-48-48 21.49-48 48-48 48 21.49 48 48zm-48 368c-26.51 0-48 21.49-48 48s21.49 48 48 48 48-21.49 48-48-21.49-48-48-48zm208-208c-26.51 0-48 21.49-48 48s21.49 48 48 48 48-21.49 48-48-21.49-48-48-48zM96 256c0-26.51-21.49-48-48-48S0 229.49 0 256s21.49 48 48 48 48-21.49 48-48zm12.922 99.078c-26.51 0-48 21.49-48 48s21.49 48 48 48 48-21.49 48-48c0-26.509-21.491-48-48-48zm294.156 0c-26.51 0-48 21.49-48 48s21.49 48 48 48 48-21.49 48-48c0-26.509-21.49-48-48-48zM108.922 60.922c-26.51 0-48 21.49-48 48s21.49 48 48 48 48-21.49 48-48-21.491-48-48-48z\"><\/path><\/svg>\t\t\t<\/span>\n\t\t\n\t\t\t\t\t\t<\/div>\n\t\t\t\t<\/div>\n\t\t\t\t<\/div>\n\t\t<div class=\"elementor-element elementor-element-cad8f22 e-con-full e-flex e-con e-parent\" data-id=\"cad8f22\" data-element_type=\"container\">\n\t\t\t\t<div class=\"elementor-element elementor-element-70674cf elementor-widget elementor-widget-heading\" data-id=\"70674cf\" data-element_type=\"widget\" data-widget_type=\"heading.default\">\n\t\t\t\t<div class=\"elementor-widget-container\">\n\t\t\t\t\t<h2 class=\"elementor-heading-title elementor-size-default\">Viola<\/h2>\t\t\t\t<\/div>\n\t\t\t\t<\/div>\n\t\t\t\t<\/div>\n\t\t<div class=\"elementor-element elementor-element-4d1a5e7 e-con-full e-flex e-con e-parent\" data-id=\"4d1a5e7\" data-element_type=\"container\">\n\t\t\t\t<div class=\"elementor-element elementor-element-1565cb0 elementor-grid-tablet-1 elementor-grid-2 elementor-posts--thumbnail-right elementor-grid-mobile-1 load-more-align-center elementor-invisible elementor-widget elementor-widget-posts\" data-id=\"1565cb0\" data-element_type=\"widget\" data-settings=\"{&quot;classic_columns_tablet&quot;:&quot;1&quot;,&quot;classic_row_gap_mobile&quot;:{&quot;unit&quot;:&quot;px&quot;,&quot;size&quot;:52,&quot;sizes&quot;:[]},&quot;pagination_type&quot;:&quot;load_more_on_click&quot;,&quot;_animation&quot;:&quot;fadeIn&quot;,&quot;classic_columns&quot;:&quot;2&quot;,&quot;classic_row_gap&quot;:{&quot;unit&quot;:&quot;px&quot;,&quot;size&quot;:30,&quot;sizes&quot;:[]},&quot;classic_columns_mobile&quot;:&quot;1&quot;,&quot;classic_row_gap_tablet&quot;:{&quot;unit&quot;:&quot;px&quot;,&quot;size&quot;:&quot;&quot;,&quot;sizes&quot;:[]},&quot;load_more_spinner&quot;:{&quot;value&quot;:&quot;fas fa-spinner&quot;,&quot;library&quot;:&quot;fa-solid&quot;}}\" data-widget_type=\"posts.classic\">\n\t\t\t\t<div class=\"elementor-widget-container\">\n\t\t\t\t\t\t\t<div class=\"elementor-posts-container elementor-posts elementor-posts--skin-classic elementor-grid\" role=\"list\">\n\t\t\t\t<article class=\"elementor-post elementor-grid-item post-1086 post type-post status-publish format-standard has-post-thumbnail hentry category-viola\" role=\"listitem\">\n\t\t\t\t<a class=\"elementor-post__thumbnail__link\" href=\"https:\/\/coscyl.com\/en\/claudia-do-minh-ramos\/\" tabindex=\"-1\" >\n\t\t\t<div class=\"elementor-post__thumbnail\"><img loading=\"lazy\" decoding=\"async\" width=\"854\" height=\"1280\" src=\"https:\/\/coscyl.com\/wp-content\/uploads\/2023\/07\/Claudia-Do-Minh-1.jpeg\" class=\"attachment-full size-full wp-image-1087\" alt=\"\" srcset=\"https:\/\/coscyl.com\/wp-content\/uploads\/2023\/07\/Claudia-Do-Minh-1.jpeg 854w, https:\/\/coscyl.com\/wp-content\/uploads\/2023\/07\/Claudia-Do-Minh-1-200x300.jpeg 200w, https:\/\/coscyl.com\/wp-content\/uploads\/2023\/07\/Claudia-Do-Minh-1-683x1024.jpeg 683w, https:\/\/coscyl.com\/wp-content\/uploads\/2023\/07\/Claudia-Do-Minh-1-768x1151.jpeg 768w, https:\/\/coscyl.com\/wp-content\/uploads\/2023\/07\/Claudia-Do-Minh-1-8x12.jpeg 8w\" sizes=\"(max-width: 854px) 100vw, 854px\" \/><\/div>\n\t\t<\/a>\n\t\t\t\t<div class=\"elementor-post__text\">\n\t\t\t\t<h3 class=\"elementor-post__title\">\n\t\t\t<a href=\"https:\/\/coscyl.com\/en\/claudia-do-minh-ramos\/\" >\n\t\t\t\tClaudia Do Minh Ramos\t\t\t<\/a>\n\t\t<\/h3>\n\t\t\t\t<div class=\"elementor-post__excerpt\">\n\t\t\t<p>Claudia Do Minh Ramos nace 1994 en Madrid y comienza sus estudios musicales a la edad de 3 a\u00f1os de<\/p>\n\t\t<\/div>\n\t\t\t\t\t<div class=\"elementor-post__read-more-wrapper\">\n\t\t\n\t\t<a class=\"elementor-post__read-more\" href=\"https:\/\/coscyl.com\/en\/claudia-do-minh-ramos\/\" aria-label=\"Read more about Claudia Do Minh Ramos\" tabindex=\"-1\" >\n\t\t\tLeer m\u00e1s\t\t<\/a>\n\n\t\t\t\t\t<\/div>\n\t\t\t\t<\/div>\n\t\t\t\t<\/article>\n\t\t\t\t<article class=\"elementor-post elementor-grid-item post-12264 post type-post status-publish format-standard has-post-thumbnail hentry category-viola\" role=\"listitem\">\n\t\t\t\t<a class=\"elementor-post__thumbnail__link\" href=\"https:\/\/coscyl.com\/en\/mario-carpintero\/\" tabindex=\"-1\" >\n\t\t\t<div class=\"elementor-post__thumbnail\"><img loading=\"lazy\" decoding=\"async\" width=\"888\" height=\"1332\" src=\"https:\/\/coscyl.com\/wp-content\/uploads\/2026\/02\/image0.jpeg\" class=\"attachment-full size-full wp-image-12265\" alt=\"\" srcset=\"https:\/\/coscyl.com\/wp-content\/uploads\/2026\/02\/image0.jpeg 888w, https:\/\/coscyl.com\/wp-content\/uploads\/2026\/02\/image0-200x300.jpeg 200w, https:\/\/coscyl.com\/wp-content\/uploads\/2026\/02\/image0-683x1024.jpeg 683w, https:\/\/coscyl.com\/wp-content\/uploads\/2026\/02\/image0-768x1152.jpeg 768w, https:\/\/coscyl.com\/wp-content\/uploads\/2026\/02\/image0-8x12.jpeg 8w\" sizes=\"(max-width: 888px) 100vw, 888px\" \/><\/div>\n\t\t<\/a>\n\t\t\t\t<div class=\"elementor-post__text\">\n\t\t\t\t<h3 class=\"elementor-post__title\">\n\t\t\t<a href=\"https:\/\/coscyl.com\/en\/mario-carpintero\/\" >\n\t\t\t\tMario Carpintero\t\t\t<\/a>\n\t\t<\/h3>\n\t\t\t\t<div class=\"elementor-post__excerpt\">\n\t\t\t<p>Mario Carpintero es un violista espa\u00f1ol interesado en la m\u00fasica de c\u00e1mara e interpretaci\u00f3n hist\u00f3ricamente informada. Se forma en la&nbsp;Escuela<\/p>\n\t\t<\/div>\n\t\t\t\t\t<div class=\"elementor-post__read-more-wrapper\">\n\t\t\n\t\t<a class=\"elementor-post__read-more\" href=\"https:\/\/coscyl.com\/en\/mario-carpintero\/\" aria-label=\"Read more about Mario Carpintero\" tabindex=\"-1\" >\n\t\t\tLeer m\u00e1s\t\t<\/a>\n\n\t\t\t\t\t<\/div>\n\t\t\t\t<\/div>\n\t\t\t\t<\/article>\n\t\t\t\t<\/div>\n\t\t\t\t\t<span class=\"e-load-more-spinner\">\n\t\t\t\t<svg aria-hidden=\"true\" class=\"e-font-icon-svg e-fas-spinner\" viewbox=\"0 0 512 512\" xmlns=\"http:\/\/www.w3.org\/2000\/svg\"><path d=\"M304 48c0 26.51-21.49 48-48 48s-48-21.49-48-48 21.49-48 48-48 48 21.49 48 48zm-48 368c-26.51 0-48 21.49-48 48s21.49 48 48 48 48-21.49 48-48-21.49-48-48-48zm208-208c-26.51 0-48 21.49-48 48s21.49 48 48 48 48-21.49 48-48-21.49-48-48-48zM96 256c0-26.51-21.49-48-48-48S0 229.49 0 256s21.49 48 48 48 48-21.49 48-48zm12.922 99.078c-26.51 0-48 21.49-48 48s21.49 48 48 48 48-21.49 48-48c0-26.509-21.491-48-48-48zm294.156 0c-26.51 0-48 21.49-48 48s21.49 48 48 48 48-21.49 48-48c0-26.509-21.49-48-48-48zM108.922 60.922c-26.51 0-48 21.49-48 48s21.49 48 48 48 48-21.49 48-48-21.491-48-48-48z\"><\/path><\/svg>\t\t\t<\/span>\n\t\t\n\t\t\t\t\t\t<\/div>\n\t\t\t\t<\/div>\n\t\t\t\t<\/div>\n\t\t<div class=\"elementor-element elementor-element-30dd7ca e-con-full e-flex e-con e-parent\" data-id=\"30dd7ca\" data-element_type=\"container\">\n\t\t\t\t<div class=\"elementor-element elementor-element-ac3d055 elementor-widget elementor-widget-heading\" data-id=\"ac3d055\" data-element_type=\"widget\" data-widget_type=\"heading.default\">\n\t\t\t\t<div class=\"elementor-widget-container\">\n\t\t\t\t\t<h2 class=\"elementor-heading-title elementor-size-default\">Contrabajo<\/h2>\t\t\t\t<\/div>\n\t\t\t\t<\/div>\n\t\t\t\t<\/div>\n\t\t<div class=\"elementor-element elementor-element-48cc3ef e-con-full e-flex e-con e-parent\" data-id=\"48cc3ef\" data-element_type=\"container\">\n\t\t\t\t<div class=\"elementor-element elementor-element-928943c elementor-grid-tablet-1 elementor-grid-2 elementor-posts--thumbnail-right elementor-grid-mobile-1 load-more-align-center elementor-invisible elementor-widget elementor-widget-posts\" data-id=\"928943c\" data-element_type=\"widget\" data-settings=\"{&quot;classic_columns_tablet&quot;:&quot;1&quot;,&quot;classic_row_gap_mobile&quot;:{&quot;unit&quot;:&quot;px&quot;,&quot;size&quot;:52,&quot;sizes&quot;:[]},&quot;pagination_type&quot;:&quot;load_more_on_click&quot;,&quot;_animation&quot;:&quot;fadeIn&quot;,&quot;classic_columns&quot;:&quot;2&quot;,&quot;classic_row_gap&quot;:{&quot;unit&quot;:&quot;px&quot;,&quot;size&quot;:30,&quot;sizes&quot;:[]},&quot;classic_columns_mobile&quot;:&quot;1&quot;,&quot;classic_row_gap_tablet&quot;:{&quot;unit&quot;:&quot;px&quot;,&quot;size&quot;:&quot;&quot;,&quot;sizes&quot;:[]},&quot;load_more_spinner&quot;:{&quot;value&quot;:&quot;fas fa-spinner&quot;,&quot;library&quot;:&quot;fa-solid&quot;}}\" data-widget_type=\"posts.classic\">\n\t\t\t\t<div class=\"elementor-widget-container\">\n\t\t\t\t\t\t\t<div class=\"elementor-posts-container elementor-posts elementor-posts--skin-classic elementor-grid\" role=\"list\">\n\t\t\t\t<article class=\"elementor-post elementor-grid-item post-1105 post type-post status-publish format-standard has-post-thumbnail hentry category-contrabajo category-solista-orquesta\" role=\"listitem\">\n\t\t\t\t<a class=\"elementor-post__thumbnail__link\" href=\"https:\/\/coscyl.com\/en\/antonio-romero-cienfuegos\/\" tabindex=\"-1\" >\n\t\t\t<div class=\"elementor-post__thumbnail\"><img loading=\"lazy\" decoding=\"async\" width=\"2560\" height=\"1707\" src=\"https:\/\/coscyl.com\/wp-content\/uploads\/2023\/07\/sesion_nos-149-scaled.jpg\" class=\"attachment-full size-full wp-image-7443\" alt=\"\" srcset=\"https:\/\/coscyl.com\/wp-content\/uploads\/2023\/07\/sesion_nos-149-scaled.jpg 2560w, https:\/\/coscyl.com\/wp-content\/uploads\/2023\/07\/sesion_nos-149-300x200.jpg 300w, https:\/\/coscyl.com\/wp-content\/uploads\/2023\/07\/sesion_nos-149-1024x683.jpg 1024w, https:\/\/coscyl.com\/wp-content\/uploads\/2023\/07\/sesion_nos-149-768x512.jpg 768w, https:\/\/coscyl.com\/wp-content\/uploads\/2023\/07\/sesion_nos-149-1536x1024.jpg 1536w, https:\/\/coscyl.com\/wp-content\/uploads\/2023\/07\/sesion_nos-149-2048x1365.jpg 2048w, https:\/\/coscyl.com\/wp-content\/uploads\/2023\/07\/sesion_nos-149-18x12.jpg 18w\" sizes=\"(max-width: 2560px) 100vw, 2560px\" \/><\/div>\n\t\t<\/a>\n\t\t\t\t<div class=\"elementor-post__text\">\n\t\t\t\t<h3 class=\"elementor-post__title\">\n\t\t\t<a href=\"https:\/\/coscyl.com\/en\/antonio-romero-cienfuegos\/\" >\n\t\t\t\tAntonio Romero Cienfuegos\t\t\t<\/a>\n\t\t<\/h3>\n\t\t\t\t<div class=\"elementor-post__excerpt\">\n\t\t\t<p>Empieza sus estudios de contrabajo a los 8 a\u00f1os con el profesor Antonio Portela Rodr\u00edguez en su ciudad natal, A<\/p>\n\t\t<\/div>\n\t\t\t\t\t<div class=\"elementor-post__read-more-wrapper\">\n\t\t\n\t\t<a class=\"elementor-post__read-more\" href=\"https:\/\/coscyl.com\/en\/antonio-romero-cienfuegos\/\" aria-label=\"Read more about Antonio Romero Cienfuegos\" tabindex=\"-1\" >\n\t\t\tLeer m\u00e1s\t\t<\/a>\n\n\t\t\t\t\t<\/div>\n\t\t\t\t<\/div>\n\t\t\t\t<\/article>\n\t\t\t\t<\/div>\n\t\t\t\t\t<span class=\"e-load-more-spinner\">\n\t\t\t\t<svg aria-hidden=\"true\" class=\"e-font-icon-svg e-fas-spinner\" viewbox=\"0 0 512 512\" xmlns=\"http:\/\/www.w3.org\/2000\/svg\"><path d=\"M304 48c0 26.51-21.49 48-48 48s-48-21.49-48-48 21.49-48 48-48 48 21.49 48 48zm-48 368c-26.51 0-48 21.49-48 48s21.49 48 48 48 48-21.49 48-48-21.49-48-48-48zm208-208c-26.51 0-48 21.49-48 48s21.49 48 48 48 48-21.49 48-48-21.49-48-48-48zM96 256c0-26.51-21.49-48-48-48S0 229.49 0 256s21.49 48 48 48 48-21.49 48-48zm12.922 99.078c-26.51 0-48 21.49-48 48s21.49 48 48 48 48-21.49 48-48c0-26.509-21.491-48-48-48zm294.156 0c-26.51 0-48 21.49-48 48s21.49 48 48 48 48-21.49 48-48c0-26.509-21.49-48-48-48zM108.922 60.922c-26.51 0-48 21.49-48 48s21.49 48 48 48 48-21.49 48-48-21.491-48-48-48z\"><\/path><\/svg>\t\t\t<\/span>\n\t\t\n\t\t\t\t\t\t<\/div>\n\t\t\t\t<\/div>\n\t\t\t\t<\/div>\n\t\t<div class=\"elementor-element elementor-element-e6d1efd e-con-full e-flex e-con e-parent\" data-id=\"e6d1efd\" data-element_type=\"container\">\n\t\t\t\t<div class=\"elementor-element elementor-element-0bf1a03 elementor-widget elementor-widget-heading\" data-id=\"0bf1a03\" data-element_type=\"widget\" data-widget_type=\"heading.default\">\n\t\t\t\t<div class=\"elementor-widget-container\">\n\t\t\t\t\t<h2 class=\"elementor-heading-title elementor-size-default\">Arpa<\/h2>\t\t\t\t<\/div>\n\t\t\t\t<\/div>\n\t\t\t\t<\/div>\n\t\t<div class=\"elementor-element elementor-element-14dce1d e-con-full e-flex e-con e-parent\" data-id=\"14dce1d\" data-element_type=\"container\">\n\t\t\t\t<div class=\"elementor-element elementor-element-bfd360a elementor-grid-tablet-1 elementor-grid-2 elementor-posts--thumbnail-right elementor-grid-mobile-1 load-more-align-center elementor-invisible elementor-widget elementor-widget-posts\" data-id=\"bfd360a\" data-element_type=\"widget\" data-settings=\"{&quot;classic_columns_tablet&quot;:&quot;1&quot;,&quot;classic_row_gap_mobile&quot;:{&quot;unit&quot;:&quot;px&quot;,&quot;size&quot;:52,&quot;sizes&quot;:[]},&quot;pagination_type&quot;:&quot;load_more_on_click&quot;,&quot;_animation&quot;:&quot;fadeIn&quot;,&quot;classic_columns&quot;:&quot;2&quot;,&quot;classic_row_gap&quot;:{&quot;unit&quot;:&quot;px&quot;,&quot;size&quot;:30,&quot;sizes&quot;:[]},&quot;classic_columns_mobile&quot;:&quot;1&quot;,&quot;classic_row_gap_tablet&quot;:{&quot;unit&quot;:&quot;px&quot;,&quot;size&quot;:&quot;&quot;,&quot;sizes&quot;:[]},&quot;load_more_spinner&quot;:{&quot;value&quot;:&quot;fas fa-spinner&quot;,&quot;library&quot;:&quot;fa-solid&quot;}}\" data-widget_type=\"posts.classic\">\n\t\t\t\t<div class=\"elementor-widget-container\">\n\t\t\t\t\t\t\t<div class=\"elementor-posts-container elementor-posts elementor-posts--skin-classic elementor-grid\" role=\"list\">\n\t\t\t\t<article class=\"elementor-post elementor-grid-item post-1099 post type-post status-publish format-standard has-post-thumbnail hentry category-arpa\" role=\"listitem\">\n\t\t\t\t<a class=\"elementor-post__thumbnail__link\" href=\"https:\/\/coscyl.com\/en\/marianne-ten-voorde\/\" tabindex=\"-1\" >\n\t\t\t<div class=\"elementor-post__thumbnail\"><img loading=\"lazy\" decoding=\"async\" width=\"2376\" height=\"2560\" src=\"https:\/\/coscyl.com\/wp-content\/uploads\/2023\/07\/100_1885-scaled.jpg\" class=\"attachment-full size-full wp-image-7770\" alt=\"\" srcset=\"https:\/\/coscyl.com\/wp-content\/uploads\/2023\/07\/100_1885-scaled.jpg 2376w, https:\/\/coscyl.com\/wp-content\/uploads\/2023\/07\/100_1885-278x300.jpg 278w, https:\/\/coscyl.com\/wp-content\/uploads\/2023\/07\/100_1885-950x1024.jpg 950w, https:\/\/coscyl.com\/wp-content\/uploads\/2023\/07\/100_1885-768x827.jpg 768w, https:\/\/coscyl.com\/wp-content\/uploads\/2023\/07\/100_1885-1426x1536.jpg 1426w, https:\/\/coscyl.com\/wp-content\/uploads\/2023\/07\/100_1885-1901x2048.jpg 1901w, https:\/\/coscyl.com\/wp-content\/uploads\/2023\/07\/100_1885-11x12.jpg 11w\" sizes=\"(max-width: 2376px) 100vw, 2376px\" \/><\/div>\n\t\t<\/a>\n\t\t\t\t<div class=\"elementor-post__text\">\n\t\t\t\t<h3 class=\"elementor-post__title\">\n\t\t\t<a href=\"https:\/\/coscyl.com\/en\/marianne-ten-voorde\/\" >\n\t\t\t\tCelia Blanco Fraile\t\t\t<\/a>\n\t\t<\/h3>\n\t\t\t\t<div class=\"elementor-post__excerpt\">\n\t\t\t<p>Celia Blanco Fraile (Valladolid, 1999). Realiza sus estudios profesionales con Mar\u00eda Pilar Garc\u00eda-Gallardo en el Conservatorio Profesional de su tierra<\/p>\n\t\t<\/div>\n\t\t\t\t\t<div class=\"elementor-post__read-more-wrapper\">\n\t\t\n\t\t<a class=\"elementor-post__read-more\" href=\"https:\/\/coscyl.com\/en\/marianne-ten-voorde\/\" aria-label=\"Read more about Celia Blanco Fraile\" tabindex=\"-1\" >\n\t\t\tLeer m\u00e1s\t\t<\/a>\n\n\t\t\t\t\t<\/div>\n\t\t\t\t<\/div>\n\t\t\t\t<\/article>\n\t\t\t\t<\/div>\n\t\t\t\t\t<span class=\"e-load-more-spinner\">\n\t\t\t\t<svg aria-hidden=\"true\" class=\"e-font-icon-svg e-fas-spinner\" viewbox=\"0 0 512 512\" xmlns=\"http:\/\/www.w3.org\/2000\/svg\"><path d=\"M304 48c0 26.51-21.49 48-48 48s-48-21.49-48-48 21.49-48 48-48 48 21.49 48 48zm-48 368c-26.51 0-48 21.49-48 48s21.49 48 48 48 48-21.49 48-48-21.49-48-48-48zm208-208c-26.51 0-48 21.49-48 48s21.49 48 48 48 48-21.49 48-48-21.49-48-48-48zM96 256c0-26.51-21.49-48-48-48S0 229.49 0 256s21.49 48 48 48 48-21.49 48-48zm12.922 99.078c-26.51 0-48 21.49-48 48s21.49 48 48 48 48-21.49 48-48c0-26.509-21.491-48-48-48zm294.156 0c-26.51 0-48 21.49-48 48s21.49 48 48 48 48-21.49 48-48c0-26.509-21.49-48-48-48zM108.922 60.922c-26.51 0-48 21.49-48 48s21.49 48 48 48 48-21.49 48-48-21.491-48-48-48z\"><\/path><\/svg>\t\t\t<\/span>\n\t\t\n\t\t\t\t\t\t<\/div>\n\t\t\t\t<\/div>\n\t\t\t\t<div class=\"elementor-element elementor-element-cd4063d elementor-widget elementor-widget-menu-anchor\" data-id=\"cd4063d\" data-element_type=\"widget\" data-widget_type=\"menu-anchor.default\">\n\t\t\t\t<div class=\"elementor-widget-container\">\n\t\t\t\t\t\t\t<div class=\"elementor-menu-anchor\" id=\"canto-idiomas\"><\/div>\n\t\t\t\t\t\t<\/div>\n\t\t\t\t<\/div>\n\t\t\t\t<\/div>\n\t\t<div class=\"elementor-element elementor-element-22da7b8 e-flex e-con-boxed e-con e-parent\" data-id=\"22da7b8\" data-element_type=\"container\">\n\t\t\t\t\t<div class=\"e-con-inner\">\n\t\t<div class=\"elementor-element elementor-element-5cdf6bb e-grid e-con-full e-con e-child\" data-id=\"5cdf6bb\" data-element_type=\"container\">\n\t\t\t\t<div class=\"elementor-element elementor-element-6f7b092 elementor-widget elementor-widget-heading\" data-id=\"6f7b092\" data-element_type=\"widget\" data-widget_type=\"heading.default\">\n\t\t\t\t<div class=\"elementor-widget-container\">\n\t\t\t\t\t<h2 class=\"elementor-heading-title elementor-size-default\">Departamento de Canto e Idiomas<\/h2>\t\t\t\t<\/div>\n\t\t\t\t<\/div>\n\t\t\t\t<\/div>\n\t\t\t\t\t<\/div>\n\t\t\t\t<\/div>\n\t\t<div class=\"elementor-element elementor-element-9cfba2a e-con-full e-flex e-con e-parent\" data-id=\"9cfba2a\" data-element_type=\"container\">\n\t\t\t\t<div class=\"elementor-element elementor-element-01f216d elementor-widget elementor-widget-heading\" data-id=\"01f216d\" data-element_type=\"widget\" data-widget_type=\"heading.default\">\n\t\t\t\t<div class=\"elementor-widget-container\">\n\t\t\t\t\t<h2 class=\"elementor-heading-title elementor-size-default\">Canto<\/h2>\t\t\t\t<\/div>\n\t\t\t\t<\/div>\n\t\t\t\t<\/div>\n\t\t<div class=\"elementor-element elementor-element-86ae0c4 e-con-full e-flex e-con e-parent\" data-id=\"86ae0c4\" data-element_type=\"container\">\n\t\t\t\t<div class=\"elementor-element elementor-element-afddab1 elementor-grid-tablet-1 elementor-grid-2 elementor-posts--thumbnail-right elementor-grid-mobile-1 load-more-align-center elementor-invisible elementor-widget elementor-widget-posts\" data-id=\"afddab1\" data-element_type=\"widget\" data-settings=\"{&quot;classic_columns_tablet&quot;:&quot;1&quot;,&quot;classic_row_gap_mobile&quot;:{&quot;unit&quot;:&quot;px&quot;,&quot;size&quot;:52,&quot;sizes&quot;:[]},&quot;pagination_type&quot;:&quot;load_more_on_click&quot;,&quot;_animation&quot;:&quot;fadeIn&quot;,&quot;classic_columns&quot;:&quot;2&quot;,&quot;classic_row_gap&quot;:{&quot;unit&quot;:&quot;px&quot;,&quot;size&quot;:30,&quot;sizes&quot;:[]},&quot;classic_columns_mobile&quot;:&quot;1&quot;,&quot;classic_row_gap_tablet&quot;:{&quot;unit&quot;:&quot;px&quot;,&quot;size&quot;:&quot;&quot;,&quot;sizes&quot;:[]},&quot;load_more_spinner&quot;:{&quot;value&quot;:&quot;fas fa-spinner&quot;,&quot;library&quot;:&quot;fa-solid&quot;}}\" data-widget_type=\"posts.classic\">\n\t\t\t\t<div class=\"elementor-widget-container\">\n\t\t\t\t\t\t\t<div class=\"elementor-posts-container elementor-posts elementor-posts--skin-classic elementor-grid\" role=\"list\">\n\t\t\t\t<article class=\"elementor-post elementor-grid-item post-1120 post type-post status-publish format-standard has-post-thumbnail hentry category-canto\" role=\"listitem\">\n\t\t\t\t<a class=\"elementor-post__thumbnail__link\" href=\"https:\/\/coscyl.com\/en\/abenauara-graffigna-caballero\/\" tabindex=\"-1\" >\n\t\t\t<div class=\"elementor-post__thumbnail\"><img loading=\"lazy\" decoding=\"async\" width=\"336\" height=\"370\" src=\"https:\/\/coscyl.com\/wp-content\/uploads\/2023\/07\/AbenauaraGraffigna.jpg\" class=\"attachment-full size-full wp-image-1121\" alt=\"\" srcset=\"https:\/\/coscyl.com\/wp-content\/uploads\/2023\/07\/AbenauaraGraffigna.jpg 336w, https:\/\/coscyl.com\/wp-content\/uploads\/2023\/07\/AbenauaraGraffigna-272x300.jpg 272w, https:\/\/coscyl.com\/wp-content\/uploads\/2023\/07\/AbenauaraGraffigna-11x12.jpg 11w\" sizes=\"(max-width: 336px) 100vw, 336px\" \/><\/div>\n\t\t<\/a>\n\t\t\t\t<div class=\"elementor-post__text\">\n\t\t\t\t<h3 class=\"elementor-post__title\">\n\t\t\t<a href=\"https:\/\/coscyl.com\/en\/abenauara-graffigna-caballero\/\" >\n\t\t\t\tAbenauara Graffigna Caballero\t\t\t<\/a>\n\t\t<\/h3>\n\t\t\t\t<div class=\"elementor-post__excerpt\">\n\t\t\t<p>Nacida en Las Palmas de Gran Canaria, comienza su formaci\u00f3n musical estudiando piano y m\u00e1s tarde canto, especialidad en la<\/p>\n\t\t<\/div>\n\t\t\t\t\t<div class=\"elementor-post__read-more-wrapper\">\n\t\t\n\t\t<a class=\"elementor-post__read-more\" href=\"https:\/\/coscyl.com\/en\/abenauara-graffigna-caballero\/\" aria-label=\"Read more about Abenauara Graffigna Caballero\" tabindex=\"-1\" >\n\t\t\tLeer m\u00e1s\t\t<\/a>\n\n\t\t\t\t\t<\/div>\n\t\t\t\t<\/div>\n\t\t\t\t<\/article>\n\t\t\t\t<\/div>\n\t\t\t\t\t<span class=\"e-load-more-spinner\">\n\t\t\t\t<svg aria-hidden=\"true\" class=\"e-font-icon-svg e-fas-spinner\" viewbox=\"0 0 512 512\" xmlns=\"http:\/\/www.w3.org\/2000\/svg\"><path d=\"M304 48c0 26.51-21.49 48-48 48s-48-21.49-48-48 21.49-48 48-48 48 21.49 48 48zm-48 368c-26.51 0-48 21.49-48 48s21.49 48 48 48 48-21.49 48-48-21.49-48-48-48zm208-208c-26.51 0-48 21.49-48 48s21.49 48 48 48 48-21.49 48-48-21.49-48-48-48zM96 256c0-26.51-21.49-48-48-48S0 229.49 0 256s21.49 48 48 48 48-21.49 48-48zm12.922 99.078c-26.51 0-48 21.49-48 48s21.49 48 48 48 48-21.49 48-48c0-26.509-21.491-48-48-48zm294.156 0c-26.51 0-48 21.49-48 48s21.49 48 48 48 48-21.49 48-48c0-26.509-21.49-48-48-48zM108.922 60.922c-26.51 0-48 21.49-48 48s21.49 48 48 48 48-21.49 48-48-21.491-48-48-48z\"><\/path><\/svg>\t\t\t<\/span>\n\t\t\n\t\t\t\t\t\t<\/div>\n\t\t\t\t<\/div>\n\t\t\t\t<\/div>\n\t\t<div class=\"elementor-element elementor-element-89e7d8b e-con-full e-flex e-con e-parent\" data-id=\"89e7d8b\" data-element_type=\"container\">\n\t\t\t\t<div class=\"elementor-element elementor-element-35901cd elementor-widget elementor-widget-heading\" data-id=\"35901cd\" data-element_type=\"widget\" data-widget_type=\"heading.default\">\n\t\t\t\t<div class=\"elementor-widget-container\">\n\t\t\t\t\t<h2 class=\"elementor-heading-title elementor-size-default\">Escena L\u00edrica<\/h2>\t\t\t\t<\/div>\n\t\t\t\t<\/div>\n\t\t\t\t<\/div>\n\t\t<div class=\"elementor-element elementor-element-27f52d3 e-con-full e-flex e-con e-parent\" data-id=\"27f52d3\" data-element_type=\"container\">\n\t\t\t\t<div class=\"elementor-element elementor-element-323f079 elementor-grid-tablet-1 elementor-grid-2 elementor-posts--thumbnail-right elementor-grid-mobile-1 load-more-align-center elementor-invisible elementor-widget elementor-widget-posts\" data-id=\"323f079\" data-element_type=\"widget\" data-settings=\"{&quot;classic_columns_tablet&quot;:&quot;1&quot;,&quot;classic_row_gap_mobile&quot;:{&quot;unit&quot;:&quot;px&quot;,&quot;size&quot;:52,&quot;sizes&quot;:[]},&quot;pagination_type&quot;:&quot;load_more_on_click&quot;,&quot;_animation&quot;:&quot;fadeIn&quot;,&quot;classic_columns&quot;:&quot;2&quot;,&quot;classic_row_gap&quot;:{&quot;unit&quot;:&quot;px&quot;,&quot;size&quot;:30,&quot;sizes&quot;:[]},&quot;classic_columns_mobile&quot;:&quot;1&quot;,&quot;classic_row_gap_tablet&quot;:{&quot;unit&quot;:&quot;px&quot;,&quot;size&quot;:&quot;&quot;,&quot;sizes&quot;:[]},&quot;load_more_spinner&quot;:{&quot;value&quot;:&quot;fas fa-spinner&quot;,&quot;library&quot;:&quot;fa-solid&quot;}}\" data-widget_type=\"posts.classic\">\n\t\t\t\t<div class=\"elementor-widget-container\">\n\t\t\t\t\t\t\t<div class=\"elementor-posts-container elementor-posts elementor-posts--skin-classic elementor-grid\" role=\"list\">\n\t\t\t\t<article class=\"elementor-post elementor-grid-item post-1123 post type-post status-publish format-standard has-post-thumbnail hentry category-escena-lirica\" role=\"listitem\">\n\t\t\t\t<a class=\"elementor-post__thumbnail__link\" href=\"https:\/\/coscyl.com\/en\/oscar-martinez-vila\/\" tabindex=\"-1\" >\n\t\t\t<div class=\"elementor-post__thumbnail\"><img loading=\"lazy\" decoding=\"async\" width=\"200\" height=\"200\" src=\"https:\/\/coscyl.com\/wp-content\/uploads\/2023\/07\/OscarMarintezVila.jpg\" class=\"attachment-full size-full wp-image-1124\" alt=\"\" srcset=\"https:\/\/coscyl.com\/wp-content\/uploads\/2023\/07\/OscarMarintezVila.jpg 200w, https:\/\/coscyl.com\/wp-content\/uploads\/2023\/07\/OscarMarintezVila-150x150.jpg 150w, https:\/\/coscyl.com\/wp-content\/uploads\/2023\/07\/OscarMarintezVila-12x12.jpg 12w\" sizes=\"(max-width: 200px) 100vw, 200px\" \/><\/div>\n\t\t<\/a>\n\t\t\t\t<div class=\"elementor-post__text\">\n\t\t\t\t<h3 class=\"elementor-post__title\">\n\t\t\t<a href=\"https:\/\/coscyl.com\/en\/oscar-martinez-vila\/\" >\n\t\t\t\tOscar Mart\u00ednez Vila\t\t\t<\/a>\n\t\t<\/h3>\n\t\t\t\t<div class=\"elementor-post__excerpt\">\n\t\t\t<p>Titulado Superior de Arte Dram\u00e1tico en la especialidad de Interpretaci\u00f3n. En 1991 form\u00f3 parte del \u2018TeatreJove\u2019 de la Fundaci\u00f3n Shakespeare<\/p>\n\t\t<\/div>\n\t\t\t\t\t<div class=\"elementor-post__read-more-wrapper\">\n\t\t\n\t\t<a class=\"elementor-post__read-more\" href=\"https:\/\/coscyl.com\/en\/oscar-martinez-vila\/\" aria-label=\"Read more about Oscar Mart\u00ednez Vila\" tabindex=\"-1\" >\n\t\t\tLeer m\u00e1s\t\t<\/a>\n\n\t\t\t\t\t<\/div>\n\t\t\t\t<\/div>\n\t\t\t\t<\/article>\n\t\t\t\t<\/div>\n\t\t\t\t\t<span class=\"e-load-more-spinner\">\n\t\t\t\t<svg aria-hidden=\"true\" class=\"e-font-icon-svg e-fas-spinner\" viewbox=\"0 0 512 512\" xmlns=\"http:\/\/www.w3.org\/2000\/svg\"><path d=\"M304 48c0 26.51-21.49 48-48 48s-48-21.49-48-48 21.49-48 48-48 48 21.49 48 48zm-48 368c-26.51 0-48 21.49-48 48s21.49 48 48 48 48-21.49 48-48-21.49-48-48-48zm208-208c-26.51 0-48 21.49-48 48s21.49 48 48 48 48-21.49 48-48-21.49-48-48-48zM96 256c0-26.51-21.49-48-48-48S0 229.49 0 256s21.49 48 48 48 48-21.49 48-48zm12.922 99.078c-26.51 0-48 21.49-48 48s21.49 48 48 48 48-21.49 48-48c0-26.509-21.491-48-48-48zm294.156 0c-26.51 0-48 21.49-48 48s21.49 48 48 48 48-21.49 48-48c0-26.509-21.49-48-48-48zM108.922 60.922c-26.51 0-48 21.49-48 48s21.49 48 48 48 48-21.49 48-48-21.491-48-48-48z\"><\/path><\/svg>\t\t\t<\/span>\n\t\t\n\t\t\t\t\t\t<\/div>\n\t\t\t\t<\/div>\n\t\t\t\t<\/div>\n\t\t<div class=\"elementor-element elementor-element-412d2ac e-con-full e-flex e-con e-parent\" data-id=\"412d2ac\" data-element_type=\"container\">\n\t\t\t\t<div class=\"elementor-element elementor-element-1cb39e9 elementor-widget elementor-widget-heading\" data-id=\"1cb39e9\" data-element_type=\"widget\" data-widget_type=\"heading.default\">\n\t\t\t\t<div class=\"elementor-widget-container\">\n\t\t\t\t\t<h2 class=\"elementor-heading-title elementor-size-default\">Repertorio con piano para voz<\/h2>\t\t\t\t<\/div>\n\t\t\t\t<\/div>\n\t\t\t\t<\/div>\n\t\t<div class=\"elementor-element elementor-element-4dd3ae9 e-con-full e-flex e-con e-parent\" data-id=\"4dd3ae9\" data-element_type=\"container\">\n\t\t\t\t<\/div>\n\t\t<div class=\"elementor-element elementor-element-3782952 e-con-full e-flex e-con e-parent\" data-id=\"3782952\" data-element_type=\"container\">\n\t\t\t\t<div class=\"elementor-element elementor-element-103f2b3 elementor-widget elementor-widget-heading\" data-id=\"103f2b3\" data-element_type=\"widget\" data-widget_type=\"heading.default\">\n\t\t\t\t<div class=\"elementor-widget-container\">\n\t\t\t\t\t<h2 class=\"elementor-heading-title elementor-size-default\">Idioma extranjero<\/h2>\t\t\t\t<\/div>\n\t\t\t\t<\/div>\n\t\t\t\t<\/div>\n\t\t<div class=\"elementor-element elementor-element-7bd227a e-con-full e-flex e-con e-parent\" data-id=\"7bd227a\" data-element_type=\"container\">\n\t\t\t\t<div class=\"elementor-element elementor-element-0181c9c elementor-grid-tablet-1 elementor-grid-2 elementor-posts--thumbnail-right elementor-grid-mobile-1 load-more-align-center elementor-invisible elementor-widget elementor-widget-posts\" data-id=\"0181c9c\" data-element_type=\"widget\" data-settings=\"{&quot;classic_columns_tablet&quot;:&quot;1&quot;,&quot;classic_row_gap_mobile&quot;:{&quot;unit&quot;:&quot;px&quot;,&quot;size&quot;:52,&quot;sizes&quot;:[]},&quot;pagination_type&quot;:&quot;load_more_on_click&quot;,&quot;_animation&quot;:&quot;fadeIn&quot;,&quot;classic_columns&quot;:&quot;2&quot;,&quot;classic_row_gap&quot;:{&quot;unit&quot;:&quot;px&quot;,&quot;size&quot;:30,&quot;sizes&quot;:[]},&quot;classic_columns_mobile&quot;:&quot;1&quot;,&quot;classic_row_gap_tablet&quot;:{&quot;unit&quot;:&quot;px&quot;,&quot;size&quot;:&quot;&quot;,&quot;sizes&quot;:[]},&quot;load_more_spinner&quot;:{&quot;value&quot;:&quot;fas fa-spinner&quot;,&quot;library&quot;:&quot;fa-solid&quot;}}\" data-widget_type=\"posts.classic\">\n\t\t\t\t<div class=\"elementor-widget-container\">\n\t\t\t\t\t\t\t<div class=\"elementor-posts-container elementor-posts elementor-posts--skin-classic elementor-grid\" role=\"list\">\n\t\t\t\t<article class=\"elementor-post elementor-grid-item post-1129 post type-post status-publish format-standard has-post-thumbnail hentry category-idioma-extranjero\" role=\"listitem\">\n\t\t\t\t<a class=\"elementor-post__thumbnail__link\" href=\"https:\/\/coscyl.com\/en\/beatriz-vazquez-lorenzo\/\" tabindex=\"-1\" >\n\t\t\t<div class=\"elementor-post__thumbnail\"><img loading=\"lazy\" decoding=\"async\" width=\"382\" height=\"472\" src=\"https:\/\/coscyl.com\/wp-content\/uploads\/2023\/07\/beatrizvazquez.jpg\" class=\"attachment-full size-full wp-image-1130\" alt=\"\" srcset=\"https:\/\/coscyl.com\/wp-content\/uploads\/2023\/07\/beatrizvazquez.jpg 382w, https:\/\/coscyl.com\/wp-content\/uploads\/2023\/07\/beatrizvazquez-243x300.jpg 243w, https:\/\/coscyl.com\/wp-content\/uploads\/2023\/07\/beatrizvazquez-10x12.jpg 10w\" sizes=\"(max-width: 382px) 100vw, 382px\" \/><\/div>\n\t\t<\/a>\n\t\t\t\t<div class=\"elementor-post__text\">\n\t\t\t\t<h3 class=\"elementor-post__title\">\n\t\t\t<a href=\"https:\/\/coscyl.com\/en\/beatriz-vazquez-lorenzo\/\" >\n\t\t\t\tBeatriz V\u00e1zquez Lorenzo\t\t\t<\/a>\n\t\t<\/h3>\n\t\t\t\t<div class=\"elementor-post__excerpt\">\n\t\t\t<p>Natural de Padr\u00f3n (A Coru\u00f1a) es licenciada en Filolog\u00eda Inglesa por la Universidad de Santiago de Compostela, realizando el \u00faltimo<\/p>\n\t\t<\/div>\n\t\t\t\t\t<div class=\"elementor-post__read-more-wrapper\">\n\t\t\n\t\t<a class=\"elementor-post__read-more\" href=\"https:\/\/coscyl.com\/en\/beatriz-vazquez-lorenzo\/\" aria-label=\"Read more about Beatriz V\u00e1zquez Lorenzo\" tabindex=\"-1\" >\n\t\t\tLeer m\u00e1s\t\t<\/a>\n\n\t\t\t\t\t<\/div>\n\t\t\t\t<\/div>\n\t\t\t\t<\/article>\n\t\t\t\t<\/div>\n\t\t\t\t\t<span class=\"e-load-more-spinner\">\n\t\t\t\t<svg aria-hidden=\"true\" class=\"e-font-icon-svg e-fas-spinner\" viewbox=\"0 0 512 512\" xmlns=\"http:\/\/www.w3.org\/2000\/svg\"><path d=\"M304 48c0 26.51-21.49 48-48 48s-48-21.49-48-48 21.49-48 48-48 48 21.49 48 48zm-48 368c-26.51 0-48 21.49-48 48s21.49 48 48 48 48-21.49 48-48-21.49-48-48-48zm208-208c-26.51 0-48 21.49-48 48s21.49 48 48 48 48-21.49 48-48-21.49-48-48-48zM96 256c0-26.51-21.49-48-48-48S0 229.49 0 256s21.49 48 48 48 48-21.49 48-48zm12.922 99.078c-26.51 0-48 21.49-48 48s21.49 48 48 48 48-21.49 48-48c0-26.509-21.491-48-48-48zm294.156 0c-26.51 0-48 21.49-48 48s21.49 48 48 48 48-21.49 48-48c0-26.509-21.49-48-48-48zM108.922 60.922c-26.51 0-48 21.49-48 48s21.49 48 48 48 48-21.49 48-48-21.491-48-48-48z\"><\/path><\/svg>\t\t\t<\/span>\n\t\t\n\t\t\t\t\t\t<\/div>\n\t\t\t\t<\/div>\n\t\t\t\t<div class=\"elementor-element elementor-element-398a8f9 elementor-widget elementor-widget-menu-anchor\" data-id=\"398a8f9\" data-element_type=\"widget\" data-widget_type=\"menu-anchor.default\">\n\t\t\t\t<div class=\"elementor-widget-container\">\n\t\t\t\t\t\t\t<div class=\"elementor-menu-anchor\" id=\"composicion\"><\/div>\n\t\t\t\t\t\t<\/div>\n\t\t\t\t<\/div>\n\t\t\t\t<\/div>\n\t\t<div class=\"elementor-element elementor-element-841eece e-flex e-con-boxed e-con e-parent\" data-id=\"841eece\" data-element_type=\"container\">\n\t\t\t\t\t<div class=\"e-con-inner\">\n\t\t<div class=\"elementor-element elementor-element-5fb9282 e-grid e-con-full e-con e-child\" data-id=\"5fb9282\" data-element_type=\"container\">\n\t\t\t\t<div class=\"elementor-element elementor-element-5cf51d0 elementor-widget elementor-widget-heading\" data-id=\"5cf51d0\" data-element_type=\"widget\" data-widget_type=\"heading.default\">\n\t\t\t\t<div class=\"elementor-widget-container\">\n\t\t\t\t\t<h2 class=\"elementor-heading-title elementor-size-default\">Departamento de Composici\u00f3n<\/h2>\t\t\t\t<\/div>\n\t\t\t\t<\/div>\n\t\t\t\t<\/div>\n\t\t\t\t\t<\/div>\n\t\t\t\t<\/div>\n\t\t<div class=\"elementor-element elementor-element-cf8bab1 e-con-full e-flex e-con e-parent\" data-id=\"cf8bab1\" data-element_type=\"container\">\n\t\t\t\t<div class=\"elementor-element elementor-element-5388625 elementor-widget elementor-widget-heading\" data-id=\"5388625\" data-element_type=\"widget\" data-widget_type=\"heading.default\">\n\t\t\t\t<div class=\"elementor-widget-container\">\n\t\t\t\t\t<h2 class=\"elementor-heading-title elementor-size-default\">Composici\u00f3n<\/h2>\t\t\t\t<\/div>\n\t\t\t\t<\/div>\n\t\t\t\t<\/div>\n\t\t<div class=\"elementor-element elementor-element-458710f e-con-full e-flex e-con e-parent\" data-id=\"458710f\" data-element_type=\"container\">\n\t\t\t\t<div class=\"elementor-element elementor-element-f4c7b1d elementor-grid-tablet-1 elementor-grid-2 elementor-posts--thumbnail-right elementor-grid-mobile-1 load-more-align-center elementor-invisible elementor-widget elementor-widget-posts\" data-id=\"f4c7b1d\" data-element_type=\"widget\" data-settings=\"{&quot;classic_columns_tablet&quot;:&quot;1&quot;,&quot;classic_row_gap_mobile&quot;:{&quot;unit&quot;:&quot;px&quot;,&quot;size&quot;:52,&quot;sizes&quot;:[]},&quot;pagination_type&quot;:&quot;load_more_on_click&quot;,&quot;_animation&quot;:&quot;fadeIn&quot;,&quot;classic_columns&quot;:&quot;2&quot;,&quot;classic_row_gap&quot;:{&quot;unit&quot;:&quot;px&quot;,&quot;size&quot;:30,&quot;sizes&quot;:[]},&quot;classic_columns_mobile&quot;:&quot;1&quot;,&quot;classic_row_gap_tablet&quot;:{&quot;unit&quot;:&quot;px&quot;,&quot;size&quot;:&quot;&quot;,&quot;sizes&quot;:[]},&quot;load_more_spinner&quot;:{&quot;value&quot;:&quot;fas fa-spinner&quot;,&quot;library&quot;:&quot;fa-solid&quot;}}\" data-widget_type=\"posts.classic\">\n\t\t\t\t<div class=\"elementor-widget-container\">\n\t\t\t\t\t\t\t<div class=\"elementor-posts-container elementor-posts elementor-posts--skin-classic elementor-grid\" role=\"list\">\n\t\t\t\t<article class=\"elementor-post elementor-grid-item post-1141 post type-post status-publish format-standard has-post-thumbnail hentry category-composicion-composicion\" role=\"listitem\">\n\t\t\t\t<a class=\"elementor-post__thumbnail__link\" href=\"https:\/\/coscyl.com\/en\/inaki-estrada-torio\/\" tabindex=\"-1\" >\n\t\t\t<div class=\"elementor-post__thumbnail\"><img loading=\"lazy\" decoding=\"async\" width=\"1829\" height=\"2560\" src=\"https:\/\/coscyl.com\/wp-content\/uploads\/2023\/07\/foto-Inaki-Estrada-scaled.jpg\" class=\"attachment-full size-full wp-image-7635\" alt=\"\" srcset=\"https:\/\/coscyl.com\/wp-content\/uploads\/2023\/07\/foto-Inaki-Estrada-scaled.jpg 1829w, https:\/\/coscyl.com\/wp-content\/uploads\/2023\/07\/foto-Inaki-Estrada-214x300.jpg 214w, https:\/\/coscyl.com\/wp-content\/uploads\/2023\/07\/foto-Inaki-Estrada-731x1024.jpg 731w, https:\/\/coscyl.com\/wp-content\/uploads\/2023\/07\/foto-Inaki-Estrada-768x1075.jpg 768w, https:\/\/coscyl.com\/wp-content\/uploads\/2023\/07\/foto-Inaki-Estrada-1097x1536.jpg 1097w, https:\/\/coscyl.com\/wp-content\/uploads\/2023\/07\/foto-Inaki-Estrada-1463x2048.jpg 1463w, https:\/\/coscyl.com\/wp-content\/uploads\/2023\/07\/foto-Inaki-Estrada-9x12.jpg 9w\" sizes=\"(max-width: 1829px) 100vw, 1829px\" \/><\/div>\n\t\t<\/a>\n\t\t\t\t<div class=\"elementor-post__text\">\n\t\t\t\t<h3 class=\"elementor-post__title\">\n\t\t\t<a href=\"https:\/\/coscyl.com\/en\/inaki-estrada-torio\/\" >\n\t\t\t\tI\u00f1aki Estrada Tor\u00edo\t\t\t<\/a>\n\t\t<\/h3>\n\t\t\t\t<div class=\"elementor-post__excerpt\">\n\t\t\t<p>I\u00f1aki Estrada Tor\u00edo (San Sebasti\u00e1n 1977) Tras su paso por el Conservatorio de Par\u00eds y el IRCAM, la Real Academia<\/p>\n\t\t<\/div>\n\t\t\t\t\t<div class=\"elementor-post__read-more-wrapper\">\n\t\t\n\t\t<a class=\"elementor-post__read-more\" href=\"https:\/\/coscyl.com\/en\/inaki-estrada-torio\/\" aria-label=\"Read more about I\u00f1aki Estrada Tor\u00edo\" tabindex=\"-1\" >\n\t\t\tLeer m\u00e1s\t\t<\/a>\n\n\t\t\t\t\t<\/div>\n\t\t\t\t<\/div>\n\t\t\t\t<\/article>\n\t\t\t\t<\/div>\n\t\t\t\t\t<span class=\"e-load-more-spinner\">\n\t\t\t\t<svg aria-hidden=\"true\" class=\"e-font-icon-svg e-fas-spinner\" viewbox=\"0 0 512 512\" xmlns=\"http:\/\/www.w3.org\/2000\/svg\"><path d=\"M304 48c0 26.51-21.49 48-48 48s-48-21.49-48-48 21.49-48 48-48 48 21.49 48 48zm-48 368c-26.51 0-48 21.49-48 48s21.49 48 48 48 48-21.49 48-48-21.49-48-48-48zm208-208c-26.51 0-48 21.49-48 48s21.49 48 48 48 48-21.49 48-48-21.49-48-48-48zM96 256c0-26.51-21.49-48-48-48S0 229.49 0 256s21.49 48 48 48 48-21.49 48-48zm12.922 99.078c-26.51 0-48 21.49-48 48s21.49 48 48 48 48-21.49 48-48c0-26.509-21.491-48-48-48zm294.156 0c-26.51 0-48 21.49-48 48s21.49 48 48 48 48-21.49 48-48c0-26.509-21.49-48-48-48zM108.922 60.922c-26.51 0-48 21.49-48 48s21.49 48 48 48 48-21.49 48-48-21.491-48-48-48z\"><\/path><\/svg>\t\t\t<\/span>\n\t\t\n\t\t\t\t\t\t<\/div>\n\t\t\t\t<\/div>\n\t\t\t\t<\/div>\n\t\t<div class=\"elementor-element elementor-element-d707128 e-con-full e-flex e-con e-parent\" data-id=\"d707128\" data-element_type=\"container\">\n\t\t\t\t<div class=\"elementor-element elementor-element-6b08d0c elementor-widget elementor-widget-heading\" data-id=\"6b08d0c\" data-element_type=\"widget\" data-widget_type=\"heading.default\">\n\t\t\t\t<div class=\"elementor-widget-container\">\n\t\t\t\t\t<h2 class=\"elementor-heading-title elementor-size-default\">Armon\u00eda, an\u00e1lisis y contrapunto<\/h2>\t\t\t\t<\/div>\n\t\t\t\t<\/div>\n\t\t\t\t<\/div>\n\t\t<div class=\"elementor-element elementor-element-f155a2c e-con-full e-flex e-con e-parent\" data-id=\"f155a2c\" data-element_type=\"container\">\n\t\t\t\t<div class=\"elementor-element elementor-element-b4a753e elementor-grid-tablet-1 elementor-grid-2 elementor-posts--thumbnail-right elementor-grid-mobile-1 load-more-align-center elementor-invisible elementor-widget elementor-widget-posts\" data-id=\"b4a753e\" data-element_type=\"widget\" data-settings=\"{&quot;classic_columns_tablet&quot;:&quot;1&quot;,&quot;classic_row_gap_mobile&quot;:{&quot;unit&quot;:&quot;px&quot;,&quot;size&quot;:52,&quot;sizes&quot;:[]},&quot;pagination_type&quot;:&quot;load_more_on_click&quot;,&quot;_animation&quot;:&quot;fadeIn&quot;,&quot;classic_columns&quot;:&quot;2&quot;,&quot;classic_row_gap&quot;:{&quot;unit&quot;:&quot;px&quot;,&quot;size&quot;:30,&quot;sizes&quot;:[]},&quot;classic_columns_mobile&quot;:&quot;1&quot;,&quot;classic_row_gap_tablet&quot;:{&quot;unit&quot;:&quot;px&quot;,&quot;size&quot;:&quot;&quot;,&quot;sizes&quot;:[]},&quot;load_more_spinner&quot;:{&quot;value&quot;:&quot;fas fa-spinner&quot;,&quot;library&quot;:&quot;fa-solid&quot;}}\" data-widget_type=\"posts.classic\">\n\t\t\t\t<div class=\"elementor-widget-container\">\n\t\t\t\t\t\t\t<div class=\"elementor-posts-container elementor-posts elementor-posts--skin-classic elementor-grid\" role=\"list\">\n\t\t\t\t<article class=\"elementor-post elementor-grid-item post-1150 post type-post status-publish format-standard has-post-thumbnail hentry category-armonia-analisis-contrapunto\" role=\"listitem\">\n\t\t\t\t<a class=\"elementor-post__thumbnail__link\" href=\"https:\/\/coscyl.com\/en\/diana-perez-custodio\/\" tabindex=\"-1\" >\n\t\t\t<div class=\"elementor-post__thumbnail\"><img loading=\"lazy\" decoding=\"async\" width=\"2560\" height=\"1714\" src=\"https:\/\/coscyl.com\/wp-content\/uploads\/2023\/07\/DSC_1886-scaled.jpg\" class=\"attachment-full size-full wp-image-7629\" alt=\"\" srcset=\"https:\/\/coscyl.com\/wp-content\/uploads\/2023\/07\/DSC_1886-scaled.jpg 2560w, https:\/\/coscyl.com\/wp-content\/uploads\/2023\/07\/DSC_1886-300x201.jpg 300w, https:\/\/coscyl.com\/wp-content\/uploads\/2023\/07\/DSC_1886-1024x685.jpg 1024w, https:\/\/coscyl.com\/wp-content\/uploads\/2023\/07\/DSC_1886-768x514.jpg 768w, https:\/\/coscyl.com\/wp-content\/uploads\/2023\/07\/DSC_1886-1536x1028.jpg 1536w, https:\/\/coscyl.com\/wp-content\/uploads\/2023\/07\/DSC_1886-2048x1371.jpg 2048w, https:\/\/coscyl.com\/wp-content\/uploads\/2023\/07\/DSC_1886-18x12.jpg 18w\" sizes=\"(max-width: 2560px) 100vw, 2560px\" \/><\/div>\n\t\t<\/a>\n\t\t\t\t<div class=\"elementor-post__text\">\n\t\t\t\t<h3 class=\"elementor-post__title\">\n\t\t\t<a href=\"https:\/\/coscyl.com\/en\/diana-perez-custodio\/\" >\n\t\t\t\tDiana P\u00e9rez Custodio\t\t\t<\/a>\n\t\t<\/h3>\n\t\t\t\t<div class=\"elementor-post__excerpt\">\n\t\t\t<p>Naci\u00f3 en Algeciras (C\u00e1diz), en 1970. Fue profesora Pianista Acompa\u00f1ante por oposici\u00f3n en el Conservatorio Superior de M\u00fasica de M\u00e1laga<\/p>\n\t\t<\/div>\n\t\t\t\t\t<div class=\"elementor-post__read-more-wrapper\">\n\t\t\n\t\t<a class=\"elementor-post__read-more\" href=\"https:\/\/coscyl.com\/en\/diana-perez-custodio\/\" aria-label=\"Read more about Diana P\u00e9rez Custodio\" tabindex=\"-1\" >\n\t\t\tLeer m\u00e1s\t\t<\/a>\n\n\t\t\t\t\t<\/div>\n\t\t\t\t<\/div>\n\t\t\t\t<\/article>\n\t\t\t\t<article class=\"elementor-post elementor-grid-item post-1159 post type-post status-publish format-standard has-post-thumbnail hentry category-armonia-analisis-contrapunto\" role=\"listitem\">\n\t\t\t\t<a class=\"elementor-post__thumbnail__link\" href=\"https:\/\/coscyl.com\/en\/inmaculada-blazquez-cerrato\/\" tabindex=\"-1\" >\n\t\t\t<div class=\"elementor-post__thumbnail\"><img loading=\"lazy\" decoding=\"async\" width=\"2560\" height=\"1707\" src=\"https:\/\/coscyl.com\/wp-content\/uploads\/2023\/07\/pexels-pixabay-164821-scaled.jpg\" class=\"attachment-full size-full wp-image-1160\" alt=\"\" srcset=\"https:\/\/coscyl.com\/wp-content\/uploads\/2023\/07\/pexels-pixabay-164821-scaled.jpg 2560w, https:\/\/coscyl.com\/wp-content\/uploads\/2023\/07\/pexels-pixabay-164821-300x200.jpg 300w, https:\/\/coscyl.com\/wp-content\/uploads\/2023\/07\/pexels-pixabay-164821-1024x683.jpg 1024w, https:\/\/coscyl.com\/wp-content\/uploads\/2023\/07\/pexels-pixabay-164821-768x512.jpg 768w, https:\/\/coscyl.com\/wp-content\/uploads\/2023\/07\/pexels-pixabay-164821-1536x1024.jpg 1536w, https:\/\/coscyl.com\/wp-content\/uploads\/2023\/07\/pexels-pixabay-164821-2048x1365.jpg 2048w, https:\/\/coscyl.com\/wp-content\/uploads\/2023\/07\/pexels-pixabay-164821-18x12.jpg 18w\" sizes=\"(max-width: 2560px) 100vw, 2560px\" \/><\/div>\n\t\t<\/a>\n\t\t\t\t<div class=\"elementor-post__text\">\n\t\t\t\t<h3 class=\"elementor-post__title\">\n\t\t\t<a href=\"https:\/\/coscyl.com\/en\/inmaculada-blazquez-cerrato\/\" >\n\t\t\t\tInmaculada Bl\u00e1zquez Cerrato\t\t\t<\/a>\n\t\t<\/h3>\n\t\t\t\t<div class=\"elementor-post__excerpt\">\n\t\t\t<p>Nace en Don Benito (Badajoz). Cursa estudios de piano en Salamanca y de Composici\u00f3n en Madrid, donde obtiene el T\u00edtulo<\/p>\n\t\t<\/div>\n\t\t\t\t\t<div class=\"elementor-post__read-more-wrapper\">\n\t\t\n\t\t<a class=\"elementor-post__read-more\" href=\"https:\/\/coscyl.com\/en\/inmaculada-blazquez-cerrato\/\" aria-label=\"Read more about Inmaculada Bl\u00e1zquez Cerrato\" tabindex=\"-1\" >\n\t\t\tLeer m\u00e1s\t\t<\/a>\n\n\t\t\t\t\t<\/div>\n\t\t\t\t<\/div>\n\t\t\t\t<\/article>\n\t\t\t\t<article class=\"elementor-post elementor-grid-item post-1164 post type-post status-publish format-standard has-post-thumbnail hentry category-analisis-interpretacion-musical category-armonia-analisis-contrapunto category-trabajo-fin-master\" role=\"listitem\">\n\t\t\t\t<a class=\"elementor-post__thumbnail__link\" href=\"https:\/\/coscyl.com\/en\/daniel-roca-arencibia\/\" tabindex=\"-1\" >\n\t\t\t<div class=\"elementor-post__thumbnail\"><img loading=\"lazy\" decoding=\"async\" width=\"2560\" height=\"2560\" src=\"https:\/\/coscyl.com\/wp-content\/uploads\/2023\/07\/2W0A3020-scaled.jpeg\" class=\"attachment-full size-full wp-image-10182\" alt=\"\" srcset=\"https:\/\/coscyl.com\/wp-content\/uploads\/2023\/07\/2W0A3020-scaled.jpeg 2560w, https:\/\/coscyl.com\/wp-content\/uploads\/2023\/07\/2W0A3020-300x300.jpeg 300w, https:\/\/coscyl.com\/wp-content\/uploads\/2023\/07\/2W0A3020-1024x1024.jpeg 1024w, https:\/\/coscyl.com\/wp-content\/uploads\/2023\/07\/2W0A3020-150x150.jpeg 150w, https:\/\/coscyl.com\/wp-content\/uploads\/2023\/07\/2W0A3020-768x768.jpeg 768w, https:\/\/coscyl.com\/wp-content\/uploads\/2023\/07\/2W0A3020-1536x1536.jpeg 1536w, https:\/\/coscyl.com\/wp-content\/uploads\/2023\/07\/2W0A3020-2048x2048.jpeg 2048w, https:\/\/coscyl.com\/wp-content\/uploads\/2023\/07\/2W0A3020-12x12.jpeg 12w\" sizes=\"(max-width: 2560px) 100vw, 2560px\" \/><\/div>\n\t\t<\/a>\n\t\t\t\t<div class=\"elementor-post__text\">\n\t\t\t\t<h3 class=\"elementor-post__title\">\n\t\t\t<a href=\"https:\/\/coscyl.com\/en\/daniel-roca-arencibia\/\" >\n\t\t\t\tDaniel Roca Arencibia\t\t\t<\/a>\n\t\t<\/h3>\n\t\t\t\t<div class=\"elementor-post__excerpt\">\n\t\t\t<p>Daniel Roca Nace en Las Palmas de Gran Canaria. Estudia en Las Palmas y en el Real Conservatorio de M\u00fasica<\/p>\n\t\t<\/div>\n\t\t\t\t\t<div class=\"elementor-post__read-more-wrapper\">\n\t\t\n\t\t<a class=\"elementor-post__read-more\" href=\"https:\/\/coscyl.com\/en\/daniel-roca-arencibia\/\" aria-label=\"Read more about Daniel Roca Arencibia\" tabindex=\"-1\" >\n\t\t\tLeer m\u00e1s\t\t<\/a>\n\n\t\t\t\t\t<\/div>\n\t\t\t\t<\/div>\n\t\t\t\t<\/article>\n\t\t\t\t<article class=\"elementor-post elementor-grid-item post-1166 post type-post status-publish format-standard has-post-thumbnail hentry category-armonia-analisis-contrapunto\" role=\"listitem\">\n\t\t\t\t<a class=\"elementor-post__thumbnail__link\" href=\"https:\/\/coscyl.com\/en\/angel-liz-gutierrez\/\" tabindex=\"-1\" >\n\t\t\t<div class=\"elementor-post__thumbnail\"><img loading=\"lazy\" decoding=\"async\" width=\"2560\" height=\"1707\" src=\"https:\/\/coscyl.com\/wp-content\/uploads\/2023\/07\/pexels-pixabay-164821-scaled.jpg\" class=\"attachment-full size-full wp-image-1160\" alt=\"\" srcset=\"https:\/\/coscyl.com\/wp-content\/uploads\/2023\/07\/pexels-pixabay-164821-scaled.jpg 2560w, https:\/\/coscyl.com\/wp-content\/uploads\/2023\/07\/pexels-pixabay-164821-300x200.jpg 300w, https:\/\/coscyl.com\/wp-content\/uploads\/2023\/07\/pexels-pixabay-164821-1024x683.jpg 1024w, https:\/\/coscyl.com\/wp-content\/uploads\/2023\/07\/pexels-pixabay-164821-768x512.jpg 768w, https:\/\/coscyl.com\/wp-content\/uploads\/2023\/07\/pexels-pixabay-164821-1536x1024.jpg 1536w, https:\/\/coscyl.com\/wp-content\/uploads\/2023\/07\/pexels-pixabay-164821-2048x1365.jpg 2048w, https:\/\/coscyl.com\/wp-content\/uploads\/2023\/07\/pexels-pixabay-164821-18x12.jpg 18w\" sizes=\"(max-width: 2560px) 100vw, 2560px\" \/><\/div>\n\t\t<\/a>\n\t\t\t\t<div class=\"elementor-post__text\">\n\t\t\t\t<h3 class=\"elementor-post__title\">\n\t\t\t<a href=\"https:\/\/coscyl.com\/en\/angel-liz-gutierrez\/\" >\n\t\t\t\t\u00c1ngel Liz Guti\u00e9rrez\t\t\t<\/a>\n\t\t<\/h3>\n\t\t\t\t<div class=\"elementor-post__excerpt\">\n\t\t\t<p>Curriculum no disponible<\/p>\n\t\t<\/div>\n\t\t\t\t\t<div class=\"elementor-post__read-more-wrapper\">\n\t\t\n\t\t<a class=\"elementor-post__read-more\" href=\"https:\/\/coscyl.com\/en\/angel-liz-gutierrez\/\" aria-label=\"Read more about \u00c1ngel Liz Guti\u00e9rrez\" tabindex=\"-1\" >\n\t\t\tLeer m\u00e1s\t\t<\/a>\n\n\t\t\t\t\t<\/div>\n\t\t\t\t<\/div>\n\t\t\t\t<\/article>\n\t\t\t\t<\/div>\n\t\t\t\t\t<span class=\"e-load-more-spinner\">\n\t\t\t\t<svg aria-hidden=\"true\" class=\"e-font-icon-svg e-fas-spinner\" viewbox=\"0 0 512 512\" xmlns=\"http:\/\/www.w3.org\/2000\/svg\"><path d=\"M304 48c0 26.51-21.49 48-48 48s-48-21.49-48-48 21.49-48 48-48 48 21.49 48 48zm-48 368c-26.51 0-48 21.49-48 48s21.49 48 48 48 48-21.49 48-48-21.49-48-48-48zm208-208c-26.51 0-48 21.49-48 48s21.49 48 48 48 48-21.49 48-48-21.49-48-48-48zM96 256c0-26.51-21.49-48-48-48S0 229.49 0 256s21.49 48 48 48 48-21.49 48-48zm12.922 99.078c-26.51 0-48 21.49-48 48s21.49 48 48 48 48-21.49 48-48c0-26.509-21.491-48-48-48zm294.156 0c-26.51 0-48 21.49-48 48s21.49 48 48 48 48-21.49 48-48c0-26.509-21.49-48-48-48zM108.922 60.922c-26.51 0-48 21.49-48 48s21.49 48 48 48 48-21.49 48-48-21.491-48-48-48z\"><\/path><\/svg>\t\t\t<\/span>\n\t\t\n\t\t\t\t\t\t<\/div>\n\t\t\t\t<\/div>\n\t\t\t\t<\/div>\n\t\t<div class=\"elementor-element elementor-element-596ab52 e-con-full e-flex e-con e-parent\" data-id=\"596ab52\" data-element_type=\"container\">\n\t\t\t\t<div class=\"elementor-element elementor-element-f794c8a elementor-widget elementor-widget-heading\" data-id=\"f794c8a\" data-element_type=\"widget\" data-widget_type=\"heading.default\">\n\t\t\t\t<div class=\"elementor-widget-container\">\n\t\t\t\t\t<h2 class=\"elementor-heading-title elementor-size-default\">Tecnolog\u00eda musical<\/h2>\t\t\t\t<\/div>\n\t\t\t\t<\/div>\n\t\t\t\t<div class=\"elementor-element elementor-element-1f0ac53 elementor-widget elementor-widget-menu-anchor\" data-id=\"1f0ac53\" data-element_type=\"widget\" data-widget_type=\"menu-anchor.default\">\n\t\t\t\t<div class=\"elementor-widget-container\">\n\t\t\t\t\t\t\t<div class=\"elementor-menu-anchor\" id=\"musica-conjunto\"><\/div>\n\t\t\t\t\t\t<\/div>\n\t\t\t\t<\/div>\n\t\t\t\t<\/div>\n\t\t<div class=\"elementor-element elementor-element-57a860b e-con-full e-flex e-con e-parent\" data-id=\"57a860b\" data-element_type=\"container\">\n\t\t\t\t<div class=\"elementor-element elementor-element-30d9233 elementor-grid-tablet-1 elementor-grid-2 elementor-posts--thumbnail-right elementor-grid-mobile-1 load-more-align-center elementor-invisible elementor-widget elementor-widget-posts\" data-id=\"30d9233\" data-element_type=\"widget\" data-settings=\"{&quot;classic_columns_tablet&quot;:&quot;1&quot;,&quot;classic_row_gap_mobile&quot;:{&quot;unit&quot;:&quot;px&quot;,&quot;size&quot;:52,&quot;sizes&quot;:[]},&quot;pagination_type&quot;:&quot;load_more_on_click&quot;,&quot;_animation&quot;:&quot;fadeIn&quot;,&quot;classic_columns&quot;:&quot;2&quot;,&quot;classic_row_gap&quot;:{&quot;unit&quot;:&quot;px&quot;,&quot;size&quot;:30,&quot;sizes&quot;:[]},&quot;classic_columns_mobile&quot;:&quot;1&quot;,&quot;classic_row_gap_tablet&quot;:{&quot;unit&quot;:&quot;px&quot;,&quot;size&quot;:&quot;&quot;,&quot;sizes&quot;:[]},&quot;load_more_spinner&quot;:{&quot;value&quot;:&quot;fas fa-spinner&quot;,&quot;library&quot;:&quot;fa-solid&quot;}}\" data-widget_type=\"posts.classic\">\n\t\t\t\t<div class=\"elementor-widget-container\">\n\t\t\t\t\t\t\t<div class=\"elementor-posts-container elementor-posts elementor-posts--skin-classic elementor-grid\" role=\"list\">\n\t\t\t\t<article class=\"elementor-post elementor-grid-item post-1156 post type-post status-publish format-standard has-post-thumbnail hentry category-tecnologia-musical\" role=\"listitem\">\n\t\t\t\t<a class=\"elementor-post__thumbnail__link\" href=\"https:\/\/coscyl.com\/en\/alvaro-martin-sanchez\/\" tabindex=\"-1\" >\n\t\t\t<div class=\"elementor-post__thumbnail\"><img loading=\"lazy\" decoding=\"async\" width=\"400\" height=\"711\" src=\"https:\/\/coscyl.com\/wp-content\/uploads\/2023\/07\/AlvaroCV2-scaled-e1618395547574.jpg\" class=\"attachment-full size-full wp-image-1157\" alt=\"\" srcset=\"https:\/\/coscyl.com\/wp-content\/uploads\/2023\/07\/AlvaroCV2-scaled-e1618395547574.jpg 400w, https:\/\/coscyl.com\/wp-content\/uploads\/2023\/07\/AlvaroCV2-scaled-e1618395547574-169x300.jpg 169w, https:\/\/coscyl.com\/wp-content\/uploads\/2023\/07\/AlvaroCV2-scaled-e1618395547574-7x12.jpg 7w\" sizes=\"(max-width: 400px) 100vw, 400px\" \/><\/div>\n\t\t<\/a>\n\t\t\t\t<div class=\"elementor-post__text\">\n\t\t\t\t<h3 class=\"elementor-post__title\">\n\t\t\t<a href=\"https:\/\/coscyl.com\/en\/alvaro-martin-sanchez\/\" >\n\t\t\t\t\u00c1lvaro Mart\u00edn S\u00e1nchez\t\t\t<\/a>\n\t\t<\/h3>\n\t\t\t\t<div class=\"elementor-post__excerpt\">\n\t\t\t<p>\u00c1lvaro Mart\u00edn S\u00e1nchez nace en Salamanca en 1989, donde comienza sus estudios de m\u00fasica en clarinete. Estudia Composici\u00f3n instrumental y<\/p>\n\t\t<\/div>\n\t\t\t\t\t<div class=\"elementor-post__read-more-wrapper\">\n\t\t\n\t\t<a class=\"elementor-post__read-more\" href=\"https:\/\/coscyl.com\/en\/alvaro-martin-sanchez\/\" aria-label=\"Read more about \u00c1lvaro Mart\u00edn S\u00e1nchez\" tabindex=\"-1\" >\n\t\t\tLeer m\u00e1s\t\t<\/a>\n\n\t\t\t\t\t<\/div>\n\t\t\t\t<\/div>\n\t\t\t\t<\/article>\n\t\t\t\t<\/div>\n\t\t\t\t\t<span class=\"e-load-more-spinner\">\n\t\t\t\t<svg aria-hidden=\"true\" class=\"e-font-icon-svg e-fas-spinner\" viewbox=\"0 0 512 512\" xmlns=\"http:\/\/www.w3.org\/2000\/svg\"><path d=\"M304 48c0 26.51-21.49 48-48 48s-48-21.49-48-48 21.49-48 48-48 48 21.49 48 48zm-48 368c-26.51 0-48 21.49-48 48s21.49 48 48 48 48-21.49 48-48-21.49-48-48-48zm208-208c-26.51 0-48 21.49-48 48s21.49 48 48 48 48-21.49 48-48-21.49-48-48-48zM96 256c0-26.51-21.49-48-48-48S0 229.49 0 256s21.49 48 48 48 48-21.49 48-48zm12.922 99.078c-26.51 0-48 21.49-48 48s21.49 48 48 48 48-21.49 48-48c0-26.509-21.491-48-48-48zm294.156 0c-26.51 0-48 21.49-48 48s21.49 48 48 48 48-21.49 48-48c0-26.509-21.49-48-48-48zM108.922 60.922c-26.51 0-48 21.49-48 48s21.49 48 48 48 48-21.49 48-48-21.491-48-48-48z\"><\/path><\/svg>\t\t\t<\/span>\n\t\t\n\t\t\t\t\t\t<\/div>\n\t\t\t\t<\/div>\n\t\t\t\t<div class=\"elementor-element elementor-element-dd72a17 elementor-widget elementor-widget-menu-anchor\" data-id=\"dd72a17\" data-element_type=\"widget\" data-widget_type=\"menu-anchor.default\">\n\t\t\t\t<div class=\"elementor-widget-container\">\n\t\t\t\t\t\t\t<div class=\"elementor-menu-anchor\" id=\"musica-conjunto\"><\/div>\n\t\t\t\t\t\t<\/div>\n\t\t\t\t<\/div>\n\t\t\t\t<\/div>\n\t\t<div class=\"elementor-element elementor-element-a0c691a e-flex e-con-boxed e-con e-parent\" data-id=\"a0c691a\" data-element_type=\"container\">\n\t\t\t\t\t<div class=\"e-con-inner\">\n\t\t<div class=\"elementor-element elementor-element-8cfcf29 e-grid e-con-full e-con e-child\" data-id=\"8cfcf29\" data-element_type=\"container\">\n\t\t\t\t<div class=\"elementor-element elementor-element-2862640 elementor-widget elementor-widget-heading\" data-id=\"2862640\" data-element_type=\"widget\" data-widget_type=\"heading.default\">\n\t\t\t\t<div class=\"elementor-widget-container\">\n\t\t\t\t\t<h2 class=\"elementor-heading-title elementor-size-default\">Departamento de M\u00fasica de Conjunto<\/h2>\t\t\t\t<\/div>\n\t\t\t\t<\/div>\n\t\t\t\t<\/div>\n\t\t\t\t\t<\/div>\n\t\t\t\t<\/div>\n\t\t<div class=\"elementor-element elementor-element-7d18f2e e-con-full e-flex e-con e-parent\" data-id=\"7d18f2e\" data-element_type=\"container\">\n\t\t\t\t<div class=\"elementor-element elementor-element-eaf69bd elementor-widget elementor-widget-heading\" data-id=\"eaf69bd\" data-element_type=\"widget\" data-widget_type=\"heading.default\">\n\t\t\t\t<div class=\"elementor-widget-container\">\n\t\t\t\t\t<h2 class=\"elementor-heading-title elementor-size-default\">M\u00fasica de C\u00e1mara<\/h2>\t\t\t\t<\/div>\n\t\t\t\t<\/div>\n\t\t\t\t<\/div>\n\t\t<div class=\"elementor-element elementor-element-ec6fc24 e-con-full e-flex e-con e-parent\" data-id=\"ec6fc24\" data-element_type=\"container\">\n\t\t\t\t<div class=\"elementor-element elementor-element-74b39d3 elementor-grid-tablet-1 elementor-grid-2 elementor-posts--thumbnail-right elementor-grid-mobile-1 load-more-align-center elementor-invisible elementor-widget elementor-widget-posts\" data-id=\"74b39d3\" data-element_type=\"widget\" data-settings=\"{&quot;classic_columns_tablet&quot;:&quot;1&quot;,&quot;classic_row_gap_mobile&quot;:{&quot;unit&quot;:&quot;px&quot;,&quot;size&quot;:52,&quot;sizes&quot;:[]},&quot;pagination_type&quot;:&quot;load_more_on_click&quot;,&quot;_animation&quot;:&quot;fadeIn&quot;,&quot;classic_columns&quot;:&quot;2&quot;,&quot;classic_row_gap&quot;:{&quot;unit&quot;:&quot;px&quot;,&quot;size&quot;:30,&quot;sizes&quot;:[]},&quot;classic_columns_mobile&quot;:&quot;1&quot;,&quot;classic_row_gap_tablet&quot;:{&quot;unit&quot;:&quot;px&quot;,&quot;size&quot;:&quot;&quot;,&quot;sizes&quot;:[]},&quot;load_more_spinner&quot;:{&quot;value&quot;:&quot;fas fa-spinner&quot;,&quot;library&quot;:&quot;fa-solid&quot;}}\" data-widget_type=\"posts.classic\">\n\t\t\t\t<div class=\"elementor-widget-container\">\n\t\t\t\t\t\t\t<div class=\"elementor-posts-container elementor-posts elementor-posts--skin-classic elementor-grid\" role=\"list\">\n\t\t\t\t<article class=\"elementor-post elementor-grid-item post-1171 post type-post status-publish format-standard has-post-thumbnail hentry category-musica-de-camara-master category-solista-orquesta category-musica-de-camara category-trabajo-fin-master\" role=\"listitem\">\n\t\t\t\t<a class=\"elementor-post__thumbnail__link\" href=\"https:\/\/coscyl.com\/en\/brenno-ambrosini\/\" tabindex=\"-1\" >\n\t\t\t<div class=\"elementor-post__thumbnail\"><img loading=\"lazy\" decoding=\"async\" width=\"1707\" height=\"2560\" src=\"https:\/\/coscyl.com\/wp-content\/uploads\/2023\/07\/001-135-scaled.jpg\" class=\"attachment-full size-full wp-image-7628\" alt=\"\" srcset=\"https:\/\/coscyl.com\/wp-content\/uploads\/2023\/07\/001-135-scaled.jpg 1707w, https:\/\/coscyl.com\/wp-content\/uploads\/2023\/07\/001-135-200x300.jpg 200w, https:\/\/coscyl.com\/wp-content\/uploads\/2023\/07\/001-135-683x1024.jpg 683w, https:\/\/coscyl.com\/wp-content\/uploads\/2023\/07\/001-135-768x1152.jpg 768w, https:\/\/coscyl.com\/wp-content\/uploads\/2023\/07\/001-135-1024x1536.jpg 1024w, https:\/\/coscyl.com\/wp-content\/uploads\/2023\/07\/001-135-1365x2048.jpg 1365w, https:\/\/coscyl.com\/wp-content\/uploads\/2023\/07\/001-135-8x12.jpg 8w\" sizes=\"(max-width: 1707px) 100vw, 1707px\" \/><\/div>\n\t\t<\/a>\n\t\t\t\t<div class=\"elementor-post__text\">\n\t\t\t\t<h3 class=\"elementor-post__title\">\n\t\t\t<a href=\"https:\/\/coscyl.com\/en\/brenno-ambrosini\/\" >\n\t\t\t\tBrenno Ambrosini\t\t\t<\/a>\n\t\t<\/h3>\n\t\t\t\t<div class=\"elementor-post__excerpt\">\n\t\t\t<p>Liszt y Venecia son dos constantes en este pianista italiano nacido en 1967, que empez\u00f3 sus estudios musicales a la<\/p>\n\t\t<\/div>\n\t\t\t\t\t<div class=\"elementor-post__read-more-wrapper\">\n\t\t\n\t\t<a class=\"elementor-post__read-more\" href=\"https:\/\/coscyl.com\/en\/brenno-ambrosini\/\" aria-label=\"Read more about Brenno Ambrosini\" tabindex=\"-1\" >\n\t\t\tLeer m\u00e1s\t\t<\/a>\n\n\t\t\t\t\t<\/div>\n\t\t\t\t<\/div>\n\t\t\t\t<\/article>\n\t\t\t\t<article class=\"elementor-post elementor-grid-item post-1174 post type-post status-publish format-standard has-post-thumbnail hentry category-musica-de-camara\" role=\"listitem\">\n\t\t\t\t<a class=\"elementor-post__thumbnail__link\" href=\"https:\/\/coscyl.com\/en\/jorge-mengotti\/\" tabindex=\"-1\" >\n\t\t\t<div class=\"elementor-post__thumbnail\"><img loading=\"lazy\" decoding=\"async\" width=\"1024\" height=\"1393\" src=\"https:\/\/coscyl.com\/wp-content\/uploads\/2023\/07\/Jorge-Mengotti.jpg\" class=\"attachment-full size-full wp-image-1175\" alt=\"\" srcset=\"https:\/\/coscyl.com\/wp-content\/uploads\/2023\/07\/Jorge-Mengotti.jpg 1024w, https:\/\/coscyl.com\/wp-content\/uploads\/2023\/07\/Jorge-Mengotti-221x300.jpg 221w, https:\/\/coscyl.com\/wp-content\/uploads\/2023\/07\/Jorge-Mengotti-753x1024.jpg 753w, https:\/\/coscyl.com\/wp-content\/uploads\/2023\/07\/Jorge-Mengotti-768x1045.jpg 768w, https:\/\/coscyl.com\/wp-content\/uploads\/2023\/07\/Jorge-Mengotti-9x12.jpg 9w\" sizes=\"(max-width: 1024px) 100vw, 1024px\" \/><\/div>\n\t\t<\/a>\n\t\t\t\t<div class=\"elementor-post__text\">\n\t\t\t\t<h3 class=\"elementor-post__title\">\n\t\t\t<a href=\"https:\/\/coscyl.com\/en\/jorge-mengotti\/\" >\n\t\t\t\tJorge Mengotti\t\t\t<\/a>\n\t\t<\/h3>\n\t\t\t\t<div class=\"elementor-post__excerpt\">\n\t\t\t<p>Pianista madrile\u00f1o que comienza sus estudios de m\u00fasica con 6 a\u00f1os en el Conservatorio Profesional de M\u00fasica de Amaniel bajo<\/p>\n\t\t<\/div>\n\t\t\t\t\t<div class=\"elementor-post__read-more-wrapper\">\n\t\t\n\t\t<a class=\"elementor-post__read-more\" href=\"https:\/\/coscyl.com\/en\/jorge-mengotti\/\" aria-label=\"Read more about Jorge Mengotti\" tabindex=\"-1\" >\n\t\t\tLeer m\u00e1s\t\t<\/a>\n\n\t\t\t\t\t<\/div>\n\t\t\t\t<\/div>\n\t\t\t\t<\/article>\n\t\t\t\t<article class=\"elementor-post elementor-grid-item post-1180 post type-post status-publish format-standard has-post-thumbnail hentry category-musica-de-camara\" role=\"listitem\">\n\t\t\t\t<a class=\"elementor-post__thumbnail__link\" href=\"https:\/\/coscyl.com\/en\/marta-roca-alonso\/\" tabindex=\"-1\" >\n\t\t\t<div class=\"elementor-post__thumbnail\"><img loading=\"lazy\" decoding=\"async\" width=\"2560\" height=\"1859\" src=\"https:\/\/coscyl.com\/wp-content\/uploads\/2023\/07\/DSC_4874A-scaled.jpg\" class=\"attachment-full size-full wp-image-7491\" alt=\"\" srcset=\"https:\/\/coscyl.com\/wp-content\/uploads\/2023\/07\/DSC_4874A-scaled.jpg 2560w, https:\/\/coscyl.com\/wp-content\/uploads\/2023\/07\/DSC_4874A-300x218.jpg 300w, https:\/\/coscyl.com\/wp-content\/uploads\/2023\/07\/DSC_4874A-1024x744.jpg 1024w, https:\/\/coscyl.com\/wp-content\/uploads\/2023\/07\/DSC_4874A-768x558.jpg 768w, https:\/\/coscyl.com\/wp-content\/uploads\/2023\/07\/DSC_4874A-1536x1116.jpg 1536w, https:\/\/coscyl.com\/wp-content\/uploads\/2023\/07\/DSC_4874A-2048x1488.jpg 2048w, https:\/\/coscyl.com\/wp-content\/uploads\/2023\/07\/DSC_4874A-18x12.jpg 18w\" sizes=\"(max-width: 2560px) 100vw, 2560px\" \/><\/div>\n\t\t<\/a>\n\t\t\t\t<div class=\"elementor-post__text\">\n\t\t\t\t<h3 class=\"elementor-post__title\">\n\t\t\t<a href=\"https:\/\/coscyl.com\/en\/marta-roca-alonso\/\" >\n\t\t\t\tMarta Roca Alonso\t\t\t<\/a>\n\t\t<\/h3>\n\t\t\t\t<div class=\"elementor-post__excerpt\">\n\t\t\t<p>Violinista de amplio rango estil\u00edstico, nacida en Madrid (Espa\u00f1a), es educada bajo las ense\u00f1anzas de grandes maestros rusos S. Fatkouline,<\/p>\n\t\t<\/div>\n\t\t\t\t\t<div class=\"elementor-post__read-more-wrapper\">\n\t\t\n\t\t<a class=\"elementor-post__read-more\" href=\"https:\/\/coscyl.com\/en\/marta-roca-alonso\/\" aria-label=\"Read more about Marta Roca Alonso\" tabindex=\"-1\" >\n\t\t\tLeer m\u00e1s\t\t<\/a>\n\n\t\t\t\t\t<\/div>\n\t\t\t\t<\/div>\n\t\t\t\t<\/article>\n\t\t\t\t<article class=\"elementor-post elementor-grid-item post-1183 post type-post status-publish format-standard has-post-thumbnail hentry category-musica-de-camara-master category-musica-de-camara\" role=\"listitem\">\n\t\t\t\t<a class=\"elementor-post__thumbnail__link\" href=\"https:\/\/coscyl.com\/en\/dimitri-van-halderen\/\" tabindex=\"-1\" >\n\t\t\t<div class=\"elementor-post__thumbnail\"><img loading=\"lazy\" decoding=\"async\" width=\"2000\" height=\"1743\" src=\"https:\/\/coscyl.com\/wp-content\/uploads\/2023\/07\/113grafiti.jpeg\" class=\"attachment-full size-full wp-image-1184\" alt=\"\" srcset=\"https:\/\/coscyl.com\/wp-content\/uploads\/2023\/07\/113grafiti.jpeg 2000w, https:\/\/coscyl.com\/wp-content\/uploads\/2023\/07\/113grafiti-300x261.jpeg 300w, https:\/\/coscyl.com\/wp-content\/uploads\/2023\/07\/113grafiti-1024x892.jpeg 1024w, https:\/\/coscyl.com\/wp-content\/uploads\/2023\/07\/113grafiti-768x669.jpeg 768w, https:\/\/coscyl.com\/wp-content\/uploads\/2023\/07\/113grafiti-1536x1339.jpeg 1536w, https:\/\/coscyl.com\/wp-content\/uploads\/2023\/07\/113grafiti-14x12.jpeg 14w\" sizes=\"(max-width: 2000px) 100vw, 2000px\" \/><\/div>\n\t\t<\/a>\n\t\t\t\t<div class=\"elementor-post__text\">\n\t\t\t\t<h3 class=\"elementor-post__title\">\n\t\t\t<a href=\"https:\/\/coscyl.com\/en\/dimitri-van-halderen\/\" >\n\t\t\t\tDimitri van Halderen\t\t\t<\/a>\n\t\t<\/h3>\n\t\t\t\t<div class=\"elementor-post__excerpt\">\n\t\t\t<p>El guitarrista holand\u00e9s Dimitri van Halderen es conocido por la variedad de su repertorio, que abarca m\u00fasica para guitarra sola<\/p>\n\t\t<\/div>\n\t\t\t\t\t<div class=\"elementor-post__read-more-wrapper\">\n\t\t\n\t\t<a class=\"elementor-post__read-more\" href=\"https:\/\/coscyl.com\/en\/dimitri-van-halderen\/\" aria-label=\"Read more about Dimitri van Halderen\" tabindex=\"-1\" >\n\t\t\tLeer m\u00e1s\t\t<\/a>\n\n\t\t\t\t\t<\/div>\n\t\t\t\t<\/div>\n\t\t\t\t<\/article>\n\t\t\t\t<article class=\"elementor-post elementor-grid-item post-1186 post type-post status-publish format-standard has-post-thumbnail hentry category-musica-de-camara-master category-solista-orquesta category-musica-de-camara category-taller-musica-contemporanea\" role=\"listitem\">\n\t\t\t\t<a class=\"elementor-post__thumbnail__link\" href=\"https:\/\/coscyl.com\/en\/alberto-rosado-carabias\/\" tabindex=\"-1\" >\n\t\t\t<div class=\"elementor-post__thumbnail\"><img loading=\"lazy\" decoding=\"async\" width=\"960\" height=\"1231\" src=\"https:\/\/coscyl.com\/wp-content\/uploads\/2023\/07\/Foto-Juanan-Barros.jpeg\" class=\"attachment-full size-full wp-image-1187\" alt=\"\" srcset=\"https:\/\/coscyl.com\/wp-content\/uploads\/2023\/07\/Foto-Juanan-Barros.jpeg 960w, https:\/\/coscyl.com\/wp-content\/uploads\/2023\/07\/Foto-Juanan-Barros-234x300.jpeg 234w, https:\/\/coscyl.com\/wp-content\/uploads\/2023\/07\/Foto-Juanan-Barros-799x1024.jpeg 799w, https:\/\/coscyl.com\/wp-content\/uploads\/2023\/07\/Foto-Juanan-Barros-768x985.jpeg 768w, https:\/\/coscyl.com\/wp-content\/uploads\/2023\/07\/Foto-Juanan-Barros-9x12.jpeg 9w\" sizes=\"(max-width: 960px) 100vw, 960px\" \/><\/div>\n\t\t<\/a>\n\t\t\t\t<div class=\"elementor-post__text\">\n\t\t\t\t<h3 class=\"elementor-post__title\">\n\t\t\t<a href=\"https:\/\/coscyl.com\/en\/alberto-rosado-carabias\/\" >\n\t\t\t\tAlberto Rosado Carabias\t\t\t<\/a>\n\t\t<\/h3>\n\t\t\t\t<div class=\"elementor-post__excerpt\">\n\t\t\t<p>Alberto Rosado Carabias, piano Nacido en Salamanca en 1970, Alberto Rosado pertenece a una generaci\u00f3n de int\u00e9rpretes formados en un<\/p>\n\t\t<\/div>\n\t\t\t\t\t<div class=\"elementor-post__read-more-wrapper\">\n\t\t\n\t\t<a class=\"elementor-post__read-more\" href=\"https:\/\/coscyl.com\/en\/alberto-rosado-carabias\/\" aria-label=\"Read more about Alberto Rosado Carabias\" tabindex=\"-1\" >\n\t\t\tLeer m\u00e1s\t\t<\/a>\n\n\t\t\t\t\t<\/div>\n\t\t\t\t<\/div>\n\t\t\t\t<\/article>\n\t\t\t\t<\/div>\n\t\t\t\t\t<span class=\"e-load-more-spinner\">\n\t\t\t\t<svg aria-hidden=\"true\" class=\"e-font-icon-svg e-fas-spinner\" viewbox=\"0 0 512 512\" xmlns=\"http:\/\/www.w3.org\/2000\/svg\"><path d=\"M304 48c0 26.51-21.49 48-48 48s-48-21.49-48-48 21.49-48 48-48 48 21.49 48 48zm-48 368c-26.51 0-48 21.49-48 48s21.49 48 48 48 48-21.49 48-48-21.49-48-48-48zm208-208c-26.51 0-48 21.49-48 48s21.49 48 48 48 48-21.49 48-48-21.49-48-48-48zM96 256c0-26.51-21.49-48-48-48S0 229.49 0 256s21.49 48 48 48 48-21.49 48-48zm12.922 99.078c-26.51 0-48 21.49-48 48s21.49 48 48 48 48-21.49 48-48c0-26.509-21.491-48-48-48zm294.156 0c-26.51 0-48 21.49-48 48s21.49 48 48 48 48-21.49 48-48c0-26.509-21.49-48-48-48zM108.922 60.922c-26.51 0-48 21.49-48 48s21.49 48 48 48 48-21.49 48-48-21.491-48-48-48z\"><\/path><\/svg>\t\t\t<\/span>\n\t\t\n\t\t\t\t\t\t<\/div>\n\t\t\t\t<\/div>\n\t\t\t\t<\/div>\n\t\t<div class=\"elementor-element elementor-element-71ea695 e-con-full e-flex e-con e-parent\" data-id=\"71ea695\" data-element_type=\"container\">\n\t\t\t\t<div class=\"elementor-element elementor-element-405ab83 elementor-widget elementor-widget-heading\" data-id=\"405ab83\" data-element_type=\"widget\" data-widget_type=\"heading.default\">\n\t\t\t\t<div class=\"elementor-widget-container\">\n\t\t\t\t\t<h2 class=\"elementor-heading-title elementor-size-default\">Orquesta y Coro<\/h2>\t\t\t\t<\/div>\n\t\t\t\t<\/div>\n\t\t\t\t<\/div>\n\t\t<div class=\"elementor-element elementor-element-0f556c6 e-con-full e-flex e-con e-parent\" data-id=\"0f556c6\" data-element_type=\"container\">\n\t\t\t\t<div class=\"elementor-element elementor-element-afc2e39 elementor-grid-tablet-1 elementor-grid-2 elementor-posts--thumbnail-right elementor-widget__width-initial elementor-grid-mobile-1 load-more-align-center elementor-invisible elementor-widget elementor-widget-posts\" data-id=\"afc2e39\" data-element_type=\"widget\" data-settings=\"{&quot;classic_columns_tablet&quot;:&quot;1&quot;,&quot;classic_row_gap_mobile&quot;:{&quot;unit&quot;:&quot;px&quot;,&quot;size&quot;:52,&quot;sizes&quot;:[]},&quot;pagination_type&quot;:&quot;load_more_on_click&quot;,&quot;_animation&quot;:&quot;fadeIn&quot;,&quot;classic_columns&quot;:&quot;2&quot;,&quot;classic_row_gap&quot;:{&quot;unit&quot;:&quot;px&quot;,&quot;size&quot;:30,&quot;sizes&quot;:[]},&quot;classic_columns_mobile&quot;:&quot;1&quot;,&quot;classic_row_gap_tablet&quot;:{&quot;unit&quot;:&quot;px&quot;,&quot;size&quot;:&quot;&quot;,&quot;sizes&quot;:[]},&quot;load_more_spinner&quot;:{&quot;value&quot;:&quot;fas fa-spinner&quot;,&quot;library&quot;:&quot;fa-solid&quot;}}\" data-widget_type=\"posts.classic\">\n\t\t\t\t<div class=\"elementor-widget-container\">\n\t\t\t\t\t\t\t<div class=\"elementor-posts-container elementor-posts elementor-posts--skin-classic elementor-grid\" role=\"list\">\n\t\t\t\t<article class=\"elementor-post elementor-grid-item post-1189 post type-post status-publish format-standard has-post-thumbnail hentry category-orquesta\" role=\"listitem\">\n\t\t\t\t<a class=\"elementor-post__thumbnail__link\" href=\"https:\/\/coscyl.com\/en\/javier-castro-villamor\/\" tabindex=\"-1\" >\n\t\t\t<div class=\"elementor-post__thumbnail\"><img loading=\"lazy\" decoding=\"async\" width=\"2560\" height=\"1707\" src=\"https:\/\/coscyl.com\/wp-content\/uploads\/2023\/07\/pexels-pixabay-164821-scaled.jpg\" class=\"attachment-full size-full wp-image-1160\" alt=\"\" srcset=\"https:\/\/coscyl.com\/wp-content\/uploads\/2023\/07\/pexels-pixabay-164821-scaled.jpg 2560w, https:\/\/coscyl.com\/wp-content\/uploads\/2023\/07\/pexels-pixabay-164821-300x200.jpg 300w, https:\/\/coscyl.com\/wp-content\/uploads\/2023\/07\/pexels-pixabay-164821-1024x683.jpg 1024w, https:\/\/coscyl.com\/wp-content\/uploads\/2023\/07\/pexels-pixabay-164821-768x512.jpg 768w, https:\/\/coscyl.com\/wp-content\/uploads\/2023\/07\/pexels-pixabay-164821-1536x1024.jpg 1536w, https:\/\/coscyl.com\/wp-content\/uploads\/2023\/07\/pexels-pixabay-164821-2048x1365.jpg 2048w, https:\/\/coscyl.com\/wp-content\/uploads\/2023\/07\/pexels-pixabay-164821-18x12.jpg 18w\" sizes=\"(max-width: 2560px) 100vw, 2560px\" \/><\/div>\n\t\t<\/a>\n\t\t\t\t<div class=\"elementor-post__text\">\n\t\t\t\t<h3 class=\"elementor-post__title\">\n\t\t\t<a href=\"https:\/\/coscyl.com\/en\/javier-castro-villamor\/\" >\n\t\t\t\tBartolom\u00e9 P\u00e9rez Botello\t\t\t<\/a>\n\t\t<\/h3>\n\t\t\t\t<div class=\"elementor-post__excerpt\">\n\t\t\t<p>Contacto: bartolome.perbot@educa.jcyl.es<\/p>\n\t\t<\/div>\n\t\t\t\t\t<div class=\"elementor-post__read-more-wrapper\">\n\t\t\n\t\t<a class=\"elementor-post__read-more\" href=\"https:\/\/coscyl.com\/en\/javier-castro-villamor\/\" aria-label=\"Read more about Bartolom\u00e9 P\u00e9rez Botello\" tabindex=\"-1\" >\n\t\t\tLeer m\u00e1s\t\t<\/a>\n\n\t\t\t\t\t<\/div>\n\t\t\t\t<\/div>\n\t\t\t\t<\/article>\n\t\t\t\t<article class=\"elementor-post elementor-grid-item post-12410 post type-post status-publish format-standard has-post-thumbnail hentry category-orquesta\" role=\"listitem\">\n\t\t\t\t<a class=\"elementor-post__thumbnail__link\" href=\"https:\/\/coscyl.com\/en\/blanca-anabitarte-urrutia\/\" tabindex=\"-1\" >\n\t\t\t<div class=\"elementor-post__thumbnail\"><img loading=\"lazy\" decoding=\"async\" width=\"2560\" height=\"1920\" src=\"https:\/\/coscyl.com\/wp-content\/uploads\/2026\/02\/Fotografia_Blanca-scaled.jpg\" class=\"attachment-full size-full wp-image-12411\" alt=\"\" srcset=\"https:\/\/coscyl.com\/wp-content\/uploads\/2026\/02\/Fotografia_Blanca-scaled.jpg 2560w, https:\/\/coscyl.com\/wp-content\/uploads\/2026\/02\/Fotografia_Blanca-300x225.jpg 300w, https:\/\/coscyl.com\/wp-content\/uploads\/2026\/02\/Fotografia_Blanca-1024x768.jpg 1024w, https:\/\/coscyl.com\/wp-content\/uploads\/2026\/02\/Fotografia_Blanca-768x576.jpg 768w, https:\/\/coscyl.com\/wp-content\/uploads\/2026\/02\/Fotografia_Blanca-1536x1152.jpg 1536w, https:\/\/coscyl.com\/wp-content\/uploads\/2026\/02\/Fotografia_Blanca-2048x1536.jpg 2048w, https:\/\/coscyl.com\/wp-content\/uploads\/2026\/02\/Fotografia_Blanca-16x12.jpg 16w\" sizes=\"(max-width: 2560px) 100vw, 2560px\" \/><\/div>\n\t\t<\/a>\n\t\t\t\t<div class=\"elementor-post__text\">\n\t\t\t\t<h3 class=\"elementor-post__title\">\n\t\t\t<a href=\"https:\/\/coscyl.com\/en\/blanca-anabitarte-urrutia\/\" >\n\t\t\t\tBlanca Anabitarte Urrutia\t\t\t<\/a>\n\t\t<\/h3>\n\t\t\t\t<div class=\"elementor-post__excerpt\">\n\t\t\t<p>Licenciada en Historia del Arte por la Universidad Aut\u00f3noma de Madrid, en 1989 se traslada a Boston, becada por la<\/p>\n\t\t<\/div>\n\t\t\t\t\t<div class=\"elementor-post__read-more-wrapper\">\n\t\t\n\t\t<a class=\"elementor-post__read-more\" href=\"https:\/\/coscyl.com\/en\/blanca-anabitarte-urrutia\/\" aria-label=\"Read more about Blanca Anabitarte Urrutia\" tabindex=\"-1\" >\n\t\t\tLeer m\u00e1s\t\t<\/a>\n\n\t\t\t\t\t<\/div>\n\t\t\t\t<\/div>\n\t\t\t\t<\/article>\n\t\t\t\t<\/div>\n\t\t\t\t\t<span class=\"e-load-more-spinner\">\n\t\t\t\t<svg aria-hidden=\"true\" class=\"e-font-icon-svg e-fas-spinner\" viewbox=\"0 0 512 512\" xmlns=\"http:\/\/www.w3.org\/2000\/svg\"><path d=\"M304 48c0 26.51-21.49 48-48 48s-48-21.49-48-48 21.49-48 48-48 48 21.49 48 48zm-48 368c-26.51 0-48 21.49-48 48s21.49 48 48 48 48-21.49 48-48-21.49-48-48-48zm208-208c-26.51 0-48 21.49-48 48s21.49 48 48 48 48-21.49 48-48-21.49-48-48-48zM96 256c0-26.51-21.49-48-48-48S0 229.49 0 256s21.49 48 48 48 48-21.49 48-48zm12.922 99.078c-26.51 0-48 21.49-48 48s21.49 48 48 48 48-21.49 48-48c0-26.509-21.491-48-48-48zm294.156 0c-26.51 0-48 21.49-48 48s21.49 48 48 48 48-21.49 48-48c0-26.509-21.49-48-48-48zM108.922 60.922c-26.51 0-48 21.49-48 48s21.49 48 48 48 48-21.49 48-48-21.491-48-48-48z\"><\/path><\/svg>\t\t\t<\/span>\n\t\t\n\t\t\t\t\t\t<\/div>\n\t\t\t\t<\/div>\n\t\t\t\t<\/div>\n\t\t<div class=\"elementor-element elementor-element-34a3a51 e-con-full e-flex e-con e-parent\" data-id=\"34a3a51\" data-element_type=\"container\">\n\t\t\t\t<\/div>\n\t\t<div class=\"elementor-element elementor-element-de0d074 e-con-full e-flex e-con e-parent\" data-id=\"de0d074\" data-element_type=\"container\">\n\t\t\t\t<div class=\"elementor-element elementor-element-4b511c3 elementor-widget elementor-widget-menu-anchor\" data-id=\"4b511c3\" data-element_type=\"widget\" data-widget_type=\"menu-anchor.default\">\n\t\t\t\t<div class=\"elementor-widget-container\">\n\t\t\t\t\t\t\t<div class=\"elementor-menu-anchor\" id=\"piano-guitarra\"><\/div>\n\t\t\t\t\t\t<\/div>\n\t\t\t\t<\/div>\n\t\t\t\t<\/div>\n\t\t<div class=\"elementor-element elementor-element-094624c e-flex e-con-boxed e-con e-parent\" data-id=\"094624c\" data-element_type=\"container\">\n\t\t\t\t\t<div class=\"e-con-inner\">\n\t\t<div class=\"elementor-element elementor-element-a850daf e-grid e-con-full e-con e-child\" data-id=\"a850daf\" data-element_type=\"container\">\n\t\t\t\t<div class=\"elementor-element elementor-element-dc0716f elementor-widget elementor-widget-heading\" data-id=\"dc0716f\" data-element_type=\"widget\" data-widget_type=\"heading.default\">\n\t\t\t\t<div class=\"elementor-widget-container\">\n\t\t\t\t\t<h2 class=\"elementor-heading-title elementor-size-default\">Departamento de Piano y Guitarra<\/h2>\t\t\t\t<\/div>\n\t\t\t\t<\/div>\n\t\t\t\t<\/div>\n\t\t\t\t\t<\/div>\n\t\t\t\t<\/div>\n\t\t<div class=\"elementor-element elementor-element-f6276a5 e-con-full e-flex e-con e-parent\" data-id=\"f6276a5\" data-element_type=\"container\">\n\t\t\t\t<div class=\"elementor-element elementor-element-d4e72ac elementor-widget elementor-widget-heading\" data-id=\"d4e72ac\" data-element_type=\"widget\" data-widget_type=\"heading.default\">\n\t\t\t\t<div class=\"elementor-widget-container\">\n\t\t\t\t\t<h2 class=\"elementor-heading-title elementor-size-default\">Piano<\/h2>\t\t\t\t<\/div>\n\t\t\t\t<\/div>\n\t\t\t\t<\/div>\n\t\t<div class=\"elementor-element elementor-element-34050f8 e-con-full e-flex e-con e-parent\" data-id=\"34050f8\" data-element_type=\"container\">\n\t\t\t\t<div class=\"elementor-element elementor-element-9af4db7 elementor-grid-tablet-1 elementor-grid-2 elementor-posts--thumbnail-right elementor-grid-mobile-1 load-more-align-center elementor-invisible elementor-widget elementor-widget-posts\" data-id=\"9af4db7\" data-element_type=\"widget\" data-settings=\"{&quot;classic_columns_tablet&quot;:&quot;1&quot;,&quot;classic_row_gap_mobile&quot;:{&quot;unit&quot;:&quot;px&quot;,&quot;size&quot;:52,&quot;sizes&quot;:[]},&quot;pagination_type&quot;:&quot;load_more_on_click&quot;,&quot;_animation&quot;:&quot;fadeIn&quot;,&quot;classic_columns&quot;:&quot;2&quot;,&quot;classic_row_gap&quot;:{&quot;unit&quot;:&quot;px&quot;,&quot;size&quot;:30,&quot;sizes&quot;:[]},&quot;classic_columns_mobile&quot;:&quot;1&quot;,&quot;classic_row_gap_tablet&quot;:{&quot;unit&quot;:&quot;px&quot;,&quot;size&quot;:&quot;&quot;,&quot;sizes&quot;:[]},&quot;load_more_spinner&quot;:{&quot;value&quot;:&quot;fas fa-spinner&quot;,&quot;library&quot;:&quot;fa-solid&quot;}}\" data-widget_type=\"posts.classic\">\n\t\t\t\t<div class=\"elementor-widget-container\">\n\t\t\t\t\t\t\t<div class=\"elementor-posts-container elementor-posts elementor-posts--skin-classic elementor-grid\" role=\"list\">\n\t\t\t\t<article class=\"elementor-post elementor-grid-item post-1203 post type-post status-publish format-standard has-post-thumbnail hentry category-solista-orquesta category-piano category-trabajo-fin-master\" role=\"listitem\">\n\t\t\t\t<a class=\"elementor-post__thumbnail__link\" href=\"https:\/\/coscyl.com\/en\/miriam-gomez-moran\/\" tabindex=\"-1\" >\n\t\t\t<div class=\"elementor-post__thumbnail\"><img loading=\"lazy\" decoding=\"async\" width=\"1920\" height=\"2560\" src=\"https:\/\/coscyl.com\/wp-content\/uploads\/2023\/07\/Foto-MiriamGM-scaled.jpg\" class=\"attachment-full size-full wp-image-7624\" alt=\"\" srcset=\"https:\/\/coscyl.com\/wp-content\/uploads\/2023\/07\/Foto-MiriamGM-scaled.jpg 1920w, https:\/\/coscyl.com\/wp-content\/uploads\/2023\/07\/Foto-MiriamGM-225x300.jpg 225w, https:\/\/coscyl.com\/wp-content\/uploads\/2023\/07\/Foto-MiriamGM-768x1024.jpg 768w, https:\/\/coscyl.com\/wp-content\/uploads\/2023\/07\/Foto-MiriamGM-1152x1536.jpg 1152w, https:\/\/coscyl.com\/wp-content\/uploads\/2023\/07\/Foto-MiriamGM-1536x2048.jpg 1536w, https:\/\/coscyl.com\/wp-content\/uploads\/2023\/07\/Foto-MiriamGM-9x12.jpg 9w\" sizes=\"(max-width: 1920px) 100vw, 1920px\" \/><\/div>\n\t\t<\/a>\n\t\t\t\t<div class=\"elementor-post__text\">\n\t\t\t\t<h3 class=\"elementor-post__title\">\n\t\t\t<a href=\"https:\/\/coscyl.com\/en\/miriam-gomez-moran\/\" >\n\t\t\t\tMiriam G\u00f3mez-Mor\u00e1n\t\t\t<\/a>\n\t\t<\/h3>\n\t\t\t\t<div class=\"elementor-post__excerpt\">\n\t\t\t<p>Alan Walker, autor de la c\u00e9lebre biograf\u00eda de Liszt en tres vol\u00famenes y gran especialista en el m\u00fasico h\u00fangaro, ha<\/p>\n\t\t<\/div>\n\t\t\t\t\t<div class=\"elementor-post__read-more-wrapper\">\n\t\t\n\t\t<a class=\"elementor-post__read-more\" href=\"https:\/\/coscyl.com\/en\/miriam-gomez-moran\/\" aria-label=\"Read more about Miriam G\u00f3mez-Mor\u00e1n\" tabindex=\"-1\" >\n\t\t\tLeer m\u00e1s\t\t<\/a>\n\n\t\t\t\t\t<\/div>\n\t\t\t\t<\/div>\n\t\t\t\t<\/article>\n\t\t\t\t<article class=\"elementor-post elementor-grid-item post-1206 post type-post status-publish format-standard has-post-thumbnail hentry category-musica-de-camara-master category-solista-orquesta category-piano\" role=\"listitem\">\n\t\t\t\t<a class=\"elementor-post__thumbnail__link\" href=\"https:\/\/coscyl.com\/en\/sophia-hase\/\" tabindex=\"-1\" >\n\t\t\t<div class=\"elementor-post__thumbnail\"><img loading=\"lazy\" decoding=\"async\" width=\"2560\" height=\"2365\" src=\"https:\/\/coscyl.com\/wp-content\/uploads\/2023\/07\/foto-Sophia-Hase-1-scaled.jpeg\" class=\"attachment-full size-full wp-image-7622\" alt=\"\" srcset=\"https:\/\/coscyl.com\/wp-content\/uploads\/2023\/07\/foto-Sophia-Hase-1-scaled.jpeg 2560w, https:\/\/coscyl.com\/wp-content\/uploads\/2023\/07\/foto-Sophia-Hase-1-300x277.jpeg 300w, https:\/\/coscyl.com\/wp-content\/uploads\/2023\/07\/foto-Sophia-Hase-1-1024x946.jpeg 1024w, https:\/\/coscyl.com\/wp-content\/uploads\/2023\/07\/foto-Sophia-Hase-1-768x709.jpeg 768w, https:\/\/coscyl.com\/wp-content\/uploads\/2023\/07\/foto-Sophia-Hase-1-1536x1419.jpeg 1536w, https:\/\/coscyl.com\/wp-content\/uploads\/2023\/07\/foto-Sophia-Hase-1-2048x1892.jpeg 2048w, https:\/\/coscyl.com\/wp-content\/uploads\/2023\/07\/foto-Sophia-Hase-1-13x12.jpeg 13w\" sizes=\"(max-width: 2560px) 100vw, 2560px\" \/><\/div>\n\t\t<\/a>\n\t\t\t\t<div class=\"elementor-post__text\">\n\t\t\t\t<h3 class=\"elementor-post__title\">\n\t\t\t<a href=\"https:\/\/coscyl.com\/en\/sophia-hase\/\" >\n\t\t\t\tSophia Hase\t\t\t<\/a>\n\t\t<\/h3>\n\t\t\t\t<div class=\"elementor-post__excerpt\">\n\t\t\t<p>Sophia Hase nace en Stuttgart e inicia una temprana e intensa actividad art\u00edstica en el seno de una familia de<\/p>\n\t\t<\/div>\n\t\t\t\t\t<div class=\"elementor-post__read-more-wrapper\">\n\t\t\n\t\t<a class=\"elementor-post__read-more\" href=\"https:\/\/coscyl.com\/en\/sophia-hase\/\" aria-label=\"Read more about Sophia Hase\" tabindex=\"-1\" >\n\t\t\tLeer m\u00e1s\t\t<\/a>\n\n\t\t\t\t\t<\/div>\n\t\t\t\t<\/div>\n\t\t\t\t<\/article>\n\t\t\t\t<article class=\"elementor-post elementor-grid-item post-1209 post type-post status-publish format-standard has-post-thumbnail hentry category-piano\" role=\"listitem\">\n\t\t\t\t<a class=\"elementor-post__thumbnail__link\" href=\"https:\/\/coscyl.com\/en\/francisco-martinez-ramos\/\" tabindex=\"-1\" >\n\t\t\t<div class=\"elementor-post__thumbnail\"><img loading=\"lazy\" decoding=\"async\" width=\"2560\" height=\"2268\" src=\"https:\/\/coscyl.com\/wp-content\/uploads\/2023\/07\/Foto-Francisco-1-scaled.jpg\" class=\"attachment-full size-full wp-image-7626\" alt=\"\" srcset=\"https:\/\/coscyl.com\/wp-content\/uploads\/2023\/07\/Foto-Francisco-1-scaled.jpg 2560w, https:\/\/coscyl.com\/wp-content\/uploads\/2023\/07\/Foto-Francisco-1-300x266.jpg 300w, https:\/\/coscyl.com\/wp-content\/uploads\/2023\/07\/Foto-Francisco-1-1024x907.jpg 1024w, https:\/\/coscyl.com\/wp-content\/uploads\/2023\/07\/Foto-Francisco-1-768x680.jpg 768w, https:\/\/coscyl.com\/wp-content\/uploads\/2023\/07\/Foto-Francisco-1-1536x1361.jpg 1536w, https:\/\/coscyl.com\/wp-content\/uploads\/2023\/07\/Foto-Francisco-1-2048x1814.jpg 2048w, https:\/\/coscyl.com\/wp-content\/uploads\/2023\/07\/Foto-Francisco-1-14x12.jpg 14w\" sizes=\"(max-width: 2560px) 100vw, 2560px\" \/><\/div>\n\t\t<\/a>\n\t\t\t\t<div class=\"elementor-post__text\">\n\t\t\t\t<h3 class=\"elementor-post__title\">\n\t\t\t<a href=\"https:\/\/coscyl.com\/en\/francisco-martinez-ramos\/\" >\n\t\t\t\tFrancisco Mart\u00ednez Ramos\t\t\t<\/a>\n\t\t<\/h3>\n\t\t\t\t<div class=\"elementor-post__excerpt\">\n\t\t\t<p>Francisco Mart\u00ednez Ramos naci\u00f3 en Las Palmas de Gran Canaria. Comenz\u00f3 sus estudios musicales en el Conservatorio de su ciudad<\/p>\n\t\t<\/div>\n\t\t\t\t\t<div class=\"elementor-post__read-more-wrapper\">\n\t\t\n\t\t<a class=\"elementor-post__read-more\" href=\"https:\/\/coscyl.com\/en\/francisco-martinez-ramos\/\" aria-label=\"Read more about Francisco Mart\u00ednez Ramos\" tabindex=\"-1\" >\n\t\t\tLeer m\u00e1s\t\t<\/a>\n\n\t\t\t\t\t<\/div>\n\t\t\t\t<\/div>\n\t\t\t\t<\/article>\n\t\t\t\t<article class=\"elementor-post elementor-grid-item post-1212 post type-post status-publish format-standard has-post-thumbnail hentry category-solista-orquesta category-piano category-trabajo-fin-master\" role=\"listitem\">\n\t\t\t\t<a class=\"elementor-post__thumbnail__link\" href=\"https:\/\/coscyl.com\/en\/eduardo-ponce-dominguez\/\" tabindex=\"-1\" >\n\t\t\t<div class=\"elementor-post__thumbnail\"><img loading=\"lazy\" decoding=\"async\" width=\"2560\" height=\"1707\" src=\"https:\/\/coscyl.com\/wp-content\/uploads\/2023\/07\/EduardoPonce-scaled-1.jpg\" class=\"attachment-full size-full wp-image-1213\" alt=\"\" srcset=\"https:\/\/coscyl.com\/wp-content\/uploads\/2023\/07\/EduardoPonce-scaled-1.jpg 2560w, https:\/\/coscyl.com\/wp-content\/uploads\/2023\/07\/EduardoPonce-scaled-1-300x200.jpg 300w, https:\/\/coscyl.com\/wp-content\/uploads\/2023\/07\/EduardoPonce-scaled-1-1024x683.jpg 1024w, https:\/\/coscyl.com\/wp-content\/uploads\/2023\/07\/EduardoPonce-scaled-1-768x512.jpg 768w, https:\/\/coscyl.com\/wp-content\/uploads\/2023\/07\/EduardoPonce-scaled-1-1536x1024.jpg 1536w, https:\/\/coscyl.com\/wp-content\/uploads\/2023\/07\/EduardoPonce-scaled-1-2048x1366.jpg 2048w, https:\/\/coscyl.com\/wp-content\/uploads\/2023\/07\/EduardoPonce-scaled-1-18x12.jpg 18w\" sizes=\"(max-width: 2560px) 100vw, 2560px\" \/><\/div>\n\t\t<\/a>\n\t\t\t\t<div class=\"elementor-post__text\">\n\t\t\t\t<h3 class=\"elementor-post__title\">\n\t\t\t<a href=\"https:\/\/coscyl.com\/en\/eduardo-ponce-dominguez\/\" >\n\t\t\t\tEduardo Ponce Dom\u00ednguez\t\t\t<\/a>\n\t\t<\/h3>\n\t\t\t\t<div class=\"elementor-post__excerpt\">\n\t\t\t<p>Eduardo Ponce nace en Madrid, ciudad donde realiza sus estudios bajo la direcci\u00f3n de M\u00aa Teresa F\u00faster, Pedro Lerma y<\/p>\n\t\t<\/div>\n\t\t\t\t\t<div class=\"elementor-post__read-more-wrapper\">\n\t\t\n\t\t<a class=\"elementor-post__read-more\" href=\"https:\/\/coscyl.com\/en\/eduardo-ponce-dominguez\/\" aria-label=\"Read more about Eduardo Ponce Dom\u00ednguez\" tabindex=\"-1\" >\n\t\t\tLeer m\u00e1s\t\t<\/a>\n\n\t\t\t\t\t<\/div>\n\t\t\t\t<\/div>\n\t\t\t\t<\/article>\n\t\t\t\t<article class=\"elementor-post elementor-grid-item post-12380 post type-post status-publish format-standard has-post-thumbnail hentry category-piano\" role=\"listitem\">\n\t\t\t\t<a class=\"elementor-post__thumbnail__link\" href=\"https:\/\/coscyl.com\/en\/maria-zisi\/\" tabindex=\"-1\" >\n\t\t\t<div class=\"elementor-post__thumbnail\"><img loading=\"lazy\" decoding=\"async\" width=\"1200\" height=\"803\" src=\"https:\/\/coscyl.com\/wp-content\/uploads\/2026\/02\/IMG_3157.jpg\" class=\"attachment-full size-full wp-image-12381\" alt=\"\" srcset=\"https:\/\/coscyl.com\/wp-content\/uploads\/2026\/02\/IMG_3157.jpg 1200w, https:\/\/coscyl.com\/wp-content\/uploads\/2026\/02\/IMG_3157-300x201.jpg 300w, https:\/\/coscyl.com\/wp-content\/uploads\/2026\/02\/IMG_3157-1024x685.jpg 1024w, https:\/\/coscyl.com\/wp-content\/uploads\/2026\/02\/IMG_3157-768x514.jpg 768w, https:\/\/coscyl.com\/wp-content\/uploads\/2026\/02\/IMG_3157-18x12.jpg 18w\" sizes=\"(max-width: 1200px) 100vw, 1200px\" \/><\/div>\n\t\t<\/a>\n\t\t\t\t<div class=\"elementor-post__text\">\n\t\t\t\t<h3 class=\"elementor-post__title\">\n\t\t\t<a href=\"https:\/\/coscyl.com\/en\/maria-zisi\/\" >\n\t\t\t\tMaria Zisi\t\t\t<\/a>\n\t\t<\/h3>\n\t\t\t\t<div class=\"elementor-post__excerpt\">\n\t\t\t<p>Mar\u00eda Zisi naci\u00f3 en Grecia. A la edad de 14 a\u00f1os ingres\u00f3 en la Escuela Superior de M\u00fasica de Munich<\/p>\n\t\t<\/div>\n\t\t\t\t\t<div class=\"elementor-post__read-more-wrapper\">\n\t\t\n\t\t<a class=\"elementor-post__read-more\" href=\"https:\/\/coscyl.com\/en\/maria-zisi\/\" aria-label=\"Read more about Maria Zisi\" tabindex=\"-1\" >\n\t\t\tLeer m\u00e1s\t\t<\/a>\n\n\t\t\t\t\t<\/div>\n\t\t\t\t<\/div>\n\t\t\t\t<\/article>\n\t\t\t\t<\/div>\n\t\t\t\t\t<span class=\"e-load-more-spinner\">\n\t\t\t\t<svg aria-hidden=\"true\" class=\"e-font-icon-svg e-fas-spinner\" viewbox=\"0 0 512 512\" xmlns=\"http:\/\/www.w3.org\/2000\/svg\"><path d=\"M304 48c0 26.51-21.49 48-48 48s-48-21.49-48-48 21.49-48 48-48 48 21.49 48 48zm-48 368c-26.51 0-48 21.49-48 48s21.49 48 48 48 48-21.49 48-48-21.49-48-48-48zm208-208c-26.51 0-48 21.49-48 48s21.49 48 48 48 48-21.49 48-48-21.49-48-48-48zM96 256c0-26.51-21.49-48-48-48S0 229.49 0 256s21.49 48 48 48 48-21.49 48-48zm12.922 99.078c-26.51 0-48 21.49-48 48s21.49 48 48 48 48-21.49 48-48c0-26.509-21.491-48-48-48zm294.156 0c-26.51 0-48 21.49-48 48s21.49 48 48 48 48-21.49 48-48c0-26.509-21.49-48-48-48zM108.922 60.922c-26.51 0-48 21.49-48 48s21.49 48 48 48 48-21.49 48-48-21.491-48-48-48z\"><\/path><\/svg>\t\t\t<\/span>\n\t\t\n\t\t\t\t\t\t<\/div>\n\t\t\t\t<\/div>\n\t\t\t\t<\/div>\n\t\t<div class=\"elementor-element elementor-element-be85aec e-con-full e-flex e-con e-parent\" data-id=\"be85aec\" data-element_type=\"container\">\n\t\t\t\t<div class=\"elementor-element elementor-element-6a358f4 elementor-widget elementor-widget-heading\" data-id=\"6a358f4\" data-element_type=\"widget\" data-widget_type=\"heading.default\">\n\t\t\t\t<div class=\"elementor-widget-container\">\n\t\t\t\t\t<h2 class=\"elementor-heading-title elementor-size-default\">Guitarra<\/h2>\t\t\t\t<\/div>\n\t\t\t\t<\/div>\n\t\t\t\t<\/div>\n\t\t<div class=\"elementor-element elementor-element-3684e01 e-con-full e-flex e-con e-parent\" data-id=\"3684e01\" data-element_type=\"container\">\n\t\t\t\t<div class=\"elementor-element elementor-element-5fcadca elementor-grid-tablet-1 elementor-grid-2 elementor-posts--thumbnail-right elementor-grid-mobile-1 load-more-align-center elementor-invisible elementor-widget elementor-widget-posts\" data-id=\"5fcadca\" data-element_type=\"widget\" data-settings=\"{&quot;classic_columns_tablet&quot;:&quot;1&quot;,&quot;classic_row_gap_mobile&quot;:{&quot;unit&quot;:&quot;px&quot;,&quot;size&quot;:52,&quot;sizes&quot;:[]},&quot;pagination_type&quot;:&quot;load_more_on_click&quot;,&quot;_animation&quot;:&quot;fadeIn&quot;,&quot;classic_columns&quot;:&quot;2&quot;,&quot;classic_row_gap&quot;:{&quot;unit&quot;:&quot;px&quot;,&quot;size&quot;:30,&quot;sizes&quot;:[]},&quot;classic_columns_mobile&quot;:&quot;1&quot;,&quot;classic_row_gap_tablet&quot;:{&quot;unit&quot;:&quot;px&quot;,&quot;size&quot;:&quot;&quot;,&quot;sizes&quot;:[]},&quot;load_more_spinner&quot;:{&quot;value&quot;:&quot;fas fa-spinner&quot;,&quot;library&quot;:&quot;fa-solid&quot;}}\" data-widget_type=\"posts.classic\">\n\t\t\t\t<div class=\"elementor-widget-container\">\n\t\t\t\t\t\t\t<div class=\"elementor-posts-container elementor-posts elementor-posts--skin-classic elementor-grid\" role=\"list\">\n\t\t\t\t<article class=\"elementor-post elementor-grid-item post-1218 post type-post status-publish format-standard has-post-thumbnail hentry category-solista-orquesta category-guitarra\" role=\"listitem\">\n\t\t\t\t<a class=\"elementor-post__thumbnail__link\" href=\"https:\/\/coscyl.com\/en\/hugo-geller-vainstub\/\" tabindex=\"-1\" >\n\t\t\t<div class=\"elementor-post__thumbnail\"><img loading=\"lazy\" decoding=\"async\" width=\"1709\" height=\"2560\" src=\"https:\/\/coscyl.com\/wp-content\/uploads\/2023\/07\/Geller-Hugo-scaled.jpg\" class=\"attachment-full size-full wp-image-7498\" alt=\"\" srcset=\"https:\/\/coscyl.com\/wp-content\/uploads\/2023\/07\/Geller-Hugo-scaled.jpg 1709w, https:\/\/coscyl.com\/wp-content\/uploads\/2023\/07\/Geller-Hugo-200x300.jpg 200w, https:\/\/coscyl.com\/wp-content\/uploads\/2023\/07\/Geller-Hugo-684x1024.jpg 684w, https:\/\/coscyl.com\/wp-content\/uploads\/2023\/07\/Geller-Hugo-768x1150.jpg 768w, https:\/\/coscyl.com\/wp-content\/uploads\/2023\/07\/Geller-Hugo-1025x1536.jpg 1025w, https:\/\/coscyl.com\/wp-content\/uploads\/2023\/07\/Geller-Hugo-1367x2048.jpg 1367w, https:\/\/coscyl.com\/wp-content\/uploads\/2023\/07\/Geller-Hugo-8x12.jpg 8w\" sizes=\"(max-width: 1709px) 100vw, 1709px\" \/><\/div>\n\t\t<\/a>\n\t\t\t\t<div class=\"elementor-post__text\">\n\t\t\t\t<h3 class=\"elementor-post__title\">\n\t\t\t<a href=\"https:\/\/coscyl.com\/en\/hugo-geller-vainstub\/\" >\n\t\t\t\tHugo Geller Vainstub\t\t\t<\/a>\n\t\t<\/h3>\n\t\t\t\t<div class=\"elementor-post__excerpt\">\n\t\t\t<p>\u2026\u201dHugo Geller es un int\u00e9rprete brillant\u00edsimo de gran poder sonoro y comunicativo\u201d\u2026 ENRIQUE FRANCO \u2013 Peri\u00f3dico EL PAIS \u2013 Espa\u00f1a<\/p>\n\t\t<\/div>\n\t\t\t\t\t<div class=\"elementor-post__read-more-wrapper\">\n\t\t\n\t\t<a class=\"elementor-post__read-more\" href=\"https:\/\/coscyl.com\/en\/hugo-geller-vainstub\/\" aria-label=\"Read more about Hugo Geller Vainstub\" tabindex=\"-1\" >\n\t\t\tLeer m\u00e1s\t\t<\/a>\n\n\t\t\t\t\t<\/div>\n\t\t\t\t<\/div>\n\t\t\t\t<\/article>\n\t\t\t\t<article class=\"elementor-post elementor-grid-item post-1221 post type-post status-publish format-standard has-post-thumbnail hentry category-guitarra\" role=\"listitem\">\n\t\t\t\t<a class=\"elementor-post__thumbnail__link\" href=\"https:\/\/coscyl.com\/en\/antonio-clavel-cascales\/\" tabindex=\"-1\" >\n\t\t\t<div class=\"elementor-post__thumbnail\"><img loading=\"lazy\" decoding=\"async\" width=\"1829\" height=\"2560\" src=\"https:\/\/coscyl.com\/wp-content\/uploads\/2023\/07\/Foto-perfil-Clavel-en-alta-calidad-1-scaled.jpg\" class=\"attachment-full size-full wp-image-11703\" alt=\"\" srcset=\"https:\/\/coscyl.com\/wp-content\/uploads\/2023\/07\/Foto-perfil-Clavel-en-alta-calidad-1-scaled.jpg 1829w, https:\/\/coscyl.com\/wp-content\/uploads\/2023\/07\/Foto-perfil-Clavel-en-alta-calidad-1-214x300.jpg 214w, https:\/\/coscyl.com\/wp-content\/uploads\/2023\/07\/Foto-perfil-Clavel-en-alta-calidad-1-731x1024.jpg 731w, https:\/\/coscyl.com\/wp-content\/uploads\/2023\/07\/Foto-perfil-Clavel-en-alta-calidad-1-768x1075.jpg 768w, https:\/\/coscyl.com\/wp-content\/uploads\/2023\/07\/Foto-perfil-Clavel-en-alta-calidad-1-1097x1536.jpg 1097w, https:\/\/coscyl.com\/wp-content\/uploads\/2023\/07\/Foto-perfil-Clavel-en-alta-calidad-1-1463x2048.jpg 1463w, https:\/\/coscyl.com\/wp-content\/uploads\/2023\/07\/Foto-perfil-Clavel-en-alta-calidad-1-9x12.jpg 9w\" sizes=\"(max-width: 1829px) 100vw, 1829px\" \/><\/div>\n\t\t<\/a>\n\t\t\t\t<div class=\"elementor-post__text\">\n\t\t\t\t<h3 class=\"elementor-post__title\">\n\t\t\t<a href=\"https:\/\/coscyl.com\/en\/antonio-clavel-cascales\/\" >\n\t\t\t\tAntonio Clavel Cascales\t\t\t<\/a>\n\t\t<\/h3>\n\t\t\t\t<div class=\"elementor-post__excerpt\">\n\t\t\t<p>Antonio Clavel es actualmente Catedr\u00e1tico de guitarra en elConservatorio Superior de M\u00fasica de Castilla y Le\u00f3n en Salamanca.Obtuvo el T\u00edtulo<\/p>\n\t\t<\/div>\n\t\t\t\t\t<div class=\"elementor-post__read-more-wrapper\">\n\t\t\n\t\t<a class=\"elementor-post__read-more\" href=\"https:\/\/coscyl.com\/en\/antonio-clavel-cascales\/\" aria-label=\"Read more about Antonio Clavel Cascales\" tabindex=\"-1\" >\n\t\t\tLeer m\u00e1s\t\t<\/a>\n\n\t\t\t\t\t<\/div>\n\t\t\t\t<\/div>\n\t\t\t\t<\/article>\n\t\t\t\t<\/div>\n\t\t\t\t\t<span class=\"e-load-more-spinner\">\n\t\t\t\t<svg aria-hidden=\"true\" class=\"e-font-icon-svg e-fas-spinner\" viewbox=\"0 0 512 512\" xmlns=\"http:\/\/www.w3.org\/2000\/svg\"><path d=\"M304 48c0 26.51-21.49 48-48 48s-48-21.49-48-48 21.49-48 48-48 48 21.49 48 48zm-48 368c-26.51 0-48 21.49-48 48s21.49 48 48 48 48-21.49 48-48-21.49-48-48-48zm208-208c-26.51 0-48 21.49-48 48s21.49 48 48 48 48-21.49 48-48-21.49-48-48-48zM96 256c0-26.51-21.49-48-48-48S0 229.49 0 256s21.49 48 48 48 48-21.49 48-48zm12.922 99.078c-26.51 0-48 21.49-48 48s21.49 48 48 48 48-21.49 48-48c0-26.509-21.491-48-48-48zm294.156 0c-26.51 0-48 21.49-48 48s21.49 48 48 48 48-21.49 48-48c0-26.509-21.49-48-48-48zM108.922 60.922c-26.51 0-48 21.49-48 48s21.49 48 48 48 48-21.49 48-48-21.491-48-48-48z\"><\/path><\/svg>\t\t\t<\/span>\n\t\t\n\t\t\t\t\t\t<\/div>\n\t\t\t\t<\/div>\n\t\t\t\t<div class=\"elementor-element elementor-element-319184d elementor-widget elementor-widget-menu-anchor\" data-id=\"319184d\" data-element_type=\"widget\" data-widget_type=\"menu-anchor.default\">\n\t\t\t\t<div class=\"elementor-widget-container\">\n\t\t\t\t\t\t\t<div class=\"elementor-menu-anchor\" id=\"musica-antigua\"><\/div>\n\t\t\t\t\t\t<\/div>\n\t\t\t\t<\/div>\n\t\t\t\t<\/div>\n\t\t<div class=\"elementor-element elementor-element-3d55ea9 e-flex e-con-boxed e-con e-parent\" data-id=\"3d55ea9\" data-element_type=\"container\">\n\t\t\t\t\t<div class=\"e-con-inner\">\n\t\t<div class=\"elementor-element elementor-element-793ef5f e-grid e-con-full e-con e-child\" data-id=\"793ef5f\" data-element_type=\"container\">\n\t\t\t\t<div class=\"elementor-element elementor-element-cf5f131 elementor-widget elementor-widget-heading\" data-id=\"cf5f131\" data-element_type=\"widget\" data-widget_type=\"heading.default\">\n\t\t\t\t<div class=\"elementor-widget-container\">\n\t\t\t\t\t<h2 class=\"elementor-heading-title elementor-size-default\">Departamento de M\u00fasica Antigua<\/h2>\t\t\t\t<\/div>\n\t\t\t\t<\/div>\n\t\t\t\t<\/div>\n\t\t\t\t\t<\/div>\n\t\t\t\t<\/div>\n\t\t<div class=\"elementor-element elementor-element-507ba4b e-con-full e-flex e-con e-parent\" data-id=\"507ba4b\" data-element_type=\"container\">\n\t\t\t\t<div class=\"elementor-element elementor-element-e22cbf2 elementor-widget elementor-widget-heading\" data-id=\"e22cbf2\" data-element_type=\"widget\" data-widget_type=\"heading.default\">\n\t\t\t\t<div class=\"elementor-widget-container\">\n\t\t\t\t\t<h2 class=\"elementor-heading-title elementor-size-default\">Clave<\/h2>\t\t\t\t<\/div>\n\t\t\t\t<\/div>\n\t\t\t\t<\/div>\n\t\t<div class=\"elementor-element elementor-element-43ca8b4 e-con-full e-flex e-con e-parent\" data-id=\"43ca8b4\" data-element_type=\"container\">\n\t\t\t\t<div class=\"elementor-element elementor-element-408965e elementor-grid-tablet-1 elementor-grid-2 elementor-posts--thumbnail-right elementor-grid-mobile-1 load-more-align-center elementor-invisible elementor-widget elementor-widget-posts\" data-id=\"408965e\" data-element_type=\"widget\" data-settings=\"{&quot;classic_columns_tablet&quot;:&quot;1&quot;,&quot;classic_row_gap_mobile&quot;:{&quot;unit&quot;:&quot;px&quot;,&quot;size&quot;:52,&quot;sizes&quot;:[]},&quot;pagination_type&quot;:&quot;load_more_on_click&quot;,&quot;_animation&quot;:&quot;fadeIn&quot;,&quot;classic_columns&quot;:&quot;2&quot;,&quot;classic_row_gap&quot;:{&quot;unit&quot;:&quot;px&quot;,&quot;size&quot;:30,&quot;sizes&quot;:[]},&quot;classic_columns_mobile&quot;:&quot;1&quot;,&quot;classic_row_gap_tablet&quot;:{&quot;unit&quot;:&quot;px&quot;,&quot;size&quot;:&quot;&quot;,&quot;sizes&quot;:[]},&quot;load_more_spinner&quot;:{&quot;value&quot;:&quot;fas fa-spinner&quot;,&quot;library&quot;:&quot;fa-solid&quot;}}\" data-widget_type=\"posts.classic\">\n\t\t\t\t<div class=\"elementor-widget-container\">\n\t\t\t\t\t\t\t<div class=\"elementor-posts-container elementor-posts elementor-posts--skin-classic elementor-grid\" role=\"list\">\n\t\t\t\t<article class=\"elementor-post elementor-grid-item post-1225 post type-post status-publish format-standard has-post-thumbnail hentry category-clave\" role=\"listitem\">\n\t\t\t\t<a class=\"elementor-post__thumbnail__link\" href=\"https:\/\/coscyl.com\/en\/jorge-garcia-martin\/\" tabindex=\"-1\" >\n\t\t\t<div class=\"elementor-post__thumbnail\"><img loading=\"lazy\" decoding=\"async\" width=\"448\" height=\"336\" src=\"https:\/\/coscyl.com\/wp-content\/uploads\/2023\/07\/JorgeGarcia.jpg\" class=\"attachment-full size-full wp-image-1226\" alt=\"\" srcset=\"https:\/\/coscyl.com\/wp-content\/uploads\/2023\/07\/JorgeGarcia.jpg 448w, https:\/\/coscyl.com\/wp-content\/uploads\/2023\/07\/JorgeGarcia-300x225.jpg 300w, https:\/\/coscyl.com\/wp-content\/uploads\/2023\/07\/JorgeGarcia-16x12.jpg 16w\" sizes=\"(max-width: 448px) 100vw, 448px\" \/><\/div>\n\t\t<\/a>\n\t\t\t\t<div class=\"elementor-post__text\">\n\t\t\t\t<h3 class=\"elementor-post__title\">\n\t\t\t<a href=\"https:\/\/coscyl.com\/en\/jorge-garcia-martin\/\" >\n\t\t\t\tJorge Garc\u00eda Mart\u00edn\t\t\t<\/a>\n\t\t<\/h3>\n\t\t\t\t<div class=\"elementor-post__excerpt\">\n\t\t\t<p>Jorge Garc\u00eda Mart\u00edn inici\u00f3 su formaci\u00f3n musical en Salamanca, donde realiza los estudios de piano, \u00f3rgano y clave. Atra\u00eddo por<\/p>\n\t\t<\/div>\n\t\t\t\t\t<div class=\"elementor-post__read-more-wrapper\">\n\t\t\n\t\t<a class=\"elementor-post__read-more\" href=\"https:\/\/coscyl.com\/en\/jorge-garcia-martin\/\" aria-label=\"Read more about Jorge Garc\u00eda Mart\u00edn\" tabindex=\"-1\" >\n\t\t\tLeer m\u00e1s\t\t<\/a>\n\n\t\t\t\t\t<\/div>\n\t\t\t\t<\/div>\n\t\t\t\t<\/article>\n\t\t\t\t<article class=\"elementor-post elementor-grid-item post-1234 post type-post status-publish format-standard has-post-thumbnail hentry category-clave category-solista-orquesta\" role=\"listitem\">\n\t\t\t\t<a class=\"elementor-post__thumbnail__link\" href=\"https:\/\/coscyl.com\/en\/pilar-montoya-chica\/\" tabindex=\"-1\" >\n\t\t\t<div class=\"elementor-post__thumbnail\"><img loading=\"lazy\" decoding=\"async\" width=\"819\" height=\"545\" src=\"https:\/\/coscyl.com\/wp-content\/uploads\/2023\/07\/PilarMontoya.jpg\" class=\"attachment-full size-full wp-image-1235\" alt=\"\" srcset=\"https:\/\/coscyl.com\/wp-content\/uploads\/2023\/07\/PilarMontoya.jpg 819w, https:\/\/coscyl.com\/wp-content\/uploads\/2023\/07\/PilarMontoya-300x200.jpg 300w, https:\/\/coscyl.com\/wp-content\/uploads\/2023\/07\/PilarMontoya-768x511.jpg 768w, https:\/\/coscyl.com\/wp-content\/uploads\/2023\/07\/PilarMontoya-18x12.jpg 18w\" sizes=\"(max-width: 819px) 100vw, 819px\" \/><\/div>\n\t\t<\/a>\n\t\t\t\t<div class=\"elementor-post__text\">\n\t\t\t\t<h3 class=\"elementor-post__title\">\n\t\t\t<a href=\"https:\/\/coscyl.com\/en\/pilar-montoya-chica\/\" >\n\t\t\t\tPilar Montoya Chica\t\t\t<\/a>\n\t\t<\/h3>\n\t\t\t\t<div class=\"elementor-post__excerpt\">\n\t\t\t<p>Artista polifac\u00e9tica nacida en Zaragoza. Comenz\u00f3 la carrera de Piano con M. Pesci, obteniendo el T\u00edtulo de Profesor. A la<\/p>\n\t\t<\/div>\n\t\t\t\t\t<div class=\"elementor-post__read-more-wrapper\">\n\t\t\n\t\t<a class=\"elementor-post__read-more\" href=\"https:\/\/coscyl.com\/en\/pilar-montoya-chica\/\" aria-label=\"Read more about Pilar Montoya Chica\" tabindex=\"-1\" >\n\t\t\tLeer m\u00e1s\t\t<\/a>\n\n\t\t\t\t\t<\/div>\n\t\t\t\t<\/div>\n\t\t\t\t<\/article>\n\t\t\t\t<\/div>\n\t\t\t\t\t<span class=\"e-load-more-spinner\">\n\t\t\t\t<svg aria-hidden=\"true\" class=\"e-font-icon-svg e-fas-spinner\" viewbox=\"0 0 512 512\" xmlns=\"http:\/\/www.w3.org\/2000\/svg\"><path d=\"M304 48c0 26.51-21.49 48-48 48s-48-21.49-48-48 21.49-48 48-48 48 21.49 48 48zm-48 368c-26.51 0-48 21.49-48 48s21.49 48 48 48 48-21.49 48-48-21.49-48-48-48zm208-208c-26.51 0-48 21.49-48 48s21.49 48 48 48 48-21.49 48-48-21.49-48-48-48zM96 256c0-26.51-21.49-48-48-48S0 229.49 0 256s21.49 48 48 48 48-21.49 48-48zm12.922 99.078c-26.51 0-48 21.49-48 48s21.49 48 48 48 48-21.49 48-48c0-26.509-21.491-48-48-48zm294.156 0c-26.51 0-48 21.49-48 48s21.49 48 48 48 48-21.49 48-48c0-26.509-21.49-48-48-48zM108.922 60.922c-26.51 0-48 21.49-48 48s21.49 48 48 48 48-21.49 48-48-21.491-48-48-48z\"><\/path><\/svg>\t\t\t<\/span>\n\t\t\n\t\t\t\t\t\t<\/div>\n\t\t\t\t<\/div>\n\t\t\t\t<\/div>\n\t\t<div class=\"elementor-element elementor-element-10bfda7 e-con-full e-flex e-con e-parent\" data-id=\"10bfda7\" data-element_type=\"container\">\n\t\t\t\t<div class=\"elementor-element elementor-element-a7ae065 elementor-widget elementor-widget-heading\" data-id=\"a7ae065\" data-element_type=\"widget\" data-widget_type=\"heading.default\">\n\t\t\t\t<div class=\"elementor-widget-container\">\n\t\t\t\t\t<h2 class=\"elementor-heading-title elementor-size-default\">\u00d3rgano<\/h2>\t\t\t\t<\/div>\n\t\t\t\t<\/div>\n\t\t\t\t<\/div>\n\t\t<div class=\"elementor-element elementor-element-be2a9ad e-con-full e-flex e-con e-parent\" data-id=\"be2a9ad\" data-element_type=\"container\">\n\t\t\t\t<div class=\"elementor-element elementor-element-b4fc765 elementor-grid-tablet-1 elementor-grid-2 elementor-posts--thumbnail-right elementor-grid-mobile-1 load-more-align-center elementor-invisible elementor-widget elementor-widget-posts\" data-id=\"b4fc765\" data-element_type=\"widget\" data-settings=\"{&quot;classic_columns_tablet&quot;:&quot;1&quot;,&quot;classic_row_gap_mobile&quot;:{&quot;unit&quot;:&quot;px&quot;,&quot;size&quot;:52,&quot;sizes&quot;:[]},&quot;pagination_type&quot;:&quot;load_more_on_click&quot;,&quot;_animation&quot;:&quot;fadeIn&quot;,&quot;classic_columns&quot;:&quot;2&quot;,&quot;classic_row_gap&quot;:{&quot;unit&quot;:&quot;px&quot;,&quot;size&quot;:30,&quot;sizes&quot;:[]},&quot;classic_columns_mobile&quot;:&quot;1&quot;,&quot;classic_row_gap_tablet&quot;:{&quot;unit&quot;:&quot;px&quot;,&quot;size&quot;:&quot;&quot;,&quot;sizes&quot;:[]},&quot;load_more_spinner&quot;:{&quot;value&quot;:&quot;fas fa-spinner&quot;,&quot;library&quot;:&quot;fa-solid&quot;}}\" data-widget_type=\"posts.classic\">\n\t\t\t\t<div class=\"elementor-widget-container\">\n\t\t\t\t\t\t\t<div class=\"elementor-posts-container elementor-posts elementor-posts--skin-classic elementor-grid\" role=\"list\">\n\t\t\t\t<article class=\"elementor-post elementor-grid-item post-1162 post type-post status-publish format-standard has-post-thumbnail hentry category-organo\" role=\"listitem\">\n\t\t\t\t<a class=\"elementor-post__thumbnail__link\" href=\"https:\/\/coscyl.com\/en\/saskia-roures-navarro\/\" tabindex=\"-1\" >\n\t\t\t<div class=\"elementor-post__thumbnail\"><img loading=\"lazy\" decoding=\"async\" width=\"2339\" height=\"1572\" src=\"https:\/\/coscyl.com\/wp-content\/uploads\/2023\/07\/Saskia_Roures-Foto_Jorge_Nicolas.jpg\" class=\"attachment-full size-full wp-image-7454\" alt=\"\" srcset=\"https:\/\/coscyl.com\/wp-content\/uploads\/2023\/07\/Saskia_Roures-Foto_Jorge_Nicolas.jpg 2339w, https:\/\/coscyl.com\/wp-content\/uploads\/2023\/07\/Saskia_Roures-Foto_Jorge_Nicolas-300x202.jpg 300w, https:\/\/coscyl.com\/wp-content\/uploads\/2023\/07\/Saskia_Roures-Foto_Jorge_Nicolas-1024x688.jpg 1024w, https:\/\/coscyl.com\/wp-content\/uploads\/2023\/07\/Saskia_Roures-Foto_Jorge_Nicolas-768x516.jpg 768w, https:\/\/coscyl.com\/wp-content\/uploads\/2023\/07\/Saskia_Roures-Foto_Jorge_Nicolas-1536x1032.jpg 1536w, https:\/\/coscyl.com\/wp-content\/uploads\/2023\/07\/Saskia_Roures-Foto_Jorge_Nicolas-2048x1376.jpg 2048w, https:\/\/coscyl.com\/wp-content\/uploads\/2023\/07\/Saskia_Roures-Foto_Jorge_Nicolas-18x12.jpg 18w\" sizes=\"(max-width: 2339px) 100vw, 2339px\" \/><\/div>\n\t\t<\/a>\n\t\t\t\t<div class=\"elementor-post__text\">\n\t\t\t\t<h3 class=\"elementor-post__title\">\n\t\t\t<a href=\"https:\/\/coscyl.com\/en\/saskia-roures-navarro\/\" >\n\t\t\t\tSaskia Roures Navarro\t\t\t<\/a>\n\t\t<\/h3>\n\t\t\t\t<div class=\"elementor-post__excerpt\">\n\t\t\t<p>Descubrir, transmitir y compartir la belleza de la m\u00fasica es el principal objetivo de Saskia Roures. Su trayectoria profesional como<\/p>\n\t\t<\/div>\n\t\t\t\t\t<div class=\"elementor-post__read-more-wrapper\">\n\t\t\n\t\t<a class=\"elementor-post__read-more\" href=\"https:\/\/coscyl.com\/en\/saskia-roures-navarro\/\" aria-label=\"Read more about Saskia Roures Navarro\" tabindex=\"-1\" >\n\t\t\tLeer m\u00e1s\t\t<\/a>\n\n\t\t\t\t\t<\/div>\n\t\t\t\t<\/div>\n\t\t\t\t<\/article>\n\t\t\t\t<\/div>\n\t\t\t\t\t<span class=\"e-load-more-spinner\">\n\t\t\t\t<svg aria-hidden=\"true\" class=\"e-font-icon-svg e-fas-spinner\" viewbox=\"0 0 512 512\" xmlns=\"http:\/\/www.w3.org\/2000\/svg\"><path d=\"M304 48c0 26.51-21.49 48-48 48s-48-21.49-48-48 21.49-48 48-48 48 21.49 48 48zm-48 368c-26.51 0-48 21.49-48 48s21.49 48 48 48 48-21.49 48-48-21.49-48-48-48zm208-208c-26.51 0-48 21.49-48 48s21.49 48 48 48 48-21.49 48-48-21.49-48-48-48zM96 256c0-26.51-21.49-48-48-48S0 229.49 0 256s21.49 48 48 48 48-21.49 48-48zm12.922 99.078c-26.51 0-48 21.49-48 48s21.49 48 48 48 48-21.49 48-48c0-26.509-21.491-48-48-48zm294.156 0c-26.51 0-48 21.49-48 48s21.49 48 48 48 48-21.49 48-48c0-26.509-21.49-48-48-48zM108.922 60.922c-26.51 0-48 21.49-48 48s21.49 48 48 48 48-21.49 48-48-21.491-48-48-48z\"><\/path><\/svg>\t\t\t<\/span>\n\t\t\n\t\t\t\t\t\t<\/div>\n\t\t\t\t<\/div>\n\t\t\t\t<\/div>\n\t\t<div class=\"elementor-element elementor-element-abe6250 e-con-full e-flex e-con e-parent\" data-id=\"abe6250\" data-element_type=\"container\">\n\t\t\t\t<div class=\"elementor-element elementor-element-56745ae elementor-widget elementor-widget-heading\" data-id=\"56745ae\" data-element_type=\"widget\" data-widget_type=\"heading.default\">\n\t\t\t\t<div class=\"elementor-widget-container\">\n\t\t\t\t\t<h2 class=\"elementor-heading-title elementor-size-default\">Flauta de Pico<\/h2>\t\t\t\t<\/div>\n\t\t\t\t<\/div>\n\t\t\t\t<\/div>\n\t\t<div class=\"elementor-element elementor-element-604f10e e-con-full e-flex e-con e-parent\" data-id=\"604f10e\" data-element_type=\"container\">\n\t\t\t\t<div class=\"elementor-element elementor-element-5e9a8e1 elementor-grid-tablet-1 elementor-grid-2 elementor-posts--thumbnail-right elementor-grid-mobile-1 load-more-align-center elementor-invisible elementor-widget elementor-widget-posts\" data-id=\"5e9a8e1\" data-element_type=\"widget\" data-settings=\"{&quot;classic_columns_tablet&quot;:&quot;1&quot;,&quot;classic_row_gap_mobile&quot;:{&quot;unit&quot;:&quot;px&quot;,&quot;size&quot;:52,&quot;sizes&quot;:[]},&quot;pagination_type&quot;:&quot;load_more_on_click&quot;,&quot;_animation&quot;:&quot;fadeIn&quot;,&quot;classic_columns&quot;:&quot;2&quot;,&quot;classic_row_gap&quot;:{&quot;unit&quot;:&quot;px&quot;,&quot;size&quot;:30,&quot;sizes&quot;:[]},&quot;classic_columns_mobile&quot;:&quot;1&quot;,&quot;classic_row_gap_tablet&quot;:{&quot;unit&quot;:&quot;px&quot;,&quot;size&quot;:&quot;&quot;,&quot;sizes&quot;:[]},&quot;load_more_spinner&quot;:{&quot;value&quot;:&quot;fas fa-spinner&quot;,&quot;library&quot;:&quot;fa-solid&quot;}}\" data-widget_type=\"posts.classic\">\n\t\t\t\t<div class=\"elementor-widget-container\">\n\t\t\t\t\t\t\t<div class=\"elementor-posts-container elementor-posts elementor-posts--skin-classic elementor-grid\" role=\"list\">\n\t\t\t\t<article class=\"elementor-post elementor-grid-item post-1240 post type-post status-publish format-standard has-post-thumbnail hentry category-solista-orquesta category-flauta-de-pico\" role=\"listitem\">\n\t\t\t\t<a class=\"elementor-post__thumbnail__link\" href=\"https:\/\/coscyl.com\/en\/tamar-lalo\/\" tabindex=\"-1\" >\n\t\t\t<div class=\"elementor-post__thumbnail\"><img loading=\"lazy\" decoding=\"async\" width=\"750\" height=\"500\" src=\"https:\/\/coscyl.com\/wp-content\/uploads\/2023\/07\/TamarLalo.jpg\" class=\"attachment-full size-full wp-image-1241\" alt=\"\" srcset=\"https:\/\/coscyl.com\/wp-content\/uploads\/2023\/07\/TamarLalo.jpg 750w, https:\/\/coscyl.com\/wp-content\/uploads\/2023\/07\/TamarLalo-300x200.jpg 300w, https:\/\/coscyl.com\/wp-content\/uploads\/2023\/07\/TamarLalo-18x12.jpg 18w\" sizes=\"(max-width: 750px) 100vw, 750px\" \/><\/div>\n\t\t<\/a>\n\t\t\t\t<div class=\"elementor-post__text\">\n\t\t\t\t<h3 class=\"elementor-post__title\">\n\t\t\t<a href=\"https:\/\/coscyl.com\/en\/tamar-lalo\/\" >\n\t\t\t\tTamar Lalo\t\t\t<\/a>\n\t\t<\/h3>\n\t\t\t\t<div class=\"elementor-post__excerpt\">\n\t\t\t<p>Tamar Lalo es una flautista israel\u00ed. Tras desarrollar una importante carrera en Israel, tocando como solista con numerosas orquestas, como<\/p>\n\t\t<\/div>\n\t\t\t\t\t<div class=\"elementor-post__read-more-wrapper\">\n\t\t\n\t\t<a class=\"elementor-post__read-more\" href=\"https:\/\/coscyl.com\/en\/tamar-lalo\/\" aria-label=\"Read more about Tamar Lalo\" tabindex=\"-1\" >\n\t\t\tLeer m\u00e1s\t\t<\/a>\n\n\t\t\t\t\t<\/div>\n\t\t\t\t<\/div>\n\t\t\t\t<\/article>\n\t\t\t\t<\/div>\n\t\t\t\t\t<span class=\"e-load-more-spinner\">\n\t\t\t\t<svg aria-hidden=\"true\" class=\"e-font-icon-svg e-fas-spinner\" viewbox=\"0 0 512 512\" xmlns=\"http:\/\/www.w3.org\/2000\/svg\"><path d=\"M304 48c0 26.51-21.49 48-48 48s-48-21.49-48-48 21.49-48 48-48 48 21.49 48 48zm-48 368c-26.51 0-48 21.49-48 48s21.49 48 48 48 48-21.49 48-48-21.49-48-48-48zm208-208c-26.51 0-48 21.49-48 48s21.49 48 48 48 48-21.49 48-48-21.49-48-48-48zM96 256c0-26.51-21.49-48-48-48S0 229.49 0 256s21.49 48 48 48 48-21.49 48-48zm12.922 99.078c-26.51 0-48 21.49-48 48s21.49 48 48 48 48-21.49 48-48c0-26.509-21.491-48-48-48zm294.156 0c-26.51 0-48 21.49-48 48s21.49 48 48 48 48-21.49 48-48c0-26.509-21.49-48-48-48zM108.922 60.922c-26.51 0-48 21.49-48 48s21.49 48 48 48 48-21.49 48-48-21.491-48-48-48z\"><\/path><\/svg>\t\t\t<\/span>\n\t\t\n\t\t\t\t\t\t<\/div>\n\t\t\t\t<\/div>\n\t\t\t\t<\/div>\n\t\t<div class=\"elementor-element elementor-element-4e03c68 e-con-full e-flex e-con e-parent\" data-id=\"4e03c68\" data-element_type=\"container\">\n\t\t\t\t<div class=\"elementor-element elementor-element-0967ba3 elementor-widget elementor-widget-heading\" data-id=\"0967ba3\" data-element_type=\"widget\" data-widget_type=\"heading.default\">\n\t\t\t\t<div class=\"elementor-widget-container\">\n\t\t\t\t\t<h2 class=\"elementor-heading-title elementor-size-default\">Viola da Gamba<\/h2>\t\t\t\t<\/div>\n\t\t\t\t<\/div>\n\t\t\t\t<\/div>\n\t\t<div class=\"elementor-element elementor-element-547586a e-con-full e-flex e-con e-parent\" data-id=\"547586a\" data-element_type=\"container\">\n\t\t\t\t<div class=\"elementor-element elementor-element-d16057b elementor-grid-tablet-1 elementor-grid-2 elementor-posts--thumbnail-right elementor-grid-mobile-1 load-more-align-center elementor-invisible elementor-widget elementor-widget-posts\" data-id=\"d16057b\" data-element_type=\"widget\" data-settings=\"{&quot;classic_columns_tablet&quot;:&quot;1&quot;,&quot;classic_row_gap_mobile&quot;:{&quot;unit&quot;:&quot;px&quot;,&quot;size&quot;:52,&quot;sizes&quot;:[]},&quot;pagination_type&quot;:&quot;load_more_on_click&quot;,&quot;_animation&quot;:&quot;fadeIn&quot;,&quot;classic_columns&quot;:&quot;2&quot;,&quot;classic_row_gap&quot;:{&quot;unit&quot;:&quot;px&quot;,&quot;size&quot;:30,&quot;sizes&quot;:[]},&quot;classic_columns_mobile&quot;:&quot;1&quot;,&quot;classic_row_gap_tablet&quot;:{&quot;unit&quot;:&quot;px&quot;,&quot;size&quot;:&quot;&quot;,&quot;sizes&quot;:[]},&quot;load_more_spinner&quot;:{&quot;value&quot;:&quot;fas fa-spinner&quot;,&quot;library&quot;:&quot;fa-solid&quot;}}\" data-widget_type=\"posts.classic\">\n\t\t\t\t<div class=\"elementor-widget-container\">\n\t\t\t\t\t\t\t<div class=\"elementor-posts-container elementor-posts elementor-posts--skin-classic elementor-grid\" role=\"list\">\n\t\t\t\t<article class=\"elementor-post elementor-grid-item post-1243 post type-post status-publish format-standard has-post-thumbnail hentry category-solista-orquesta category-viola-da-gamba\" role=\"listitem\">\n\t\t\t\t<a class=\"elementor-post__thumbnail__link\" href=\"https:\/\/coscyl.com\/en\/calia-alvarez-dotres\/\" tabindex=\"-1\" >\n\t\t\t<div class=\"elementor-post__thumbnail\"><img loading=\"lazy\" decoding=\"async\" width=\"476\" height=\"717\" src=\"https:\/\/coscyl.com\/wp-content\/uploads\/2023\/07\/CaliaAlvarez.jpg\" class=\"attachment-full size-full wp-image-1244\" alt=\"\" srcset=\"https:\/\/coscyl.com\/wp-content\/uploads\/2023\/07\/CaliaAlvarez.jpg 476w, https:\/\/coscyl.com\/wp-content\/uploads\/2023\/07\/CaliaAlvarez-199x300.jpg 199w, https:\/\/coscyl.com\/wp-content\/uploads\/2023\/07\/CaliaAlvarez-8x12.jpg 8w\" sizes=\"(max-width: 476px) 100vw, 476px\" \/><\/div>\n\t\t<\/a>\n\t\t\t\t<div class=\"elementor-post__text\">\n\t\t\t\t<h3 class=\"elementor-post__title\">\n\t\t\t<a href=\"https:\/\/coscyl.com\/en\/calia-alvarez-dotres\/\" >\n\t\t\t\tCalia \u00c1lvarez Dotres\t\t\t<\/a>\n\t\t<\/h3>\n\t\t\t\t<div class=\"elementor-post__excerpt\">\n\t\t\t<p>Nace en La Habana donde se grad\u00faa en la especialidad de violoncello. Durante su etapa de estudiante obtiene diversos premios<\/p>\n\t\t<\/div>\n\t\t\t\t\t<div class=\"elementor-post__read-more-wrapper\">\n\t\t\n\t\t<a class=\"elementor-post__read-more\" href=\"https:\/\/coscyl.com\/en\/calia-alvarez-dotres\/\" aria-label=\"Read more about Calia \u00c1lvarez Dotres\" tabindex=\"-1\" >\n\t\t\tLeer m\u00e1s\t\t<\/a>\n\n\t\t\t\t\t<\/div>\n\t\t\t\t<\/div>\n\t\t\t\t<\/article>\n\t\t\t\t<\/div>\n\t\t\t\t\t<span class=\"e-load-more-spinner\">\n\t\t\t\t<svg aria-hidden=\"true\" class=\"e-font-icon-svg e-fas-spinner\" viewbox=\"0 0 512 512\" xmlns=\"http:\/\/www.w3.org\/2000\/svg\"><path d=\"M304 48c0 26.51-21.49 48-48 48s-48-21.49-48-48 21.49-48 48-48 48 21.49 48 48zm-48 368c-26.51 0-48 21.49-48 48s21.49 48 48 48 48-21.49 48-48-21.49-48-48-48zm208-208c-26.51 0-48 21.49-48 48s21.49 48 48 48 48-21.49 48-48-21.49-48-48-48zM96 256c0-26.51-21.49-48-48-48S0 229.49 0 256s21.49 48 48 48 48-21.49 48-48zm12.922 99.078c-26.51 0-48 21.49-48 48s21.49 48 48 48 48-21.49 48-48c0-26.509-21.491-48-48-48zm294.156 0c-26.51 0-48 21.49-48 48s21.49 48 48 48 48-21.49 48-48c0-26.509-21.49-48-48-48zM108.922 60.922c-26.51 0-48 21.49-48 48s21.49 48 48 48 48-21.49 48-48-21.491-48-48-48z\"><\/path><\/svg>\t\t\t<\/span>\n\t\t\n\t\t\t\t\t\t<\/div>\n\t\t\t\t<\/div>\n\t\t\t\t<div class=\"elementor-element elementor-element-1dccaf3 elementor-widget elementor-widget-menu-anchor\" data-id=\"1dccaf3\" data-element_type=\"widget\" data-widget_type=\"menu-anchor.default\">\n\t\t\t\t<div class=\"elementor-widget-container\">\n\t\t\t\t\t\t\t<div class=\"elementor-menu-anchor\" id=\"musicologia-etnomusicologia\"><\/div>\n\t\t\t\t\t\t<\/div>\n\t\t\t\t<\/div>\n\t\t\t\t<\/div>\n\t\t<div class=\"elementor-element elementor-element-b48d425 e-flex e-con-boxed e-con e-parent\" data-id=\"b48d425\" data-element_type=\"container\">\n\t\t\t\t\t<div class=\"e-con-inner\">\n\t\t<div class=\"elementor-element elementor-element-55c57bc e-grid e-con-full e-con e-child\" data-id=\"55c57bc\" data-element_type=\"container\">\n\t\t\t\t<div class=\"elementor-element elementor-element-f91fd03 elementor-widget elementor-widget-heading\" data-id=\"f91fd03\" data-element_type=\"widget\" data-widget_type=\"heading.default\">\n\t\t\t\t<div class=\"elementor-widget-container\">\n\t\t\t\t\t<h2 class=\"elementor-heading-title elementor-size-default\">Departamento de M\u00fasicolog\u00eda y Etnomusicolog\u00eda<\/h2>\t\t\t\t<\/div>\n\t\t\t\t<\/div>\n\t\t\t\t<\/div>\n\t\t\t\t\t<\/div>\n\t\t\t\t<\/div>\n\t\t<div class=\"elementor-element elementor-element-779af68 e-con-full e-flex e-con e-parent\" data-id=\"779af68\" data-element_type=\"container\">\n\t\t\t\t<div class=\"elementor-element elementor-element-21eb18b elementor-widget elementor-widget-heading\" data-id=\"21eb18b\" data-element_type=\"widget\" data-widget_type=\"heading.default\">\n\t\t\t\t<div class=\"elementor-widget-container\">\n\t\t\t\t\t<h2 class=\"elementor-heading-title elementor-size-default\">Etnomusicolog\u00eda<\/h2>\t\t\t\t<\/div>\n\t\t\t\t<\/div>\n\t\t\t\t<\/div>\n\t\t<div class=\"elementor-element elementor-element-ea0a9e0 e-con-full e-flex e-con e-parent\" data-id=\"ea0a9e0\" data-element_type=\"container\">\n\t\t\t\t<div class=\"elementor-element elementor-element-fe7e1d0 elementor-grid-tablet-1 elementor-grid-2 elementor-posts--thumbnail-right elementor-grid-mobile-1 load-more-align-center elementor-invisible elementor-widget elementor-widget-posts\" data-id=\"fe7e1d0\" data-element_type=\"widget\" data-settings=\"{&quot;classic_columns_tablet&quot;:&quot;1&quot;,&quot;classic_row_gap_mobile&quot;:{&quot;unit&quot;:&quot;px&quot;,&quot;size&quot;:52,&quot;sizes&quot;:[]},&quot;pagination_type&quot;:&quot;load_more_on_click&quot;,&quot;_animation&quot;:&quot;fadeIn&quot;,&quot;classic_columns&quot;:&quot;2&quot;,&quot;classic_row_gap&quot;:{&quot;unit&quot;:&quot;px&quot;,&quot;size&quot;:30,&quot;sizes&quot;:[]},&quot;classic_columns_mobile&quot;:&quot;1&quot;,&quot;classic_row_gap_tablet&quot;:{&quot;unit&quot;:&quot;px&quot;,&quot;size&quot;:&quot;&quot;,&quot;sizes&quot;:[]},&quot;load_more_spinner&quot;:{&quot;value&quot;:&quot;fas fa-spinner&quot;,&quot;library&quot;:&quot;fa-solid&quot;}}\" data-widget_type=\"posts.classic\">\n\t\t\t\t<div class=\"elementor-widget-container\">\n\t\t\t\t\t\t\t<div class=\"elementor-posts-container elementor-posts elementor-posts--skin-classic elementor-grid\" role=\"list\">\n\t\t\t\t<article class=\"elementor-post elementor-grid-item post-1237 post type-post status-publish format-standard has-post-thumbnail hentry category-etnomusicologia\" role=\"listitem\">\n\t\t\t\t<a class=\"elementor-post__thumbnail__link\" href=\"https:\/\/coscyl.com\/en\/samuel-maillo\/\" tabindex=\"-1\" >\n\t\t\t<div class=\"elementor-post__thumbnail\"><img loading=\"lazy\" decoding=\"async\" width=\"1080\" height=\"675\" src=\"https:\/\/coscyl.com\/wp-content\/uploads\/2023\/07\/concierto-ano-nuevo-1080x675-1.jpg\" class=\"attachment-full size-full wp-image-1238\" alt=\"\" srcset=\"https:\/\/coscyl.com\/wp-content\/uploads\/2023\/07\/concierto-ano-nuevo-1080x675-1.jpg 1080w, https:\/\/coscyl.com\/wp-content\/uploads\/2023\/07\/concierto-ano-nuevo-1080x675-1-300x188.jpg 300w, https:\/\/coscyl.com\/wp-content\/uploads\/2023\/07\/concierto-ano-nuevo-1080x675-1-1024x640.jpg 1024w, https:\/\/coscyl.com\/wp-content\/uploads\/2023\/07\/concierto-ano-nuevo-1080x675-1-768x480.jpg 768w, https:\/\/coscyl.com\/wp-content\/uploads\/2023\/07\/concierto-ano-nuevo-1080x675-1-18x12.jpg 18w\" sizes=\"(max-width: 1080px) 100vw, 1080px\" \/><\/div>\n\t\t<\/a>\n\t\t\t\t<div class=\"elementor-post__text\">\n\t\t\t\t<h3 class=\"elementor-post__title\">\n\t\t\t<a href=\"https:\/\/coscyl.com\/en\/samuel-maillo\/\" >\n\t\t\t\tSamuel Ma\u00edllo\t\t\t<\/a>\n\t\t<\/h3>\n\t\t\t\t<div class=\"elementor-post__excerpt\">\n\t\t\t<p>Samuel Pedro Ma\u00edllo de Pablo, natural de B\u00e9jar, realiza su formaci\u00f3n inicial en el Conservatorio Profesional de M\u00fasica de Salamanca,<\/p>\n\t\t<\/div>\n\t\t\t\t\t<div class=\"elementor-post__read-more-wrapper\">\n\t\t\n\t\t<a class=\"elementor-post__read-more\" href=\"https:\/\/coscyl.com\/en\/samuel-maillo\/\" aria-label=\"Read more about Samuel Ma\u00edllo\" tabindex=\"-1\" >\n\t\t\tLeer m\u00e1s\t\t<\/a>\n\n\t\t\t\t\t<\/div>\n\t\t\t\t<\/div>\n\t\t\t\t<\/article>\n\t\t\t\t<article class=\"elementor-post elementor-grid-item post-1246 post type-post status-publish format-standard has-post-thumbnail hentry category-etnomusicologia category-trabajo-fin-master\" role=\"listitem\">\n\t\t\t\t<a class=\"elementor-post__thumbnail__link\" href=\"https:\/\/coscyl.com\/en\/julia-andres-oliveira\/\" tabindex=\"-1\" >\n\t\t\t<div class=\"elementor-post__thumbnail\"><img loading=\"lazy\" decoding=\"async\" width=\"750\" height=\"946\" src=\"https:\/\/coscyl.com\/wp-content\/uploads\/2023\/07\/JuliaAndres.jpg\" class=\"attachment-full size-full wp-image-1248\" alt=\"\" srcset=\"https:\/\/coscyl.com\/wp-content\/uploads\/2023\/07\/JuliaAndres.jpg 750w, https:\/\/coscyl.com\/wp-content\/uploads\/2023\/07\/JuliaAndres-238x300.jpg 238w, https:\/\/coscyl.com\/wp-content\/uploads\/2023\/07\/JuliaAndres-10x12.jpg 10w\" sizes=\"(max-width: 750px) 100vw, 750px\" \/><\/div>\n\t\t<\/a>\n\t\t\t\t<div class=\"elementor-post__text\">\n\t\t\t\t<h3 class=\"elementor-post__title\">\n\t\t\t<a href=\"https:\/\/coscyl.com\/en\/julia-andres-oliveira\/\" >\n\t\t\t\tJulia Andr\u00e9s Oliveira\t\t\t<\/a>\n\t\t<\/h3>\n\t\t\t\t<div class=\"elementor-post__excerpt\">\n\t\t\t<p>Estudia piano en el conservatorio de su ciudad natal, Zamora y posteriormente realiza el grado superior en la especialidad de<\/p>\n\t\t<\/div>\n\t\t\t\t\t<div class=\"elementor-post__read-more-wrapper\">\n\t\t\n\t\t<a class=\"elementor-post__read-more\" href=\"https:\/\/coscyl.com\/en\/julia-andres-oliveira\/\" aria-label=\"Read more about Julia Andr\u00e9s Oliveira\" tabindex=\"-1\" >\n\t\t\tLeer m\u00e1s\t\t<\/a>\n\n\t\t\t\t\t<\/div>\n\t\t\t\t<\/div>\n\t\t\t\t<\/article>\n\t\t\t\t<article class=\"elementor-post elementor-grid-item post-1250 post type-post status-publish format-standard has-post-thumbnail hentry category-etnomusicologia\" role=\"listitem\">\n\t\t\t\t<a class=\"elementor-post__thumbnail__link\" href=\"https:\/\/coscyl.com\/en\/eduardo-contreras-rodriguez\/\" tabindex=\"-1\" >\n\t\t\t<div class=\"elementor-post__thumbnail\"><img loading=\"lazy\" decoding=\"async\" width=\"868\" height=\"1290\" src=\"https:\/\/coscyl.com\/wp-content\/uploads\/2023\/07\/Eduardo-Contreras.jpg\" class=\"attachment-full size-full wp-image-1247\" alt=\"\" srcset=\"https:\/\/coscyl.com\/wp-content\/uploads\/2023\/07\/Eduardo-Contreras.jpg 868w, https:\/\/coscyl.com\/wp-content\/uploads\/2023\/07\/Eduardo-Contreras-202x300.jpg 202w, https:\/\/coscyl.com\/wp-content\/uploads\/2023\/07\/Eduardo-Contreras-689x1024.jpg 689w, https:\/\/coscyl.com\/wp-content\/uploads\/2023\/07\/Eduardo-Contreras-768x1141.jpg 768w, https:\/\/coscyl.com\/wp-content\/uploads\/2023\/07\/Eduardo-Contreras-8x12.jpg 8w\" sizes=\"(max-width: 868px) 100vw, 868px\" \/><\/div>\n\t\t<\/a>\n\t\t\t\t<div class=\"elementor-post__text\">\n\t\t\t\t<h3 class=\"elementor-post__title\">\n\t\t\t<a href=\"https:\/\/coscyl.com\/en\/eduardo-contreras-rodriguez\/\" >\n\t\t\t\tEduardo Contreras Rodr\u00edguez\t\t\t<\/a>\n\t\t<\/h3>\n\t\t\t\t<div class=\"elementor-post__excerpt\">\n\t\t\t<p>Coordinador de Relaciones Internacionales y profesor de etnomusicolog\u00eda del Conservatorio Superior de M\u00fasica de Castilla y Le\u00f3n (COSCYL). Realiz\u00f3 sus<\/p>\n\t\t<\/div>\n\t\t\t\t\t<div class=\"elementor-post__read-more-wrapper\">\n\t\t\n\t\t<a class=\"elementor-post__read-more\" href=\"https:\/\/coscyl.com\/en\/eduardo-contreras-rodriguez\/\" aria-label=\"Read more about Eduardo Contreras Rodr\u00edguez\" tabindex=\"-1\" >\n\t\t\tLeer m\u00e1s\t\t<\/a>\n\n\t\t\t\t\t<\/div>\n\t\t\t\t<\/div>\n\t\t\t\t<\/article>\n\t\t\t\t<\/div>\n\t\t\t\t\t<span class=\"e-load-more-spinner\">\n\t\t\t\t<svg aria-hidden=\"true\" class=\"e-font-icon-svg e-fas-spinner\" viewbox=\"0 0 512 512\" xmlns=\"http:\/\/www.w3.org\/2000\/svg\"><path d=\"M304 48c0 26.51-21.49 48-48 48s-48-21.49-48-48 21.49-48 48-48 48 21.49 48 48zm-48 368c-26.51 0-48 21.49-48 48s21.49 48 48 48 48-21.49 48-48-21.49-48-48-48zm208-208c-26.51 0-48 21.49-48 48s21.49 48 48 48 48-21.49 48-48-21.49-48-48-48zM96 256c0-26.51-21.49-48-48-48S0 229.49 0 256s21.49 48 48 48 48-21.49 48-48zm12.922 99.078c-26.51 0-48 21.49-48 48s21.49 48 48 48 48-21.49 48-48c0-26.509-21.491-48-48-48zm294.156 0c-26.51 0-48 21.49-48 48s21.49 48 48 48 48-21.49 48-48c0-26.509-21.49-48-48-48zM108.922 60.922c-26.51 0-48 21.49-48 48s21.49 48 48 48 48-21.49 48-48-21.491-48-48-48z\"><\/path><\/svg>\t\t\t<\/span>\n\t\t\n\t\t\t\t\t\t<\/div>\n\t\t\t\t<\/div>\n\t\t\t\t<\/div>\n\t\t<div class=\"elementor-element elementor-element-0c522a2 e-con-full e-flex e-con e-parent\" data-id=\"0c522a2\" data-element_type=\"container\">\n\t\t\t\t<div class=\"elementor-element elementor-element-6b59213 elementor-widget elementor-widget-heading\" data-id=\"6b59213\" data-element_type=\"widget\" data-widget_type=\"heading.default\">\n\t\t\t\t<div class=\"elementor-widget-container\">\n\t\t\t\t\t<h2 class=\"elementor-heading-title elementor-size-default\">Musicolog\u00eda<\/h2>\t\t\t\t<\/div>\n\t\t\t\t<\/div>\n\t\t\t\t<\/div>\n\t\t<div class=\"elementor-element elementor-element-e7e86c2 e-con-full e-flex e-con e-parent\" data-id=\"e7e86c2\" data-element_type=\"container\">\n\t\t\t\t<div class=\"elementor-element elementor-element-e873200 elementor-grid-tablet-1 elementor-grid-2 elementor-posts--thumbnail-right elementor-grid-mobile-1 load-more-align-center elementor-invisible elementor-widget elementor-widget-posts\" data-id=\"e873200\" data-element_type=\"widget\" data-settings=\"{&quot;classic_columns_tablet&quot;:&quot;1&quot;,&quot;classic_row_gap_mobile&quot;:{&quot;unit&quot;:&quot;px&quot;,&quot;size&quot;:52,&quot;sizes&quot;:[]},&quot;pagination_type&quot;:&quot;load_more_on_click&quot;,&quot;_animation&quot;:&quot;fadeIn&quot;,&quot;classic_columns&quot;:&quot;2&quot;,&quot;classic_row_gap&quot;:{&quot;unit&quot;:&quot;px&quot;,&quot;size&quot;:30,&quot;sizes&quot;:[]},&quot;classic_columns_mobile&quot;:&quot;1&quot;,&quot;classic_row_gap_tablet&quot;:{&quot;unit&quot;:&quot;px&quot;,&quot;size&quot;:&quot;&quot;,&quot;sizes&quot;:[]},&quot;load_more_spinner&quot;:{&quot;value&quot;:&quot;fas fa-spinner&quot;,&quot;library&quot;:&quot;fa-solid&quot;}}\" data-widget_type=\"posts.classic\">\n\t\t\t\t<div class=\"elementor-widget-container\">\n\t\t\t\t\t\t\t<div class=\"elementor-posts-container elementor-posts elementor-posts--skin-classic elementor-grid\" role=\"list\">\n\t\t\t\t<article class=\"elementor-post elementor-grid-item post-1261 post type-post status-publish format-standard has-post-thumbnail hentry category-musicologia\" role=\"listitem\">\n\t\t\t\t<a class=\"elementor-post__thumbnail__link\" href=\"https:\/\/coscyl.com\/en\/manuel-anon-escriba\/\" tabindex=\"-1\" >\n\t\t\t<div class=\"elementor-post__thumbnail\"><img loading=\"lazy\" decoding=\"async\" width=\"2560\" height=\"2560\" src=\"https:\/\/coscyl.com\/wp-content\/uploads\/2023\/07\/manuel-scaled.jpg\" class=\"attachment-full size-full wp-image-7312\" alt=\"\" srcset=\"https:\/\/coscyl.com\/wp-content\/uploads\/2023\/07\/manuel-scaled.jpg 2560w, https:\/\/coscyl.com\/wp-content\/uploads\/2023\/07\/manuel-300x300.jpg 300w, https:\/\/coscyl.com\/wp-content\/uploads\/2023\/07\/manuel-1024x1024.jpg 1024w, https:\/\/coscyl.com\/wp-content\/uploads\/2023\/07\/manuel-150x150.jpg 150w, https:\/\/coscyl.com\/wp-content\/uploads\/2023\/07\/manuel-768x768.jpg 768w, https:\/\/coscyl.com\/wp-content\/uploads\/2023\/07\/manuel-1536x1536.jpg 1536w, https:\/\/coscyl.com\/wp-content\/uploads\/2023\/07\/manuel-2048x2048.jpg 2048w, https:\/\/coscyl.com\/wp-content\/uploads\/2023\/07\/manuel-12x12.jpg 12w\" sizes=\"(max-width: 2560px) 100vw, 2560px\" \/><\/div>\n\t\t<\/a>\n\t\t\t\t<div class=\"elementor-post__text\">\n\t\t\t\t<h3 class=\"elementor-post__title\">\n\t\t\t<a href=\"https:\/\/coscyl.com\/en\/manuel-anon-escriba\/\" >\n\t\t\t\tManuel A\u00f1\u00f3n Escrib\u00e1\t\t\t<\/a>\n\t\t<\/h3>\n\t\t\t\t<div class=\"elementor-post__excerpt\">\n\t\t\t<p>Desciende de una larga saga de m\u00fasicos valencianos. Estudia en el Conservatorio Superior de M\u00fasica Joaqu\u00edn Rodrigo de la ciudad<\/p>\n\t\t<\/div>\n\t\t\t\t\t<div class=\"elementor-post__read-more-wrapper\">\n\t\t\n\t\t<a class=\"elementor-post__read-more\" href=\"https:\/\/coscyl.com\/en\/manuel-anon-escriba\/\" aria-label=\"Read more about Manuel A\u00f1\u00f3n Escrib\u00e1\" tabindex=\"-1\" >\n\t\t\tLeer m\u00e1s\t\t<\/a>\n\n\t\t\t\t\t<\/div>\n\t\t\t\t<\/div>\n\t\t\t\t<\/article>\n\t\t\t\t<article class=\"elementor-post elementor-grid-item post-1268 post type-post status-publish format-standard has-post-thumbnail hentry category-investigacion-musical category-musicologia category-trabajo-fin-master\" role=\"listitem\">\n\t\t\t\t<a class=\"elementor-post__thumbnail__link\" href=\"https:\/\/coscyl.com\/en\/joseba-berrocal-cebrian\/\" tabindex=\"-1\" >\n\t\t\t<div class=\"elementor-post__thumbnail\"><img loading=\"lazy\" decoding=\"async\" width=\"400\" height=\"346\" src=\"https:\/\/coscyl.com\/wp-content\/uploads\/2023\/07\/JosebaBerrocal.jpg\" class=\"attachment-full size-full wp-image-1269\" alt=\"\" srcset=\"https:\/\/coscyl.com\/wp-content\/uploads\/2023\/07\/JosebaBerrocal.jpg 400w, https:\/\/coscyl.com\/wp-content\/uploads\/2023\/07\/JosebaBerrocal-300x260.jpg 300w, https:\/\/coscyl.com\/wp-content\/uploads\/2023\/07\/JosebaBerrocal-14x12.jpg 14w\" sizes=\"(max-width: 400px) 100vw, 400px\" \/><\/div>\n\t\t<\/a>\n\t\t\t\t<div class=\"elementor-post__text\">\n\t\t\t\t<h3 class=\"elementor-post__title\">\n\t\t\t<a href=\"https:\/\/coscyl.com\/en\/joseba-berrocal-cebrian\/\" >\n\t\t\t\tJoseba Berrocal Cebri\u00e1n\t\t\t<\/a>\n\t\t<\/h3>\n\t\t\t\t<div class=\"elementor-post__excerpt\">\n\t\t\t<p>Tras estudiar en el Conservatorio Superior de Bilbao, recibe becas de la Fundaci\u00f3n BBK y de la Diutaci\u00f3n de Bizkaia<\/p>\n\t\t<\/div>\n\t\t\t\t\t<div class=\"elementor-post__read-more-wrapper\">\n\t\t\n\t\t<a class=\"elementor-post__read-more\" href=\"https:\/\/coscyl.com\/en\/joseba-berrocal-cebrian\/\" aria-label=\"Read more about Joseba Berrocal Cebri\u00e1n\" tabindex=\"-1\" >\n\t\t\tLeer m\u00e1s\t\t<\/a>\n\n\t\t\t\t\t<\/div>\n\t\t\t\t<\/div>\n\t\t\t\t<\/article>\n\t\t\t\t<article class=\"elementor-post elementor-grid-item post-1274 post type-post status-publish format-standard has-post-thumbnail hentry category-investigacion-musical category-musicologia category-trabajo-fin-master\" role=\"listitem\">\n\t\t\t\t<a class=\"elementor-post__thumbnail__link\" href=\"https:\/\/coscyl.com\/en\/sandra-myers-brown\/\" tabindex=\"-1\" >\n\t\t\t<div class=\"elementor-post__thumbnail\"><img loading=\"lazy\" decoding=\"async\" width=\"1734\" height=\"2560\" src=\"https:\/\/coscyl.com\/wp-content\/uploads\/2023\/07\/foto-Sandra-2W0A1952-recortada-1-scaled.jpg\" class=\"attachment-full size-full wp-image-8268\" alt=\"\" srcset=\"https:\/\/coscyl.com\/wp-content\/uploads\/2023\/07\/foto-Sandra-2W0A1952-recortada-1-scaled.jpg 1734w, https:\/\/coscyl.com\/wp-content\/uploads\/2023\/07\/foto-Sandra-2W0A1952-recortada-1-203x300.jpg 203w, https:\/\/coscyl.com\/wp-content\/uploads\/2023\/07\/foto-Sandra-2W0A1952-recortada-1-694x1024.jpg 694w, https:\/\/coscyl.com\/wp-content\/uploads\/2023\/07\/foto-Sandra-2W0A1952-recortada-1-768x1134.jpg 768w, https:\/\/coscyl.com\/wp-content\/uploads\/2023\/07\/foto-Sandra-2W0A1952-recortada-1-1040x1536.jpg 1040w, https:\/\/coscyl.com\/wp-content\/uploads\/2023\/07\/foto-Sandra-2W0A1952-recortada-1-1387x2048.jpg 1387w, https:\/\/coscyl.com\/wp-content\/uploads\/2023\/07\/foto-Sandra-2W0A1952-recortada-1-8x12.jpg 8w\" sizes=\"(max-width: 1734px) 100vw, 1734px\" \/><\/div>\n\t\t<\/a>\n\t\t\t\t<div class=\"elementor-post__text\">\n\t\t\t\t<h3 class=\"elementor-post__title\">\n\t\t\t<a href=\"https:\/\/coscyl.com\/en\/sandra-myers-brown\/\" >\n\t\t\t\tSandra Myers Brown\t\t\t<\/a>\n\t\t<\/h3>\n\t\t\t\t<div class=\"elementor-post__excerpt\">\n\t\t\t<p>Norteamericana de nacimiento, la Sra. Myers recibi\u00f3 su licenciatura (B.A.) en m\u00fasica en la Universidad de California, Los \u00c1ngeles (UCLA)<\/p>\n\t\t<\/div>\n\t\t\t\t\t<div class=\"elementor-post__read-more-wrapper\">\n\t\t\n\t\t<a class=\"elementor-post__read-more\" href=\"https:\/\/coscyl.com\/en\/sandra-myers-brown\/\" aria-label=\"Read more about Sandra Myers Brown\" tabindex=\"-1\" >\n\t\t\tLeer m\u00e1s\t\t<\/a>\n\n\t\t\t\t\t<\/div>\n\t\t\t\t<\/div>\n\t\t\t\t<\/article>\n\t\t\t\t<\/div>\n\t\t\t\t\t<span class=\"e-load-more-spinner\">\n\t\t\t\t<svg aria-hidden=\"true\" class=\"e-font-icon-svg e-fas-spinner\" viewbox=\"0 0 512 512\" xmlns=\"http:\/\/www.w3.org\/2000\/svg\"><path d=\"M304 48c0 26.51-21.49 48-48 48s-48-21.49-48-48 21.49-48 48-48 48 21.49 48 48zm-48 368c-26.51 0-48 21.49-48 48s21.49 48 48 48 48-21.49 48-48-21.49-48-48-48zm208-208c-26.51 0-48 21.49-48 48s21.49 48 48 48 48-21.49 48-48-21.49-48-48-48zM96 256c0-26.51-21.49-48-48-48S0 229.49 0 256s21.49 48 48 48 48-21.49 48-48zm12.922 99.078c-26.51 0-48 21.49-48 48s21.49 48 48 48 48-21.49 48-48c0-26.509-21.491-48-48-48zm294.156 0c-26.51 0-48 21.49-48 48s21.49 48 48 48 48-21.49 48-48c0-26.509-21.49-48-48-48zM108.922 60.922c-26.51 0-48 21.49-48 48s21.49 48 48 48 48-21.49 48-48-21.491-48-48-48z\"><\/path><\/svg>\t\t\t<\/span>\n\t\t\n\t\t\t\t\t\t<\/div>\n\t\t\t\t<\/div>\n\t\t\t\t<\/div>\n\t\t<div class=\"elementor-element elementor-element-f3b6109 e-con-full e-flex e-con e-parent\" data-id=\"f3b6109\" data-element_type=\"container\">\n\t\t\t\t<div class=\"elementor-element elementor-element-f4df70f elementor-widget elementor-widget-heading\" data-id=\"f4df70f\" data-element_type=\"widget\" data-widget_type=\"heading.default\">\n\t\t\t\t<div class=\"elementor-widget-container\">\n\t\t\t\t\t<h2 class=\"elementor-heading-title elementor-size-default\">Historia de la M\u00fasica<\/h2>\t\t\t\t<\/div>\n\t\t\t\t<\/div>\n\t\t\t\t<\/div>\n\t\t<div class=\"elementor-element elementor-element-494ebf7 e-con-full e-flex e-con e-parent\" data-id=\"494ebf7\" data-element_type=\"container\">\n\t\t\t\t<div class=\"elementor-element elementor-element-c0a5e2b elementor-grid-tablet-1 elementor-grid-2 elementor-posts--thumbnail-right elementor-grid-mobile-1 load-more-align-center elementor-invisible elementor-widget elementor-widget-posts\" data-id=\"c0a5e2b\" data-element_type=\"widget\" data-settings=\"{&quot;classic_columns_tablet&quot;:&quot;1&quot;,&quot;classic_row_gap_mobile&quot;:{&quot;unit&quot;:&quot;px&quot;,&quot;size&quot;:52,&quot;sizes&quot;:[]},&quot;pagination_type&quot;:&quot;load_more_on_click&quot;,&quot;_animation&quot;:&quot;fadeIn&quot;,&quot;classic_columns&quot;:&quot;2&quot;,&quot;classic_row_gap&quot;:{&quot;unit&quot;:&quot;px&quot;,&quot;size&quot;:30,&quot;sizes&quot;:[]},&quot;classic_columns_mobile&quot;:&quot;1&quot;,&quot;classic_row_gap_tablet&quot;:{&quot;unit&quot;:&quot;px&quot;,&quot;size&quot;:&quot;&quot;,&quot;sizes&quot;:[]},&quot;load_more_spinner&quot;:{&quot;value&quot;:&quot;fas fa-spinner&quot;,&quot;library&quot;:&quot;fa-solid&quot;}}\" data-widget_type=\"posts.classic\">\n\t\t\t\t<div class=\"elementor-widget-container\">\n\t\t\t\t\t\t\t<div class=\"elementor-posts-container elementor-posts elementor-posts--skin-classic elementor-grid\" role=\"list\">\n\t\t\t\t<article class=\"elementor-post elementor-grid-item post-1271 post type-post status-publish format-standard has-post-thumbnail hentry category-historia-de-la-musica\" role=\"listitem\">\n\t\t\t\t<a class=\"elementor-post__thumbnail__link\" href=\"https:\/\/coscyl.com\/en\/cristobal-abellan-de-la-rosa\/\" tabindex=\"-1\" >\n\t\t\t<div class=\"elementor-post__thumbnail\"><img loading=\"lazy\" decoding=\"async\" width=\"2560\" height=\"1707\" src=\"https:\/\/coscyl.com\/wp-content\/uploads\/2023\/07\/pexels-pixabay-164821-scaled.jpg\" class=\"attachment-full size-full wp-image-1160\" alt=\"\" srcset=\"https:\/\/coscyl.com\/wp-content\/uploads\/2023\/07\/pexels-pixabay-164821-scaled.jpg 2560w, https:\/\/coscyl.com\/wp-content\/uploads\/2023\/07\/pexels-pixabay-164821-300x200.jpg 300w, https:\/\/coscyl.com\/wp-content\/uploads\/2023\/07\/pexels-pixabay-164821-1024x683.jpg 1024w, https:\/\/coscyl.com\/wp-content\/uploads\/2023\/07\/pexels-pixabay-164821-768x512.jpg 768w, https:\/\/coscyl.com\/wp-content\/uploads\/2023\/07\/pexels-pixabay-164821-1536x1024.jpg 1536w, https:\/\/coscyl.com\/wp-content\/uploads\/2023\/07\/pexels-pixabay-164821-2048x1365.jpg 2048w, https:\/\/coscyl.com\/wp-content\/uploads\/2023\/07\/pexels-pixabay-164821-18x12.jpg 18w\" sizes=\"(max-width: 2560px) 100vw, 2560px\" \/><\/div>\n\t\t<\/a>\n\t\t\t\t<div class=\"elementor-post__text\">\n\t\t\t\t<h3 class=\"elementor-post__title\">\n\t\t\t<a href=\"https:\/\/coscyl.com\/en\/cristobal-abellan-de-la-rosa\/\" >\n\t\t\t\tCrist\u00f3bal Vog\u00famil Abell\u00e1n de la Rosa\t\t\t<\/a>\n\t\t<\/h3>\n\t\t\t\t<div class=\"elementor-post__excerpt\">\n\t\t\t<p>Contacto: cristobal.vogros@educa.jcyl.es<\/p>\n\t\t<\/div>\n\t\t\t\t\t<div class=\"elementor-post__read-more-wrapper\">\n\t\t\n\t\t<a class=\"elementor-post__read-more\" href=\"https:\/\/coscyl.com\/en\/cristobal-abellan-de-la-rosa\/\" aria-label=\"Read more about Crist\u00f3bal Vog\u00famil Abell\u00e1n de la Rosa\" tabindex=\"-1\" >\n\t\t\tLeer m\u00e1s\t\t<\/a>\n\n\t\t\t\t\t<\/div>\n\t\t\t\t<\/div>\n\t\t\t\t<\/article>\n\t\t\t\t<article class=\"elementor-post elementor-grid-item post-1277 post type-post status-publish format-standard has-post-thumbnail hentry category-historia-de-la-musica\" role=\"listitem\">\n\t\t\t\t<a class=\"elementor-post__thumbnail__link\" href=\"https:\/\/coscyl.com\/en\/olga-fernandez-roldan\/\" tabindex=\"-1\" >\n\t\t\t<div class=\"elementor-post__thumbnail\"><img loading=\"lazy\" decoding=\"async\" width=\"2560\" height=\"1707\" src=\"https:\/\/coscyl.com\/wp-content\/uploads\/2023\/07\/pexels-pixabay-164821-scaled.jpg\" class=\"attachment-full size-full wp-image-1160\" alt=\"\" srcset=\"https:\/\/coscyl.com\/wp-content\/uploads\/2023\/07\/pexels-pixabay-164821-scaled.jpg 2560w, https:\/\/coscyl.com\/wp-content\/uploads\/2023\/07\/pexels-pixabay-164821-300x200.jpg 300w, https:\/\/coscyl.com\/wp-content\/uploads\/2023\/07\/pexels-pixabay-164821-1024x683.jpg 1024w, https:\/\/coscyl.com\/wp-content\/uploads\/2023\/07\/pexels-pixabay-164821-768x512.jpg 768w, https:\/\/coscyl.com\/wp-content\/uploads\/2023\/07\/pexels-pixabay-164821-1536x1024.jpg 1536w, https:\/\/coscyl.com\/wp-content\/uploads\/2023\/07\/pexels-pixabay-164821-2048x1365.jpg 2048w, https:\/\/coscyl.com\/wp-content\/uploads\/2023\/07\/pexels-pixabay-164821-18x12.jpg 18w\" sizes=\"(max-width: 2560px) 100vw, 2560px\" \/><\/div>\n\t\t<\/a>\n\t\t\t\t<div class=\"elementor-post__text\">\n\t\t\t\t<h3 class=\"elementor-post__title\">\n\t\t\t<a href=\"https:\/\/coscyl.com\/en\/olga-fernandez-roldan\/\" >\n\t\t\t\tOlga Fern\u00e1ndez Rold\u00e1n\t\t\t<\/a>\n\t\t<\/h3>\n\t\t\t\t<div class=\"elementor-post__excerpt\">\n\t\t\t<p>Doctora en Musicolog\u00eda por la Universidad Complutense de Madrid, obtuvo la distinci\u00f3n cum laude por su investigaci\u00f3n sobre el sistema<\/p>\n\t\t<\/div>\n\t\t\t\t\t<div class=\"elementor-post__read-more-wrapper\">\n\t\t\n\t\t<a class=\"elementor-post__read-more\" href=\"https:\/\/coscyl.com\/en\/olga-fernandez-roldan\/\" aria-label=\"Read more about Olga Fern\u00e1ndez Rold\u00e1n\" tabindex=\"-1\" >\n\t\t\tLeer m\u00e1s\t\t<\/a>\n\n\t\t\t\t\t<\/div>\n\t\t\t\t<\/div>\n\t\t\t\t<\/article>\n\t\t\t\t<\/div>\n\t\t\t\t\t<span class=\"e-load-more-spinner\">\n\t\t\t\t<svg aria-hidden=\"true\" class=\"e-font-icon-svg e-fas-spinner\" viewbox=\"0 0 512 512\" xmlns=\"http:\/\/www.w3.org\/2000\/svg\"><path d=\"M304 48c0 26.51-21.49 48-48 48s-48-21.49-48-48 21.49-48 48-48 48 21.49 48 48zm-48 368c-26.51 0-48 21.49-48 48s21.49 48 48 48 48-21.49 48-48-21.49-48-48-48zm208-208c-26.51 0-48 21.49-48 48s21.49 48 48 48 48-21.49 48-48-21.49-48-48-48zM96 256c0-26.51-21.49-48-48-48S0 229.49 0 256s21.49 48 48 48 48-21.49 48-48zm12.922 99.078c-26.51 0-48 21.49-48 48s21.49 48 48 48 48-21.49 48-48c0-26.509-21.491-48-48-48zm294.156 0c-26.51 0-48 21.49-48 48s21.49 48 48 48 48-21.49 48-48c0-26.509-21.49-48-48-48zM108.922 60.922c-26.51 0-48 21.49-48 48s21.49 48 48 48 48-21.49 48-48-21.491-48-48-48z\"><\/path><\/svg>\t\t\t<\/span>\n\t\t\n\t\t\t\t\t\t<\/div>\n\t\t\t\t<\/div>\n\t\t\t\t<div class=\"elementor-element elementor-element-c384481 elementor-widget elementor-widget-menu-anchor\" data-id=\"c384481\" data-element_type=\"widget\" data-widget_type=\"menu-anchor.default\">\n\t\t\t\t<div class=\"elementor-widget-container\">\n\t\t\t\t\t\t\t<div class=\"elementor-menu-anchor\" id=\"repertorio-piano\"><\/div>\n\t\t\t\t\t\t<\/div>\n\t\t\t\t<\/div>\n\t\t\t\t<\/div>\n\t\t<div class=\"elementor-element elementor-element-02bf5fb e-flex e-con-boxed e-con e-parent\" data-id=\"02bf5fb\" data-element_type=\"container\">\n\t\t\t\t\t<div class=\"e-con-inner\">\n\t\t<div class=\"elementor-element elementor-element-866dd3a e-grid e-con-full e-con e-child\" data-id=\"866dd3a\" data-element_type=\"container\">\n\t\t\t\t<div class=\"elementor-element elementor-element-2a039f5 elementor-widget elementor-widget-heading\" data-id=\"2a039f5\" data-element_type=\"widget\" data-widget_type=\"heading.default\">\n\t\t\t\t<div class=\"elementor-widget-container\">\n\t\t\t\t\t<h2 class=\"elementor-heading-title elementor-size-default\">Departamento de Repertorio con Piano<\/h2>\t\t\t\t<\/div>\n\t\t\t\t<\/div>\n\t\t\t\t<\/div>\n\t\t\t\t\t<\/div>\n\t\t\t\t<\/div>\n\t\t<div class=\"elementor-element elementor-element-6a3e16c e-con-full e-flex e-con e-parent\" data-id=\"6a3e16c\" data-element_type=\"container\">\n\t\t\t\t<div class=\"elementor-element elementor-element-eab0652 elementor-widget elementor-widget-heading\" data-id=\"eab0652\" data-element_type=\"widget\" data-widget_type=\"heading.default\">\n\t\t\t\t<div class=\"elementor-widget-container\">\n\t\t\t\t\t<h2 class=\"elementor-heading-title elementor-size-default\">Repertorio con Piano<\/h2>\t\t\t\t<\/div>\n\t\t\t\t<\/div>\n\t\t\t\t<\/div>\n\t\t<div class=\"elementor-element elementor-element-929d27b e-con-full e-flex e-con e-parent\" data-id=\"929d27b\" data-element_type=\"container\">\n\t\t\t\t<div class=\"elementor-element elementor-element-50e6365 elementor-grid-tablet-1 elementor-grid-2 elementor-posts--thumbnail-right elementor-grid-mobile-1 load-more-align-center elementor-invisible elementor-widget elementor-widget-posts\" data-id=\"50e6365\" data-element_type=\"widget\" data-settings=\"{&quot;classic_columns_tablet&quot;:&quot;1&quot;,&quot;classic_row_gap_mobile&quot;:{&quot;unit&quot;:&quot;px&quot;,&quot;size&quot;:52,&quot;sizes&quot;:[]},&quot;pagination_type&quot;:&quot;load_more_on_click&quot;,&quot;_animation&quot;:&quot;fadeIn&quot;,&quot;classic_columns&quot;:&quot;2&quot;,&quot;classic_row_gap&quot;:{&quot;unit&quot;:&quot;px&quot;,&quot;size&quot;:30,&quot;sizes&quot;:[]},&quot;classic_columns_mobile&quot;:&quot;1&quot;,&quot;classic_row_gap_tablet&quot;:{&quot;unit&quot;:&quot;px&quot;,&quot;size&quot;:&quot;&quot;,&quot;sizes&quot;:[]},&quot;load_more_spinner&quot;:{&quot;value&quot;:&quot;fas fa-spinner&quot;,&quot;library&quot;:&quot;fa-solid&quot;}}\" data-widget_type=\"posts.classic\">\n\t\t\t\t<div class=\"elementor-widget-container\">\n\t\t\t\t\t\t\t<div class=\"elementor-posts-container elementor-posts elementor-posts--skin-classic elementor-grid\" role=\"list\">\n\t\t\t\t<article class=\"elementor-post elementor-grid-item post-1295 post type-post status-publish format-standard has-post-thumbnail hentry category-repertorio-con-piano\" role=\"listitem\">\n\t\t\t\t<a class=\"elementor-post__thumbnail__link\" href=\"https:\/\/coscyl.com\/en\/esther-diego-dominguez\/\" tabindex=\"-1\" >\n\t\t\t<div class=\"elementor-post__thumbnail\"><img loading=\"lazy\" decoding=\"async\" width=\"400\" height=\"267\" src=\"https:\/\/coscyl.com\/wp-content\/uploads\/2023\/07\/IMG-20210612-WA0008-e1623833198799.jpg\" class=\"attachment-full size-full wp-image-1290\" alt=\"\" srcset=\"https:\/\/coscyl.com\/wp-content\/uploads\/2023\/07\/IMG-20210612-WA0008-e1623833198799.jpg 400w, https:\/\/coscyl.com\/wp-content\/uploads\/2023\/07\/IMG-20210612-WA0008-e1623833198799-300x200.jpg 300w, https:\/\/coscyl.com\/wp-content\/uploads\/2023\/07\/IMG-20210612-WA0008-e1623833198799-18x12.jpg 18w\" sizes=\"(max-width: 400px) 100vw, 400px\" \/><\/div>\n\t\t<\/a>\n\t\t\t\t<div class=\"elementor-post__text\">\n\t\t\t\t<h3 class=\"elementor-post__title\">\n\t\t\t<a href=\"https:\/\/coscyl.com\/en\/esther-diego-dominguez\/\" >\n\t\t\t\tEsther Diego Dom\u00ednguez\t\t\t<\/a>\n\t\t<\/h3>\n\t\t\t\t<div class=\"elementor-post__excerpt\">\n\t\t\t<p>Nace en Salamanca, ciudad en cuyo Conservatorio obtiene los t\u00edtulos superiores de piano y m\u00fasica de c\u00e1mara bajo la direcci\u00f3n<\/p>\n\t\t<\/div>\n\t\t\t\t\t<div class=\"elementor-post__read-more-wrapper\">\n\t\t\n\t\t<a class=\"elementor-post__read-more\" href=\"https:\/\/coscyl.com\/en\/esther-diego-dominguez\/\" aria-label=\"Read more about Esther Diego Dom\u00ednguez\" tabindex=\"-1\" >\n\t\t\tLeer m\u00e1s\t\t<\/a>\n\n\t\t\t\t\t<\/div>\n\t\t\t\t<\/div>\n\t\t\t\t<\/article>\n\t\t\t\t<article class=\"elementor-post elementor-grid-item post-1297 post type-post status-publish format-standard has-post-thumbnail hentry category-interpretacion-instrumentista-tecla-acompanante category-repertorio-con-piano\" role=\"listitem\">\n\t\t\t\t<a class=\"elementor-post__thumbnail__link\" href=\"https:\/\/coscyl.com\/en\/alba-herraiz-tirado\/\" tabindex=\"-1\" >\n\t\t\t<div class=\"elementor-post__thumbnail\"><img loading=\"lazy\" decoding=\"async\" width=\"1707\" height=\"2560\" src=\"https:\/\/coscyl.com\/wp-content\/uploads\/2023\/07\/MG_2500-scaled-1.jpg\" class=\"attachment-full size-full wp-image-1292\" alt=\"\" srcset=\"https:\/\/coscyl.com\/wp-content\/uploads\/2023\/07\/MG_2500-scaled-1.jpg 1707w, https:\/\/coscyl.com\/wp-content\/uploads\/2023\/07\/MG_2500-scaled-1-200x300.jpg 200w, https:\/\/coscyl.com\/wp-content\/uploads\/2023\/07\/MG_2500-scaled-1-683x1024.jpg 683w, https:\/\/coscyl.com\/wp-content\/uploads\/2023\/07\/MG_2500-scaled-1-768x1152.jpg 768w, https:\/\/coscyl.com\/wp-content\/uploads\/2023\/07\/MG_2500-scaled-1-1024x1536.jpg 1024w, https:\/\/coscyl.com\/wp-content\/uploads\/2023\/07\/MG_2500-scaled-1-1366x2048.jpg 1366w, https:\/\/coscyl.com\/wp-content\/uploads\/2023\/07\/MG_2500-scaled-1-8x12.jpg 8w\" sizes=\"(max-width: 1707px) 100vw, 1707px\" \/><\/div>\n\t\t<\/a>\n\t\t\t\t<div class=\"elementor-post__text\">\n\t\t\t\t<h3 class=\"elementor-post__title\">\n\t\t\t<a href=\"https:\/\/coscyl.com\/en\/alba-herraiz-tirado\/\" >\n\t\t\t\tAlba Herr\u00e1iz Tirado\t\t\t<\/a>\n\t\t<\/h3>\n\t\t\t\t<div class=\"elementor-post__excerpt\">\n\t\t\t<p>Alba Herraiz nace en Cuenca, donde comienza su formaci\u00f3n musical en el Conservatorio Profesional de M\u00fasica Pedro Aranaz para luego<\/p>\n\t\t<\/div>\n\t\t\t\t\t<div class=\"elementor-post__read-more-wrapper\">\n\t\t\n\t\t<a class=\"elementor-post__read-more\" href=\"https:\/\/coscyl.com\/en\/alba-herraiz-tirado\/\" aria-label=\"Read more about Alba Herr\u00e1iz Tirado\" tabindex=\"-1\" >\n\t\t\tLeer m\u00e1s\t\t<\/a>\n\n\t\t\t\t\t<\/div>\n\t\t\t\t<\/div>\n\t\t\t\t<\/article>\n\t\t\t\t<article class=\"elementor-post elementor-grid-item post-1301 post type-post status-publish format-standard has-post-thumbnail hentry category-repertorio-con-piano\" role=\"listitem\">\n\t\t\t\t<a class=\"elementor-post__thumbnail__link\" href=\"https:\/\/coscyl.com\/en\/isis-perez-villan\/\" tabindex=\"-1\" >\n\t\t\t<div class=\"elementor-post__thumbnail\"><img loading=\"lazy\" decoding=\"async\" width=\"2560\" height=\"1707\" src=\"https:\/\/coscyl.com\/wp-content\/uploads\/2023\/07\/pexels-pixabay-164821-scaled.jpg\" class=\"attachment-full size-full wp-image-1160\" alt=\"\" srcset=\"https:\/\/coscyl.com\/wp-content\/uploads\/2023\/07\/pexels-pixabay-164821-scaled.jpg 2560w, https:\/\/coscyl.com\/wp-content\/uploads\/2023\/07\/pexels-pixabay-164821-300x200.jpg 300w, https:\/\/coscyl.com\/wp-content\/uploads\/2023\/07\/pexels-pixabay-164821-1024x683.jpg 1024w, https:\/\/coscyl.com\/wp-content\/uploads\/2023\/07\/pexels-pixabay-164821-768x512.jpg 768w, https:\/\/coscyl.com\/wp-content\/uploads\/2023\/07\/pexels-pixabay-164821-1536x1024.jpg 1536w, https:\/\/coscyl.com\/wp-content\/uploads\/2023\/07\/pexels-pixabay-164821-2048x1365.jpg 2048w, https:\/\/coscyl.com\/wp-content\/uploads\/2023\/07\/pexels-pixabay-164821-18x12.jpg 18w\" sizes=\"(max-width: 2560px) 100vw, 2560px\" \/><\/div>\n\t\t<\/a>\n\t\t\t\t<div class=\"elementor-post__text\">\n\t\t\t\t<h3 class=\"elementor-post__title\">\n\t\t\t<a href=\"https:\/\/coscyl.com\/en\/isis-perez-villan\/\" >\n\t\t\t\tIsis P\u00e9rez Vill\u00e1n\t\t\t<\/a>\n\t\t<\/h3>\n\t\t\t\t<div class=\"elementor-post__excerpt\">\n\t\t\t<p>Isis P\u00e9rez Vill\u00e1n Doctora en Did\u00e1ctica de la Expresi\u00f3n Musical. Pianista con una amplia trayectoria docente en diferentes conservatorios de<\/p>\n\t\t<\/div>\n\t\t\t\t\t<div class=\"elementor-post__read-more-wrapper\">\n\t\t\n\t\t<a class=\"elementor-post__read-more\" href=\"https:\/\/coscyl.com\/en\/isis-perez-villan\/\" aria-label=\"Read more about Isis P\u00e9rez Vill\u00e1n\" tabindex=\"-1\" >\n\t\t\tLeer m\u00e1s\t\t<\/a>\n\n\t\t\t\t\t<\/div>\n\t\t\t\t<\/div>\n\t\t\t\t<\/article>\n\t\t\t\t<article class=\"elementor-post elementor-grid-item post-1303 post type-post status-publish format-standard hentry category-interpretacion-instrumentista-tecla-acompanante category-repertorio-con-piano\" role=\"listitem\">\n\t\t\t\t<div class=\"elementor-post__text\">\n\t\t\t\t<h3 class=\"elementor-post__title\">\n\t\t\t<a href=\"https:\/\/coscyl.com\/en\/maria-sobrino-gutierrez\/\" >\n\t\t\t\tMar\u00eda Sobrino Guti\u00e9rrez\t\t\t<\/a>\n\t\t<\/h3>\n\t\t\t\t<div class=\"elementor-post__excerpt\">\n\t\t\t<p>Nace en Zamora. Inicia sus estudios musicales en su ciudad natal, en el Conservatorio Profesional de M\u00fasica de Salamanca y<\/p>\n\t\t<\/div>\n\t\t\t\t\t<div class=\"elementor-post__read-more-wrapper\">\n\t\t\n\t\t<a class=\"elementor-post__read-more\" href=\"https:\/\/coscyl.com\/en\/maria-sobrino-gutierrez\/\" aria-label=\"Read more about Mar\u00eda Sobrino Guti\u00e9rrez\" tabindex=\"-1\" >\n\t\t\tLeer m\u00e1s\t\t<\/a>\n\n\t\t\t\t\t<\/div>\n\t\t\t\t<\/div>\n\t\t\t\t<\/article>\n\t\t\t\t<article class=\"elementor-post elementor-grid-item post-1307 post type-post status-publish format-standard has-post-thumbnail hentry category-interpretacion-instrumentista-tecla-acompanante category-repertorio-con-piano\" role=\"listitem\">\n\t\t\t\t<a class=\"elementor-post__thumbnail__link\" href=\"https:\/\/coscyl.com\/en\/claudia-vior-perez\/\" tabindex=\"-1\" >\n\t\t\t<div class=\"elementor-post__thumbnail\"><img loading=\"lazy\" decoding=\"async\" width=\"640\" height=\"436\" src=\"https:\/\/coscyl.com\/wp-content\/uploads\/2023\/07\/ClaudiaVior.jpg\" class=\"attachment-full size-full wp-image-1288\" alt=\"\" srcset=\"https:\/\/coscyl.com\/wp-content\/uploads\/2023\/07\/ClaudiaVior.jpg 640w, https:\/\/coscyl.com\/wp-content\/uploads\/2023\/07\/ClaudiaVior-300x204.jpg 300w, https:\/\/coscyl.com\/wp-content\/uploads\/2023\/07\/ClaudiaVior-18x12.jpg 18w\" sizes=\"(max-width: 640px) 100vw, 640px\" \/><\/div>\n\t\t<\/a>\n\t\t\t\t<div class=\"elementor-post__text\">\n\t\t\t\t<h3 class=\"elementor-post__title\">\n\t\t\t<a href=\"https:\/\/coscyl.com\/en\/claudia-vior-perez\/\" >\n\t\t\t\tClaudia Vior P\u00e9rez\t\t\t<\/a>\n\t\t<\/h3>\n\t\t\t\t<div class=\"elementor-post__excerpt\">\n\t\t\t<p>Claudia Vior nace en Valladolid. Comienza sus estudios musicales de piano y viol\u00edn en el Conservatorio Profesional de esta ciudad<\/p>\n\t\t<\/div>\n\t\t\t\t\t<div class=\"elementor-post__read-more-wrapper\">\n\t\t\n\t\t<a class=\"elementor-post__read-more\" href=\"https:\/\/coscyl.com\/en\/claudia-vior-perez\/\" aria-label=\"Read more about Claudia Vior P\u00e9rez\" tabindex=\"-1\" >\n\t\t\tLeer m\u00e1s\t\t<\/a>\n\n\t\t\t\t\t<\/div>\n\t\t\t\t<\/div>\n\t\t\t\t<\/article>\n\t\t\t\t<article class=\"elementor-post elementor-grid-item post-1370 post type-post status-publish format-standard hentry category-repertorio-con-piano\" role=\"listitem\">\n\t\t\t\t<div class=\"elementor-post__text\">\n\t\t\t\t<h3 class=\"elementor-post__title\">\n\t\t\t<a href=\"https:\/\/coscyl.com\/en\/eloisa-de-guzman\/\" >\n\t\t\t\tEloisa De Guzm\u00e1n Alonso\t\t\t<\/a>\n\t\t<\/h3>\n\t\t\t\t<div class=\"elementor-post__excerpt\">\n\t\t\t\t\t<\/div>\n\t\t\t\t\t<div class=\"elementor-post__read-more-wrapper\">\n\t\t\n\t\t<a class=\"elementor-post__read-more\" href=\"https:\/\/coscyl.com\/en\/eloisa-de-guzman\/\" aria-label=\"Read more about Eloisa De Guzm\u00e1n Alonso\" tabindex=\"-1\" >\n\t\t\tLeer m\u00e1s\t\t<\/a>\n\n\t\t\t\t\t<\/div>\n\t\t\t\t<\/div>\n\t\t\t\t<\/article>\n\t\t\t\t<\/div>\n\t\t\t\t\t<span class=\"e-load-more-spinner\">\n\t\t\t\t<svg aria-hidden=\"true\" class=\"e-font-icon-svg e-fas-spinner\" viewbox=\"0 0 512 512\" xmlns=\"http:\/\/www.w3.org\/2000\/svg\"><path d=\"M304 48c0 26.51-21.49 48-48 48s-48-21.49-48-48 21.49-48 48-48 48 21.49 48 48zm-48 368c-26.51 0-48 21.49-48 48s21.49 48 48 48 48-21.49 48-48-21.49-48-48-48zm208-208c-26.51 0-48 21.49-48 48s21.49 48 48 48 48-21.49 48-48-21.49-48-48-48zM96 256c0-26.51-21.49-48-48-48S0 229.49 0 256s21.49 48 48 48 48-21.49 48-48zm12.922 99.078c-26.51 0-48 21.49-48 48s21.49 48 48 48 48-21.49 48-48c0-26.509-21.491-48-48-48zm294.156 0c-26.51 0-48 21.49-48 48s21.49 48 48 48 48-21.49 48-48c0-26.509-21.49-48-48-48zM108.922 60.922c-26.51 0-48 21.49-48 48s21.49 48 48 48 48-21.49 48-48-21.491-48-48-48z\"><\/path><\/svg>\t\t\t<\/span>\n\t\t\n\t\t\t\t\t\t<\/div>\n\t\t\t\t<\/div>\n\t\t\t\t<div class=\"elementor-element elementor-element-007f2fc elementor-widget elementor-widget-menu-anchor\" data-id=\"007f2fc\" data-element_type=\"widget\" data-widget_type=\"menu-anchor.default\">\n\t\t\t\t<div class=\"elementor-widget-container\">\n\t\t\t\t\t\t\t<div class=\"elementor-menu-anchor\" id=\"teorico-practico\"><\/div>\n\t\t\t\t\t\t<\/div>\n\t\t\t\t<\/div>\n\t\t\t\t<\/div>\n\t\t<div class=\"elementor-element elementor-element-58b54c8 e-flex e-con-boxed e-con e-parent\" data-id=\"58b54c8\" data-element_type=\"container\">\n\t\t\t\t\t<div class=\"e-con-inner\">\n\t\t<div class=\"elementor-element elementor-element-bbf2463 e-grid e-con-full e-con e-child\" data-id=\"bbf2463\" data-element_type=\"container\">\n\t\t\t\t<div class=\"elementor-element elementor-element-7c140b3 elementor-widget elementor-widget-heading\" data-id=\"7c140b3\" data-element_type=\"widget\" data-widget_type=\"heading.default\">\n\t\t\t\t<div class=\"elementor-widget-container\">\n\t\t\t\t\t<h2 class=\"elementor-heading-title elementor-size-default\">Departamento Te\u00f3rico-Pr\u00e1ctico<\/h2>\t\t\t\t<\/div>\n\t\t\t\t<\/div>\n\t\t\t\t<\/div>\n\t\t\t\t\t<\/div>\n\t\t\t\t<\/div>\n\t\t<div class=\"elementor-element elementor-element-c4028ef e-con-full e-flex e-con e-parent\" data-id=\"c4028ef\" data-element_type=\"container\">\n\t\t\t\t<div class=\"elementor-element elementor-element-6c25aec elementor-widget elementor-widget-heading\" data-id=\"6c25aec\" data-element_type=\"widget\" data-widget_type=\"heading.default\">\n\t\t\t\t<div class=\"elementor-widget-container\">\n\t\t\t\t\t<h2 class=\"elementor-heading-title elementor-size-default\">Educaci\u00f3n auditiva, jazz e improvisaci\u00f3n<\/h2>\t\t\t\t<\/div>\n\t\t\t\t<\/div>\n\t\t\t\t<\/div>\n\t\t<div class=\"elementor-element elementor-element-0311088 e-con-full e-flex e-con e-parent\" data-id=\"0311088\" data-element_type=\"container\">\n\t\t\t\t<div class=\"elementor-element elementor-element-d9f8deb elementor-grid-tablet-1 elementor-grid-2 elementor-posts--thumbnail-right elementor-grid-mobile-1 load-more-align-center elementor-invisible elementor-widget elementor-widget-posts\" data-id=\"d9f8deb\" data-element_type=\"widget\" data-settings=\"{&quot;classic_columns_tablet&quot;:&quot;1&quot;,&quot;classic_row_gap_mobile&quot;:{&quot;unit&quot;:&quot;px&quot;,&quot;size&quot;:52,&quot;sizes&quot;:[]},&quot;pagination_type&quot;:&quot;load_more_on_click&quot;,&quot;_animation&quot;:&quot;fadeIn&quot;,&quot;classic_columns&quot;:&quot;2&quot;,&quot;classic_row_gap&quot;:{&quot;unit&quot;:&quot;px&quot;,&quot;size&quot;:30,&quot;sizes&quot;:[]},&quot;classic_columns_mobile&quot;:&quot;1&quot;,&quot;classic_row_gap_tablet&quot;:{&quot;unit&quot;:&quot;px&quot;,&quot;size&quot;:&quot;&quot;,&quot;sizes&quot;:[]},&quot;load_more_spinner&quot;:{&quot;value&quot;:&quot;fas fa-spinner&quot;,&quot;library&quot;:&quot;fa-solid&quot;}}\" data-widget_type=\"posts.classic\">\n\t\t\t\t<div class=\"elementor-widget-container\">\n\t\t\t\t\t\t\t<div class=\"elementor-posts-container elementor-posts elementor-posts--skin-classic elementor-grid\" role=\"list\">\n\t\t\t\t<article class=\"elementor-post elementor-grid-item post-1312 post type-post status-publish format-standard has-post-thumbnail hentry category-educacion-auditiva-jazz-improvisacion\" role=\"listitem\">\n\t\t\t\t<a class=\"elementor-post__thumbnail__link\" href=\"https:\/\/coscyl.com\/en\/pedro-canada-valverde\/\" tabindex=\"-1\" >\n\t\t\t<div class=\"elementor-post__thumbnail\"><img loading=\"lazy\" decoding=\"async\" width=\"839\" height=\"600\" src=\"https:\/\/coscyl.com\/wp-content\/uploads\/2023\/07\/PedroCanada.jpg\" class=\"attachment-full size-full wp-image-1313\" alt=\"\" srcset=\"https:\/\/coscyl.com\/wp-content\/uploads\/2023\/07\/PedroCanada.jpg 839w, https:\/\/coscyl.com\/wp-content\/uploads\/2023\/07\/PedroCanada-300x215.jpg 300w, https:\/\/coscyl.com\/wp-content\/uploads\/2023\/07\/PedroCanada-768x549.jpg 768w, https:\/\/coscyl.com\/wp-content\/uploads\/2023\/07\/PedroCanada-18x12.jpg 18w\" sizes=\"(max-width: 839px) 100vw, 839px\" \/><\/div>\n\t\t<\/a>\n\t\t\t\t<div class=\"elementor-post__text\">\n\t\t\t\t<h3 class=\"elementor-post__title\">\n\t\t\t<a href=\"https:\/\/coscyl.com\/en\/pedro-canada-valverde\/\" >\n\t\t\t\tPedro Ca\u00f1ada Valverde\t\t\t<\/a>\n\t\t<\/h3>\n\t\t\t\t<div class=\"elementor-post__excerpt\">\n\t\t\t<p>M\u00fasico de formaci\u00f3n cl\u00e1sica y jazz\u00edstica, realiza sus estudios de Piano, Guitarra, M\u00fasica de c\u00e1mara e Improvisaci\u00f3n en el Real<\/p>\n\t\t<\/div>\n\t\t\t\t\t<div class=\"elementor-post__read-more-wrapper\">\n\t\t\n\t\t<a class=\"elementor-post__read-more\" href=\"https:\/\/coscyl.com\/en\/pedro-canada-valverde\/\" aria-label=\"Read more about Pedro Ca\u00f1ada Valverde\" tabindex=\"-1\" >\n\t\t\tLeer m\u00e1s\t\t<\/a>\n\n\t\t\t\t\t<\/div>\n\t\t\t\t<\/div>\n\t\t\t\t<\/article>\n\t\t\t\t<article class=\"elementor-post elementor-grid-item post-1315 post type-post status-publish format-standard has-post-thumbnail hentry category-educacion-auditiva-jazz-improvisacion\" role=\"listitem\">\n\t\t\t\t<a class=\"elementor-post__thumbnail__link\" href=\"https:\/\/coscyl.com\/en\/carlos-rodriguez-acosta\/\" tabindex=\"-1\" >\n\t\t\t<div class=\"elementor-post__thumbnail\"><img loading=\"lazy\" decoding=\"async\" width=\"1280\" height=\"960\" src=\"https:\/\/coscyl.com\/wp-content\/uploads\/2023\/07\/image0.jpeg\" class=\"attachment-full size-full wp-image-6978\" alt=\"\" srcset=\"https:\/\/coscyl.com\/wp-content\/uploads\/2023\/07\/image0.jpeg 1280w, https:\/\/coscyl.com\/wp-content\/uploads\/2023\/07\/image0-300x225.jpeg 300w, https:\/\/coscyl.com\/wp-content\/uploads\/2023\/07\/image0-1024x768.jpeg 1024w, https:\/\/coscyl.com\/wp-content\/uploads\/2023\/07\/image0-768x576.jpeg 768w, https:\/\/coscyl.com\/wp-content\/uploads\/2023\/07\/image0-16x12.jpeg 16w\" sizes=\"(max-width: 1280px) 100vw, 1280px\" \/><\/div>\n\t\t<\/a>\n\t\t\t\t<div class=\"elementor-post__text\">\n\t\t\t\t<h3 class=\"elementor-post__title\">\n\t\t\t<a href=\"https:\/\/coscyl.com\/en\/carlos-rodriguez-acosta\/\" >\n\t\t\t\tCarlos Rodr\u00edguez Acosta\t\t\t<\/a>\n\t\t<\/h3>\n\t\t\t\t<div class=\"elementor-post__excerpt\">\n\t\t\t<p>Nacido en La Habana, de ni\u00f1o se traslada a Espa\u00f1a con sus padres, donde lleva viviendo m\u00e1s de 50 a\u00f1os.<\/p>\n\t\t<\/div>\n\t\t\t\t\t<div class=\"elementor-post__read-more-wrapper\">\n\t\t\n\t\t<a class=\"elementor-post__read-more\" href=\"https:\/\/coscyl.com\/en\/carlos-rodriguez-acosta\/\" aria-label=\"Read more about Carlos Rodr\u00edguez Acosta\" tabindex=\"-1\" >\n\t\t\tLeer m\u00e1s\t\t<\/a>\n\n\t\t\t\t\t<\/div>\n\t\t\t\t<\/div>\n\t\t\t\t<\/article>\n\t\t\t\t<\/div>\n\t\t\t\t\t<span class=\"e-load-more-spinner\">\n\t\t\t\t<svg aria-hidden=\"true\" class=\"e-font-icon-svg e-fas-spinner\" viewbox=\"0 0 512 512\" xmlns=\"http:\/\/www.w3.org\/2000\/svg\"><path d=\"M304 48c0 26.51-21.49 48-48 48s-48-21.49-48-48 21.49-48 48-48 48 21.49 48 48zm-48 368c-26.51 0-48 21.49-48 48s21.49 48 48 48 48-21.49 48-48-21.49-48-48-48zm208-208c-26.51 0-48 21.49-48 48s21.49 48 48 48 48-21.49 48-48-21.49-48-48-48zM96 256c0-26.51-21.49-48-48-48S0 229.49 0 256s21.49 48 48 48 48-21.49 48-48zm12.922 99.078c-26.51 0-48 21.49-48 48s21.49 48 48 48 48-21.49 48-48c0-26.509-21.491-48-48-48zm294.156 0c-26.51 0-48 21.49-48 48s21.49 48 48 48 48-21.49 48-48c0-26.509-21.49-48-48-48zM108.922 60.922c-26.51 0-48 21.49-48 48s21.49 48 48 48 48-21.49 48-48-21.491-48-48-48z\"><\/path><\/svg>\t\t\t<\/span>\n\t\t\n\t\t\t\t\t\t<\/div>\n\t\t\t\t<\/div>\n\t\t\t\t<\/div>\n\t\t<div class=\"elementor-element elementor-element-a771085 e-con-full e-flex e-con e-parent\" data-id=\"a771085\" data-element_type=\"container\">\n\t\t\t\t<div class=\"elementor-element elementor-element-c196f8f elementor-widget elementor-widget-heading\" data-id=\"c196f8f\" data-element_type=\"widget\" data-widget_type=\"heading.default\">\n\t\t\t\t<div class=\"elementor-widget-container\">\n\t\t\t\t\t<h2 class=\"elementor-heading-title elementor-size-default\">Piano complementario<\/h2>\t\t\t\t<\/div>\n\t\t\t\t<\/div>\n\t\t\t\t<\/div>\n\t\t<div class=\"elementor-element elementor-element-1041c95 e-con-full e-flex e-con e-parent\" data-id=\"1041c95\" data-element_type=\"container\">\n\t\t\t\t<div class=\"elementor-element elementor-element-aff7be2 elementor-grid-tablet-1 elementor-grid-2 elementor-posts--thumbnail-right elementor-grid-mobile-1 load-more-align-center elementor-invisible elementor-widget elementor-widget-posts\" data-id=\"aff7be2\" data-element_type=\"widget\" data-settings=\"{&quot;classic_columns_tablet&quot;:&quot;1&quot;,&quot;classic_row_gap_mobile&quot;:{&quot;unit&quot;:&quot;px&quot;,&quot;size&quot;:52,&quot;sizes&quot;:[]},&quot;pagination_type&quot;:&quot;load_more_on_click&quot;,&quot;_animation&quot;:&quot;fadeIn&quot;,&quot;classic_columns&quot;:&quot;2&quot;,&quot;classic_row_gap&quot;:{&quot;unit&quot;:&quot;px&quot;,&quot;size&quot;:30,&quot;sizes&quot;:[]},&quot;classic_columns_mobile&quot;:&quot;1&quot;,&quot;classic_row_gap_tablet&quot;:{&quot;unit&quot;:&quot;px&quot;,&quot;size&quot;:&quot;&quot;,&quot;sizes&quot;:[]},&quot;load_more_spinner&quot;:{&quot;value&quot;:&quot;fas fa-spinner&quot;,&quot;library&quot;:&quot;fa-solid&quot;}}\" data-widget_type=\"posts.classic\">\n\t\t\t\t<div class=\"elementor-widget-container\">\n\t\t\t\t\t\t\t<div class=\"elementor-posts-container elementor-posts elementor-posts--skin-classic elementor-grid\" role=\"list\">\n\t\t\t\t<article class=\"elementor-post elementor-grid-item post-1299 post type-post status-publish format-standard has-post-thumbnail hentry category-piano-complementario category-teorico-practico\" role=\"listitem\">\n\t\t\t\t<a class=\"elementor-post__thumbnail__link\" href=\"https:\/\/coscyl.com\/en\/dario-meta-barnatan\/\" tabindex=\"-1\" >\n\t\t\t<div class=\"elementor-post__thumbnail\"><img loading=\"lazy\" decoding=\"async\" width=\"434\" height=\"759\" src=\"https:\/\/coscyl.com\/wp-content\/uploads\/2023\/07\/Dario-Meta-1.jpg\" class=\"attachment-full size-full wp-image-1289\" alt=\"\" srcset=\"https:\/\/coscyl.com\/wp-content\/uploads\/2023\/07\/Dario-Meta-1.jpg 434w, https:\/\/coscyl.com\/wp-content\/uploads\/2023\/07\/Dario-Meta-1-172x300.jpg 172w, https:\/\/coscyl.com\/wp-content\/uploads\/2023\/07\/Dario-Meta-1-7x12.jpg 7w\" sizes=\"(max-width: 434px) 100vw, 434px\" \/><\/div>\n\t\t<\/a>\n\t\t\t\t<div class=\"elementor-post__text\">\n\t\t\t\t<h3 class=\"elementor-post__title\">\n\t\t\t<a href=\"https:\/\/coscyl.com\/en\/dario-meta-barnatan\/\" >\n\t\t\t\tDar\u00edo Meta Barnat\u00e1n\t\t\t<\/a>\n\t\t<\/h3>\n\t\t\t\t<div class=\"elementor-post__excerpt\">\n\t\t\t<p>La actividad concert\u00edstica de Dar\u00edo Meta le ha llevado a tocar en los \u00faltimos a\u00f1os en escenarios relevantes tanto en<\/p>\n\t\t<\/div>\n\t\t\t\t\t<div class=\"elementor-post__read-more-wrapper\">\n\t\t\n\t\t<a class=\"elementor-post__read-more\" href=\"https:\/\/coscyl.com\/en\/dario-meta-barnatan\/\" aria-label=\"Read more about Dar\u00edo Meta Barnat\u00e1n\" tabindex=\"-1\" >\n\t\t\tLeer m\u00e1s\t\t<\/a>\n\n\t\t\t\t\t<\/div>\n\t\t\t\t<\/div>\n\t\t\t\t<\/article>\n\t\t\t\t<article class=\"elementor-post elementor-grid-item post-1318 post type-post status-publish format-standard has-post-thumbnail hentry category-piano-complementario\" role=\"listitem\">\n\t\t\t\t<a class=\"elementor-post__thumbnail__link\" href=\"https:\/\/coscyl.com\/en\/yolanda-alonso-vicario\/\" tabindex=\"-1\" >\n\t\t\t<div class=\"elementor-post__thumbnail\"><img loading=\"lazy\" decoding=\"async\" width=\"285\" height=\"480\" src=\"https:\/\/coscyl.com\/wp-content\/uploads\/2023\/07\/YolandaAlonso.jpg\" class=\"attachment-full size-full wp-image-1323\" alt=\"\" srcset=\"https:\/\/coscyl.com\/wp-content\/uploads\/2023\/07\/YolandaAlonso.jpg 285w, https:\/\/coscyl.com\/wp-content\/uploads\/2023\/07\/YolandaAlonso-178x300.jpg 178w, https:\/\/coscyl.com\/wp-content\/uploads\/2023\/07\/YolandaAlonso-7x12.jpg 7w\" sizes=\"(max-width: 285px) 100vw, 285px\" \/><\/div>\n\t\t<\/a>\n\t\t\t\t<div class=\"elementor-post__text\">\n\t\t\t\t<h3 class=\"elementor-post__title\">\n\t\t\t<a href=\"https:\/\/coscyl.com\/en\/yolanda-alonso-vicario\/\" >\n\t\t\t\tYolanda Alonso Vicario\t\t\t<\/a>\n\t\t<\/h3>\n\t\t\t\t<div class=\"elementor-post__excerpt\">\n\t\t\t<p>Nace en Burgos en 1971. All\u00ed comienza sus estudios de piano con Elena Segura y los contin\u00faa con Javier San<\/p>\n\t\t<\/div>\n\t\t\t\t\t<div class=\"elementor-post__read-more-wrapper\">\n\t\t\n\t\t<a class=\"elementor-post__read-more\" href=\"https:\/\/coscyl.com\/en\/yolanda-alonso-vicario\/\" aria-label=\"Read more about Yolanda Alonso Vicario\" tabindex=\"-1\" >\n\t\t\tLeer m\u00e1s\t\t<\/a>\n\n\t\t\t\t\t<\/div>\n\t\t\t\t<\/div>\n\t\t\t\t<\/article>\n\t\t\t\t<article class=\"elementor-post elementor-grid-item post-1325 post type-post status-publish format-standard has-post-thumbnail hentry category-piano-complementario\" role=\"listitem\">\n\t\t\t\t<a class=\"elementor-post__thumbnail__link\" href=\"https:\/\/coscyl.com\/en\/alejandro-martinez-estrada\/\" tabindex=\"-1\" >\n\t\t\t<div class=\"elementor-post__thumbnail\"><img loading=\"lazy\" decoding=\"async\" width=\"1920\" height=\"2560\" src=\"https:\/\/coscyl.com\/wp-content\/uploads\/2023\/07\/AlejandroMartinez-scaled.jpg\" class=\"attachment-full size-full wp-image-1319\" alt=\"\" srcset=\"https:\/\/coscyl.com\/wp-content\/uploads\/2023\/07\/AlejandroMartinez-scaled.jpg 1920w, https:\/\/coscyl.com\/wp-content\/uploads\/2023\/07\/AlejandroMartinez-225x300.jpg 225w, https:\/\/coscyl.com\/wp-content\/uploads\/2023\/07\/AlejandroMartinez-768x1024.jpg 768w, https:\/\/coscyl.com\/wp-content\/uploads\/2023\/07\/AlejandroMartinez-1152x1536.jpg 1152w, https:\/\/coscyl.com\/wp-content\/uploads\/2023\/07\/AlejandroMartinez-1536x2048.jpg 1536w, https:\/\/coscyl.com\/wp-content\/uploads\/2023\/07\/AlejandroMartinez-9x12.jpg 9w\" sizes=\"(max-width: 1920px) 100vw, 1920px\" \/><\/div>\n\t\t<\/a>\n\t\t\t\t<div class=\"elementor-post__text\">\n\t\t\t\t<h3 class=\"elementor-post__title\">\n\t\t\t<a href=\"https:\/\/coscyl.com\/en\/alejandro-martinez-estrada\/\" >\n\t\t\t\tAlejandro Mart\u00ednez Estrada\t\t\t<\/a>\n\t\t<\/h3>\n\t\t\t\t<div class=\"elementor-post__excerpt\">\n\t\t\t<p>Nacido en 1976, comienza sus estudios musicales en el Conservatorio de Castell\u00f3n a la edad de 7 a\u00f1os. Finaliza el<\/p>\n\t\t<\/div>\n\t\t\t\t\t<div class=\"elementor-post__read-more-wrapper\">\n\t\t\n\t\t<a class=\"elementor-post__read-more\" href=\"https:\/\/coscyl.com\/en\/alejandro-martinez-estrada\/\" aria-label=\"Read more about Alejandro Mart\u00ednez Estrada\" tabindex=\"-1\" >\n\t\t\tLeer m\u00e1s\t\t<\/a>\n\n\t\t\t\t\t<\/div>\n\t\t\t\t<\/div>\n\t\t\t\t<\/article>\n\t\t\t\t<article class=\"elementor-post elementor-grid-item post-1329 post type-post status-publish format-standard has-post-thumbnail hentry category-interpretacion-instrumentista-tecla-acompanante category-piano-complementario category-teorico-practico\" role=\"listitem\">\n\t\t\t\t<a class=\"elementor-post__thumbnail__link\" href=\"https:\/\/coscyl.com\/en\/bernadetta-raatz\/\" tabindex=\"-1\" >\n\t\t\t<div class=\"elementor-post__thumbnail\"><img loading=\"lazy\" decoding=\"async\" width=\"1037\" height=\"1169\" src=\"https:\/\/coscyl.com\/wp-content\/uploads\/2023\/07\/Bernadetta-foto-Natasha-Lebedeva-recortado-mas-aun.jpg\" class=\"attachment-full size-full wp-image-6863\" alt=\"\" srcset=\"https:\/\/coscyl.com\/wp-content\/uploads\/2023\/07\/Bernadetta-foto-Natasha-Lebedeva-recortado-mas-aun.jpg 1037w, https:\/\/coscyl.com\/wp-content\/uploads\/2023\/07\/Bernadetta-foto-Natasha-Lebedeva-recortado-mas-aun-266x300.jpg 266w, https:\/\/coscyl.com\/wp-content\/uploads\/2023\/07\/Bernadetta-foto-Natasha-Lebedeva-recortado-mas-aun-908x1024.jpg 908w, https:\/\/coscyl.com\/wp-content\/uploads\/2023\/07\/Bernadetta-foto-Natasha-Lebedeva-recortado-mas-aun-768x866.jpg 768w, https:\/\/coscyl.com\/wp-content\/uploads\/2023\/07\/Bernadetta-foto-Natasha-Lebedeva-recortado-mas-aun-11x12.jpg 11w\" sizes=\"(max-width: 1037px) 100vw, 1037px\" \/><\/div>\n\t\t<\/a>\n\t\t\t\t<div class=\"elementor-post__text\">\n\t\t\t\t<h3 class=\"elementor-post__title\">\n\t\t\t<a href=\"https:\/\/coscyl.com\/en\/bernadetta-raatz\/\" >\n\t\t\t\tBernadetta Raatz\t\t\t<\/a>\n\t\t<\/h3>\n\t\t\t\t<div class=\"elementor-post__excerpt\">\n\t\t\t<p>Pianista polaca nacida en Koszalin, comenz\u00f3 sus estudios musicales a los seis a\u00f1os en el Conservatorio de M\u00fasica \u00abGra\u017cyna Bacewicz\u00bb<\/p>\n\t\t<\/div>\n\t\t\t\t\t<div class=\"elementor-post__read-more-wrapper\">\n\t\t\n\t\t<a class=\"elementor-post__read-more\" href=\"https:\/\/coscyl.com\/en\/bernadetta-raatz\/\" aria-label=\"Read more about Bernadetta Raatz\" tabindex=\"-1\" >\n\t\t\tLeer m\u00e1s\t\t<\/a>\n\n\t\t\t\t\t<\/div>\n\t\t\t\t<\/div>\n\t\t\t\t<\/article>\n\t\t\t\t<article class=\"elementor-post elementor-grid-item post-1331 post type-post status-publish format-standard has-post-thumbnail hentry category-piano-complementario\" role=\"listitem\">\n\t\t\t\t<a class=\"elementor-post__thumbnail__link\" href=\"https:\/\/coscyl.com\/en\/dan-segura-boronat\/\" tabindex=\"-1\" >\n\t\t\t<div class=\"elementor-post__thumbnail\"><img loading=\"lazy\" decoding=\"async\" width=\"200\" height=\"200\" src=\"https:\/\/coscyl.com\/wp-content\/uploads\/2023\/07\/dansegura.jpg\" class=\"attachment-full size-full wp-image-1321\" alt=\"\" srcset=\"https:\/\/coscyl.com\/wp-content\/uploads\/2023\/07\/dansegura.jpg 200w, https:\/\/coscyl.com\/wp-content\/uploads\/2023\/07\/dansegura-150x150.jpg 150w, https:\/\/coscyl.com\/wp-content\/uploads\/2023\/07\/dansegura-12x12.jpg 12w\" sizes=\"(max-width: 200px) 100vw, 200px\" \/><\/div>\n\t\t<\/a>\n\t\t\t\t<div class=\"elementor-post__text\">\n\t\t\t\t<h3 class=\"elementor-post__title\">\n\t\t\t<a href=\"https:\/\/coscyl.com\/en\/dan-segura-boronat\/\" >\n\t\t\t\tDan Segura Boronat\t\t\t<\/a>\n\t\t<\/h3>\n\t\t\t\t<div class=\"elementor-post__excerpt\">\n\t\t\t<p>1994. Finaliza grado superior en el Conservatorio Superior de M\u00fasica de Valencia, Espa\u00f1a. 1996. Finaliza el diploma de perfeccionamiento pianistico<\/p>\n\t\t<\/div>\n\t\t\t\t\t<div class=\"elementor-post__read-more-wrapper\">\n\t\t\n\t\t<a class=\"elementor-post__read-more\" href=\"https:\/\/coscyl.com\/en\/dan-segura-boronat\/\" aria-label=\"Read more about Dan Segura Boronat\" tabindex=\"-1\" >\n\t\t\tLeer m\u00e1s\t\t<\/a>\n\n\t\t\t\t\t<\/div>\n\t\t\t\t<\/div>\n\t\t\t\t<\/article>\n\t\t\t\t<article class=\"elementor-post elementor-grid-item post-1333 post type-post status-publish format-standard has-post-thumbnail hentry category-piano-complementario\" role=\"listitem\">\n\t\t\t\t<a class=\"elementor-post__thumbnail__link\" href=\"https:\/\/coscyl.com\/en\/jose-antonio-del-barco-diaz\/\" tabindex=\"-1\" >\n\t\t\t<div class=\"elementor-post__thumbnail\"><img loading=\"lazy\" decoding=\"async\" width=\"2560\" height=\"1709\" src=\"https:\/\/coscyl.com\/wp-content\/uploads\/2023\/07\/DSC_9278-1-scaled.jpg\" class=\"attachment-full size-full wp-image-12228\" alt=\"\" srcset=\"https:\/\/coscyl.com\/wp-content\/uploads\/2023\/07\/DSC_9278-1-scaled.jpg 2560w, https:\/\/coscyl.com\/wp-content\/uploads\/2023\/07\/DSC_9278-1-300x200.jpg 300w, https:\/\/coscyl.com\/wp-content\/uploads\/2023\/07\/DSC_9278-1-1024x684.jpg 1024w, https:\/\/coscyl.com\/wp-content\/uploads\/2023\/07\/DSC_9278-1-768x513.jpg 768w, https:\/\/coscyl.com\/wp-content\/uploads\/2023\/07\/DSC_9278-1-1536x1025.jpg 1536w, https:\/\/coscyl.com\/wp-content\/uploads\/2023\/07\/DSC_9278-1-2048x1367.jpg 2048w, https:\/\/coscyl.com\/wp-content\/uploads\/2023\/07\/DSC_9278-1-18x12.jpg 18w\" sizes=\"(max-width: 2560px) 100vw, 2560px\" \/><\/div>\n\t\t<\/a>\n\t\t\t\t<div class=\"elementor-post__text\">\n\t\t\t\t<h3 class=\"elementor-post__title\">\n\t\t\t<a href=\"https:\/\/coscyl.com\/en\/jose-antonio-del-barco-diaz\/\" >\n\t\t\t\tJos\u00e9 Antonio del Barco D\u00edaz\t\t\t<\/a>\n\t\t<\/h3>\n\t\t\t\t<div class=\"elementor-post__excerpt\">\n\t\t\t<p>Jos\u00e9 Antonio del Barco es pianista, compositor y profesor, con una trayectoria que integra una s\u00f3lida formaci\u00f3n acad\u00e9mica, una amplia<\/p>\n\t\t<\/div>\n\t\t\t\t\t<div class=\"elementor-post__read-more-wrapper\">\n\t\t\n\t\t<a class=\"elementor-post__read-more\" href=\"https:\/\/coscyl.com\/en\/jose-antonio-del-barco-diaz\/\" aria-label=\"Read more about Jos\u00e9 Antonio del Barco D\u00edaz\" tabindex=\"-1\" >\n\t\t\tLeer m\u00e1s\t\t<\/a>\n\n\t\t\t\t\t<\/div>\n\t\t\t\t<\/div>\n\t\t\t\t<\/article>\n\t\t\t\t<article class=\"elementor-post elementor-grid-item post-12416 post type-post status-publish format-standard has-post-thumbnail hentry category-piano-complementario\" role=\"listitem\">\n\t\t\t\t<a class=\"elementor-post__thumbnail__link\" href=\"https:\/\/coscyl.com\/en\/alberto-de-las-heras\/\" tabindex=\"-1\" >\n\t\t\t<div class=\"elementor-post__thumbnail\"><img loading=\"lazy\" decoding=\"async\" width=\"2560\" height=\"2560\" src=\"https:\/\/coscyl.com\/wp-content\/uploads\/2026\/02\/2024-12-31-11.16.59-scaled.jpeg\" class=\"attachment-full size-full wp-image-12417\" alt=\"\" srcset=\"https:\/\/coscyl.com\/wp-content\/uploads\/2026\/02\/2024-12-31-11.16.59-scaled.jpeg 2560w, https:\/\/coscyl.com\/wp-content\/uploads\/2026\/02\/2024-12-31-11.16.59-300x300.jpeg 300w, https:\/\/coscyl.com\/wp-content\/uploads\/2026\/02\/2024-12-31-11.16.59-1024x1024.jpeg 1024w, https:\/\/coscyl.com\/wp-content\/uploads\/2026\/02\/2024-12-31-11.16.59-150x150.jpeg 150w, https:\/\/coscyl.com\/wp-content\/uploads\/2026\/02\/2024-12-31-11.16.59-768x768.jpeg 768w, https:\/\/coscyl.com\/wp-content\/uploads\/2026\/02\/2024-12-31-11.16.59-1536x1536.jpeg 1536w, https:\/\/coscyl.com\/wp-content\/uploads\/2026\/02\/2024-12-31-11.16.59-2048x2048.jpeg 2048w, https:\/\/coscyl.com\/wp-content\/uploads\/2026\/02\/2024-12-31-11.16.59-12x12.jpeg 12w\" sizes=\"(max-width: 2560px) 100vw, 2560px\" \/><\/div>\n\t\t<\/a>\n\t\t\t\t<div class=\"elementor-post__text\">\n\t\t\t\t<h3 class=\"elementor-post__title\">\n\t\t\t<a href=\"https:\/\/coscyl.com\/en\/alberto-de-las-heras\/\" >\n\t\t\t\tAlberto de las Heras\t\t\t<\/a>\n\t\t<\/h3>\n\t\t\t\t<div class=\"elementor-post__excerpt\">\n\t\t\t<p>Nacido en Granada en 1977 obtiene el T\u00edtulo de M\u00e1ster Oficial en Creaci\u00f3n e Interpretaci\u00f3n Musical por la Universidad Rey<\/p>\n\t\t<\/div>\n\t\t\t\t\t<div class=\"elementor-post__read-more-wrapper\">\n\t\t\n\t\t<a class=\"elementor-post__read-more\" href=\"https:\/\/coscyl.com\/en\/alberto-de-las-heras\/\" aria-label=\"Read more about Alberto de las Heras\" tabindex=\"-1\" >\n\t\t\tLeer m\u00e1s\t\t<\/a>\n\n\t\t\t\t\t<\/div>\n\t\t\t\t<\/div>\n\t\t\t\t<\/article>\n\t\t\t\t<\/div>\n\t\t\t\t\t<span class=\"e-load-more-spinner\">\n\t\t\t\t<svg aria-hidden=\"true\" class=\"e-font-icon-svg e-fas-spinner\" viewbox=\"0 0 512 512\" xmlns=\"http:\/\/www.w3.org\/2000\/svg\"><path d=\"M304 48c0 26.51-21.49 48-48 48s-48-21.49-48-48 21.49-48 48-48 48 21.49 48 48zm-48 368c-26.51 0-48 21.49-48 48s21.49 48 48 48 48-21.49 48-48-21.49-48-48-48zm208-208c-26.51 0-48 21.49-48 48s21.49 48 48 48 48-21.49 48-48-21.49-48-48-48zM96 256c0-26.51-21.49-48-48-48S0 229.49 0 256s21.49 48 48 48 48-21.49 48-48zm12.922 99.078c-26.51 0-48 21.49-48 48s21.49 48 48 48 48-21.49 48-48c0-26.509-21.491-48-48-48zm294.156 0c-26.51 0-48 21.49-48 48s21.49 48 48 48 48-21.49 48-48c0-26.509-21.49-48-48-48zM108.922 60.922c-26.51 0-48 21.49-48 48s21.49 48 48 48 48-21.49 48-48-21.491-48-48-48z\"><\/path><\/svg>\t\t\t<\/span>\n\t\t\n\t\t\t\t\t\t<\/div>\n\t\t\t\t<\/div>\n\t\t\t\t<div class=\"elementor-element elementor-element-3582080 elementor-widget elementor-widget-menu-anchor\" data-id=\"3582080\" data-element_type=\"widget\" data-widget_type=\"menu-anchor.default\">\n\t\t\t\t<div class=\"elementor-widget-container\">\n\t\t\t\t\t\t\t<div class=\"elementor-menu-anchor\" id=\"viento-madera\"><\/div>\n\t\t\t\t\t\t<\/div>\n\t\t\t\t<\/div>\n\t\t\t\t<\/div>\n\t\t<div class=\"elementor-element elementor-element-6337026 e-flex e-con-boxed e-con e-parent\" data-id=\"6337026\" data-element_type=\"container\">\n\t\t\t\t\t<div class=\"e-con-inner\">\n\t\t<div class=\"elementor-element elementor-element-ed9fba5 e-grid e-con-full e-con e-child\" data-id=\"ed9fba5\" data-element_type=\"container\">\n\t\t\t\t<div class=\"elementor-element elementor-element-eb8924c elementor-widget elementor-widget-heading\" data-id=\"eb8924c\" data-element_type=\"widget\" data-widget_type=\"heading.default\">\n\t\t\t\t<div class=\"elementor-widget-container\">\n\t\t\t\t\t<h2 class=\"elementor-heading-title elementor-size-default\">Departamento de Viento Madera<\/h2>\t\t\t\t<\/div>\n\t\t\t\t<\/div>\n\t\t\t\t<\/div>\n\t\t\t\t\t<\/div>\n\t\t\t\t<\/div>\n\t\t<div class=\"elementor-element elementor-element-c679175 e-con-full e-flex e-con e-parent\" data-id=\"c679175\" data-element_type=\"container\">\n\t\t\t\t<div class=\"elementor-element elementor-element-2454cbe elementor-widget elementor-widget-heading\" data-id=\"2454cbe\" data-element_type=\"widget\" data-widget_type=\"heading.default\">\n\t\t\t\t<div class=\"elementor-widget-container\">\n\t\t\t\t\t<h2 class=\"elementor-heading-title elementor-size-default\">Clarinete<\/h2>\t\t\t\t<\/div>\n\t\t\t\t<\/div>\n\t\t\t\t<\/div>\n\t\t<div class=\"elementor-element elementor-element-7c669b2 e-con-full e-flex e-con e-parent\" data-id=\"7c669b2\" data-element_type=\"container\">\n\t\t\t\t<div class=\"elementor-element elementor-element-35a5f28 elementor-grid-tablet-1 elementor-grid-2 elementor-posts--thumbnail-right elementor-grid-mobile-1 load-more-align-center elementor-invisible elementor-widget elementor-widget-posts\" data-id=\"35a5f28\" data-element_type=\"widget\" data-settings=\"{&quot;classic_columns_tablet&quot;:&quot;1&quot;,&quot;classic_row_gap_mobile&quot;:{&quot;unit&quot;:&quot;px&quot;,&quot;size&quot;:52,&quot;sizes&quot;:[]},&quot;pagination_type&quot;:&quot;load_more_on_click&quot;,&quot;_animation&quot;:&quot;fadeIn&quot;,&quot;classic_columns&quot;:&quot;2&quot;,&quot;classic_row_gap&quot;:{&quot;unit&quot;:&quot;px&quot;,&quot;size&quot;:30,&quot;sizes&quot;:[]},&quot;classic_columns_mobile&quot;:&quot;1&quot;,&quot;classic_row_gap_tablet&quot;:{&quot;unit&quot;:&quot;px&quot;,&quot;size&quot;:&quot;&quot;,&quot;sizes&quot;:[]},&quot;load_more_spinner&quot;:{&quot;value&quot;:&quot;fas fa-spinner&quot;,&quot;library&quot;:&quot;fa-solid&quot;}}\" data-widget_type=\"posts.classic\">\n\t\t\t\t<div class=\"elementor-widget-container\">\n\t\t\t\t\t\t\t<div class=\"elementor-posts-container elementor-posts elementor-posts--skin-classic elementor-grid\" role=\"list\">\n\t\t\t\t<article class=\"elementor-post elementor-grid-item post-1343 post type-post status-publish format-standard has-post-thumbnail hentry category-clarinete\" role=\"listitem\">\n\t\t\t\t<a class=\"elementor-post__thumbnail__link\" href=\"https:\/\/coscyl.com\/en\/juan-felix-alvarez\/\" tabindex=\"-1\" >\n\t\t\t<div class=\"elementor-post__thumbnail\"><img loading=\"lazy\" decoding=\"async\" width=\"2017\" height=\"2560\" src=\"https:\/\/coscyl.com\/wp-content\/uploads\/2023\/07\/1.juanfelix-scaled.jpg\" class=\"attachment-full size-full wp-image-7587\" alt=\"\" srcset=\"https:\/\/coscyl.com\/wp-content\/uploads\/2023\/07\/1.juanfelix-scaled.jpg 2017w, https:\/\/coscyl.com\/wp-content\/uploads\/2023\/07\/1.juanfelix-236x300.jpg 236w, https:\/\/coscyl.com\/wp-content\/uploads\/2023\/07\/1.juanfelix-807x1024.jpg 807w, https:\/\/coscyl.com\/wp-content\/uploads\/2023\/07\/1.juanfelix-768x975.jpg 768w, https:\/\/coscyl.com\/wp-content\/uploads\/2023\/07\/1.juanfelix-1210x1536.jpg 1210w, https:\/\/coscyl.com\/wp-content\/uploads\/2023\/07\/1.juanfelix-1613x2048.jpg 1613w, https:\/\/coscyl.com\/wp-content\/uploads\/2023\/07\/1.juanfelix-9x12.jpg 9w\" sizes=\"(max-width: 2017px) 100vw, 2017px\" \/><\/div>\n\t\t<\/a>\n\t\t\t\t<div class=\"elementor-post__text\">\n\t\t\t\t<h3 class=\"elementor-post__title\">\n\t\t\t<a href=\"https:\/\/coscyl.com\/en\/juan-felix-alvarez\/\" >\n\t\t\t\tJuan F\u00e9lix \u00c1lvarez Gonz\u00e1lez de Ch\u00e1vez\t\t\t<\/a>\n\t\t<\/h3>\n\t\t\t\t<div class=\"elementor-post__excerpt\">\n\t\t\t<p>Juan F\u00e9lix \u00c1lvarez (clarinete) nace en La Orotava (Tenerife) en el a\u00f1o 1978. Estudi\u00f3 en el Conservatorio Superior de M\u00fasica<\/p>\n\t\t<\/div>\n\t\t\t\t\t<div class=\"elementor-post__read-more-wrapper\">\n\t\t\n\t\t<a class=\"elementor-post__read-more\" href=\"https:\/\/coscyl.com\/en\/juan-felix-alvarez\/\" aria-label=\"Read more about Juan F\u00e9lix \u00c1lvarez Gonz\u00e1lez de Ch\u00e1vez\" tabindex=\"-1\" >\n\t\t\tLeer m\u00e1s\t\t<\/a>\n\n\t\t\t\t\t<\/div>\n\t\t\t\t<\/div>\n\t\t\t\t<\/article>\n\t\t\t\t<article class=\"elementor-post elementor-grid-item post-1346 post type-post status-publish format-standard has-post-thumbnail hentry category-clarinete category-solista-orquesta category-trabajo-fin-master\" role=\"listitem\">\n\t\t\t\t<a class=\"elementor-post__thumbnail__link\" href=\"https:\/\/coscyl.com\/en\/pedro-rubio-olivares\/\" tabindex=\"-1\" >\n\t\t\t<div class=\"elementor-post__thumbnail\"><img loading=\"lazy\" decoding=\"async\" width=\"1192\" height=\"2118\" src=\"https:\/\/coscyl.com\/wp-content\/uploads\/2023\/07\/P.RUBIO_.jpg\" class=\"attachment-full size-full wp-image-7743\" alt=\"\" srcset=\"https:\/\/coscyl.com\/wp-content\/uploads\/2023\/07\/P.RUBIO_.jpg 1192w, https:\/\/coscyl.com\/wp-content\/uploads\/2023\/07\/P.RUBIO_-169x300.jpg 169w, https:\/\/coscyl.com\/wp-content\/uploads\/2023\/07\/P.RUBIO_-576x1024.jpg 576w, https:\/\/coscyl.com\/wp-content\/uploads\/2023\/07\/P.RUBIO_-768x1365.jpg 768w, https:\/\/coscyl.com\/wp-content\/uploads\/2023\/07\/P.RUBIO_-864x1536.jpg 864w, https:\/\/coscyl.com\/wp-content\/uploads\/2023\/07\/P.RUBIO_-1153x2048.jpg 1153w, https:\/\/coscyl.com\/wp-content\/uploads\/2023\/07\/P.RUBIO_-7x12.jpg 7w\" sizes=\"(max-width: 1192px) 100vw, 1192px\" \/><\/div>\n\t\t<\/a>\n\t\t\t\t<div class=\"elementor-post__text\">\n\t\t\t\t<h3 class=\"elementor-post__title\">\n\t\t\t<a href=\"https:\/\/coscyl.com\/en\/pedro-rubio-olivares\/\" >\n\t\t\t\tPedro Francisco Rubio Olivares\t\t\t<\/a>\n\t\t<\/h3>\n\t\t\t\t<div class=\"elementor-post__excerpt\">\n\t\t\t<p>Pedro Rubio (clarinete) realiza sus estudios musicales en Murcia, M\u00e1laga y Barcelona. En 1997 obtiene el Clarinet Performing Diploma por<\/p>\n\t\t<\/div>\n\t\t\t\t\t<div class=\"elementor-post__read-more-wrapper\">\n\t\t\n\t\t<a class=\"elementor-post__read-more\" href=\"https:\/\/coscyl.com\/en\/pedro-rubio-olivares\/\" aria-label=\"Read more about Pedro Francisco Rubio Olivares\" tabindex=\"-1\" >\n\t\t\tLeer m\u00e1s\t\t<\/a>\n\n\t\t\t\t\t<\/div>\n\t\t\t\t<\/div>\n\t\t\t\t<\/article>\n\t\t\t\t<\/div>\n\t\t\t\t\t<span class=\"e-load-more-spinner\">\n\t\t\t\t<svg aria-hidden=\"true\" class=\"e-font-icon-svg e-fas-spinner\" viewbox=\"0 0 512 512\" xmlns=\"http:\/\/www.w3.org\/2000\/svg\"><path d=\"M304 48c0 26.51-21.49 48-48 48s-48-21.49-48-48 21.49-48 48-48 48 21.49 48 48zm-48 368c-26.51 0-48 21.49-48 48s21.49 48 48 48 48-21.49 48-48-21.49-48-48-48zm208-208c-26.51 0-48 21.49-48 48s21.49 48 48 48 48-21.49 48-48-21.49-48-48-48zM96 256c0-26.51-21.49-48-48-48S0 229.49 0 256s21.49 48 48 48 48-21.49 48-48zm12.922 99.078c-26.51 0-48 21.49-48 48s21.49 48 48 48 48-21.49 48-48c0-26.509-21.491-48-48-48zm294.156 0c-26.51 0-48 21.49-48 48s21.49 48 48 48 48-21.49 48-48c0-26.509-21.49-48-48-48zM108.922 60.922c-26.51 0-48 21.49-48 48s21.49 48 48 48 48-21.49 48-48-21.491-48-48-48z\"><\/path><\/svg>\t\t\t<\/span>\n\t\t\n\t\t\t\t\t\t<\/div>\n\t\t\t\t<\/div>\n\t\t\t\t<\/div>\n\t\t<div class=\"elementor-element elementor-element-1d21be3 e-con-full e-flex e-con e-parent\" data-id=\"1d21be3\" data-element_type=\"container\">\n\t\t\t\t<div class=\"elementor-element elementor-element-b6bb438 elementor-widget elementor-widget-heading\" data-id=\"b6bb438\" data-element_type=\"widget\" data-widget_type=\"heading.default\">\n\t\t\t\t<div class=\"elementor-widget-container\">\n\t\t\t\t\t<h2 class=\"elementor-heading-title elementor-size-default\">Flauta travesera<\/h2>\t\t\t\t<\/div>\n\t\t\t\t<\/div>\n\t\t\t\t<\/div>\n\t\t<div class=\"elementor-element elementor-element-798ea98 e-con-full e-flex e-con e-parent\" data-id=\"798ea98\" data-element_type=\"container\">\n\t\t\t\t<div class=\"elementor-element elementor-element-4fce2bb elementor-grid-tablet-1 elementor-grid-2 elementor-posts--thumbnail-right elementor-grid-mobile-1 load-more-align-center elementor-invisible elementor-widget elementor-widget-posts\" data-id=\"4fce2bb\" data-element_type=\"widget\" data-settings=\"{&quot;classic_columns_tablet&quot;:&quot;1&quot;,&quot;classic_row_gap_mobile&quot;:{&quot;unit&quot;:&quot;px&quot;,&quot;size&quot;:52,&quot;sizes&quot;:[]},&quot;pagination_type&quot;:&quot;load_more_on_click&quot;,&quot;_animation&quot;:&quot;fadeIn&quot;,&quot;classic_columns&quot;:&quot;2&quot;,&quot;classic_row_gap&quot;:{&quot;unit&quot;:&quot;px&quot;,&quot;size&quot;:30,&quot;sizes&quot;:[]},&quot;classic_columns_mobile&quot;:&quot;1&quot;,&quot;classic_row_gap_tablet&quot;:{&quot;unit&quot;:&quot;px&quot;,&quot;size&quot;:&quot;&quot;,&quot;sizes&quot;:[]},&quot;load_more_spinner&quot;:{&quot;value&quot;:&quot;fas fa-spinner&quot;,&quot;library&quot;:&quot;fa-solid&quot;}}\" data-widget_type=\"posts.classic\">\n\t\t\t\t<div class=\"elementor-widget-container\">\n\t\t\t\t\t\t\t<div class=\"elementor-posts-container elementor-posts elementor-posts--skin-classic elementor-grid\" role=\"list\">\n\t\t\t\t<article class=\"elementor-post elementor-grid-item post-1349 post type-post status-publish format-standard has-post-thumbnail hentry category-flauta-travesera\" role=\"listitem\">\n\t\t\t\t<a class=\"elementor-post__thumbnail__link\" href=\"https:\/\/coscyl.com\/en\/raquel-fernandez-berdion\/\" tabindex=\"-1\" >\n\t\t\t<div class=\"elementor-post__thumbnail\"><img loading=\"lazy\" decoding=\"async\" width=\"567\" height=\"851\" src=\"https:\/\/coscyl.com\/wp-content\/uploads\/2023\/07\/Raquel-Fernandez.jpg\" class=\"attachment-full size-full wp-image-1350\" alt=\"\" srcset=\"https:\/\/coscyl.com\/wp-content\/uploads\/2023\/07\/Raquel-Fernandez.jpg 567w, https:\/\/coscyl.com\/wp-content\/uploads\/2023\/07\/Raquel-Fernandez-200x300.jpg 200w, https:\/\/coscyl.com\/wp-content\/uploads\/2023\/07\/Raquel-Fernandez-8x12.jpg 8w\" sizes=\"(max-width: 567px) 100vw, 567px\" \/><\/div>\n\t\t<\/a>\n\t\t\t\t<div class=\"elementor-post__text\">\n\t\t\t\t<h3 class=\"elementor-post__title\">\n\t\t\t<a href=\"https:\/\/coscyl.com\/en\/raquel-fernandez-berdion\/\" >\n\t\t\t\tRaquel Fern\u00e1ndez Berdi\u00f3n\t\t\t<\/a>\n\t\t<\/h3>\n\t\t\t\t<div class=\"elementor-post__excerpt\">\n\t\t\t<p>Titulada superior en el Conservatorio Superior de M\u00fasica de Asturias y M\u00e1ster en Musicolog\u00eda por la Universidad de Oviedo, ha<\/p>\n\t\t<\/div>\n\t\t\t\t\t<div class=\"elementor-post__read-more-wrapper\">\n\t\t\n\t\t<a class=\"elementor-post__read-more\" href=\"https:\/\/coscyl.com\/en\/raquel-fernandez-berdion\/\" aria-label=\"Read more about Raquel Fern\u00e1ndez Berdi\u00f3n\" tabindex=\"-1\" >\n\t\t\tLeer m\u00e1s\t\t<\/a>\n\n\t\t\t\t\t<\/div>\n\t\t\t\t<\/div>\n\t\t\t\t<\/article>\n\t\t\t\t<article class=\"elementor-post elementor-grid-item post-1352 post type-post status-publish format-standard has-post-thumbnail hentry category-flauta-travesera\" role=\"listitem\">\n\t\t\t\t<a class=\"elementor-post__thumbnail__link\" href=\"https:\/\/coscyl.com\/en\/claudia-fernandez-alvarez\/\" tabindex=\"-1\" >\n\t\t\t<div class=\"elementor-post__thumbnail\"><img loading=\"lazy\" decoding=\"async\" width=\"2560\" height=\"2160\" src=\"https:\/\/coscyl.com\/wp-content\/uploads\/2023\/07\/foto-Claudia-Ferandez-Alvarez-scaled.jpg\" class=\"attachment-full size-full wp-image-7354\" alt=\"\" srcset=\"https:\/\/coscyl.com\/wp-content\/uploads\/2023\/07\/foto-Claudia-Ferandez-Alvarez-scaled.jpg 2560w, https:\/\/coscyl.com\/wp-content\/uploads\/2023\/07\/foto-Claudia-Ferandez-Alvarez-300x253.jpg 300w, https:\/\/coscyl.com\/wp-content\/uploads\/2023\/07\/foto-Claudia-Ferandez-Alvarez-1024x864.jpg 1024w, https:\/\/coscyl.com\/wp-content\/uploads\/2023\/07\/foto-Claudia-Ferandez-Alvarez-768x648.jpg 768w, https:\/\/coscyl.com\/wp-content\/uploads\/2023\/07\/foto-Claudia-Ferandez-Alvarez-1536x1296.jpg 1536w, https:\/\/coscyl.com\/wp-content\/uploads\/2023\/07\/foto-Claudia-Ferandez-Alvarez-2048x1728.jpg 2048w, https:\/\/coscyl.com\/wp-content\/uploads\/2023\/07\/foto-Claudia-Ferandez-Alvarez-14x12.jpg 14w\" sizes=\"(max-width: 2560px) 100vw, 2560px\" \/><\/div>\n\t\t<\/a>\n\t\t\t\t<div class=\"elementor-post__text\">\n\t\t\t\t<h3 class=\"elementor-post__title\">\n\t\t\t<a href=\"https:\/\/coscyl.com\/en\/claudia-fernandez-alvarez\/\" >\n\t\t\t\tClaudia Fern\u00e1ndez \u00c1lvarez\t\t\t<\/a>\n\t\t<\/h3>\n\t\t\t\t<div class=\"elementor-post__excerpt\">\n\t\t\t<p>Actualmente compagina la docencia de flauta, piccolo y repertorio orquestal en el Conservatorio Superior de M\u00fasica de Castilla y Le\u00f3n&nbsp;<\/p>\n\t\t<\/div>\n\t\t\t\t\t<div class=\"elementor-post__read-more-wrapper\">\n\t\t\n\t\t<a class=\"elementor-post__read-more\" href=\"https:\/\/coscyl.com\/en\/claudia-fernandez-alvarez\/\" aria-label=\"Read more about Claudia Fern\u00e1ndez \u00c1lvarez\" tabindex=\"-1\" >\n\t\t\tLeer m\u00e1s\t\t<\/a>\n\n\t\t\t\t\t<\/div>\n\t\t\t\t<\/div>\n\t\t\t\t<\/article>\n\t\t\t\t<\/div>\n\t\t\t\t\t<span class=\"e-load-more-spinner\">\n\t\t\t\t<svg aria-hidden=\"true\" class=\"e-font-icon-svg e-fas-spinner\" viewbox=\"0 0 512 512\" xmlns=\"http:\/\/www.w3.org\/2000\/svg\"><path d=\"M304 48c0 26.51-21.49 48-48 48s-48-21.49-48-48 21.49-48 48-48 48 21.49 48 48zm-48 368c-26.51 0-48 21.49-48 48s21.49 48 48 48 48-21.49 48-48-21.49-48-48-48zm208-208c-26.51 0-48 21.49-48 48s21.49 48 48 48 48-21.49 48-48-21.49-48-48-48zM96 256c0-26.51-21.49-48-48-48S0 229.49 0 256s21.49 48 48 48 48-21.49 48-48zm12.922 99.078c-26.51 0-48 21.49-48 48s21.49 48 48 48 48-21.49 48-48c0-26.509-21.491-48-48-48zm294.156 0c-26.51 0-48 21.49-48 48s21.49 48 48 48 48-21.49 48-48c0-26.509-21.49-48-48-48zM108.922 60.922c-26.51 0-48 21.49-48 48s21.49 48 48 48 48-21.49 48-48-21.491-48-48-48z\"><\/path><\/svg>\t\t\t<\/span>\n\t\t\n\t\t\t\t\t\t<\/div>\n\t\t\t\t<\/div>\n\t\t\t\t<\/div>\n\t\t<div class=\"elementor-element elementor-element-7c4c2f9 e-con-full e-flex e-con e-parent\" data-id=\"7c4c2f9\" data-element_type=\"container\">\n\t\t\t\t<div class=\"elementor-element elementor-element-c41b297 elementor-widget elementor-widget-heading\" data-id=\"c41b297\" data-element_type=\"widget\" data-widget_type=\"heading.default\">\n\t\t\t\t<div class=\"elementor-widget-container\">\n\t\t\t\t\t<h2 class=\"elementor-heading-title elementor-size-default\">Fagot<\/h2>\t\t\t\t<\/div>\n\t\t\t\t<\/div>\n\t\t\t\t<\/div>\n\t\t<div class=\"elementor-element elementor-element-d5098f3 e-con-full e-flex e-con e-parent\" data-id=\"d5098f3\" data-element_type=\"container\">\n\t\t\t\t<div class=\"elementor-element elementor-element-6e6bb97 elementor-grid-tablet-1 elementor-grid-2 elementor-posts--thumbnail-right elementor-grid-mobile-1 load-more-align-center elementor-invisible elementor-widget elementor-widget-posts\" data-id=\"6e6bb97\" data-element_type=\"widget\" data-settings=\"{&quot;classic_columns_tablet&quot;:&quot;1&quot;,&quot;classic_row_gap_mobile&quot;:{&quot;unit&quot;:&quot;px&quot;,&quot;size&quot;:52,&quot;sizes&quot;:[]},&quot;pagination_type&quot;:&quot;load_more_on_click&quot;,&quot;_animation&quot;:&quot;fadeIn&quot;,&quot;classic_columns&quot;:&quot;2&quot;,&quot;classic_row_gap&quot;:{&quot;unit&quot;:&quot;px&quot;,&quot;size&quot;:30,&quot;sizes&quot;:[]},&quot;classic_columns_mobile&quot;:&quot;1&quot;,&quot;classic_row_gap_tablet&quot;:{&quot;unit&quot;:&quot;px&quot;,&quot;size&quot;:&quot;&quot;,&quot;sizes&quot;:[]},&quot;load_more_spinner&quot;:{&quot;value&quot;:&quot;fas fa-spinner&quot;,&quot;library&quot;:&quot;fa-solid&quot;}}\" data-widget_type=\"posts.classic\">\n\t\t\t\t<div class=\"elementor-widget-container\">\n\t\t\t\t\t\t\t<div class=\"elementor-posts-container elementor-posts elementor-posts--skin-classic elementor-grid\" role=\"list\">\n\t\t\t\t<article class=\"elementor-post elementor-grid-item post-1355 post type-post status-publish format-standard has-post-thumbnail hentry category-fagot\" role=\"listitem\">\n\t\t\t\t<a class=\"elementor-post__thumbnail__link\" href=\"https:\/\/coscyl.com\/en\/andrea-perez-perez\/\" tabindex=\"-1\" >\n\t\t\t<div class=\"elementor-post__thumbnail\"><img loading=\"lazy\" decoding=\"async\" width=\"1707\" height=\"2560\" src=\"https:\/\/coscyl.com\/wp-content\/uploads\/2023\/07\/2021-04-17-13.04.00-1-1-scaled.jpg\" class=\"attachment-full size-full wp-image-7488\" alt=\"\" srcset=\"https:\/\/coscyl.com\/wp-content\/uploads\/2023\/07\/2021-04-17-13.04.00-1-1-scaled.jpg 1707w, https:\/\/coscyl.com\/wp-content\/uploads\/2023\/07\/2021-04-17-13.04.00-1-1-200x300.jpg 200w, https:\/\/coscyl.com\/wp-content\/uploads\/2023\/07\/2021-04-17-13.04.00-1-1-683x1024.jpg 683w, https:\/\/coscyl.com\/wp-content\/uploads\/2023\/07\/2021-04-17-13.04.00-1-1-768x1152.jpg 768w, https:\/\/coscyl.com\/wp-content\/uploads\/2023\/07\/2021-04-17-13.04.00-1-1-1024x1536.jpg 1024w, https:\/\/coscyl.com\/wp-content\/uploads\/2023\/07\/2021-04-17-13.04.00-1-1-1365x2048.jpg 1365w, https:\/\/coscyl.com\/wp-content\/uploads\/2023\/07\/2021-04-17-13.04.00-1-1-8x12.jpg 8w\" sizes=\"(max-width: 1707px) 100vw, 1707px\" \/><\/div>\n\t\t<\/a>\n\t\t\t\t<div class=\"elementor-post__text\">\n\t\t\t\t<h3 class=\"elementor-post__title\">\n\t\t\t<a href=\"https:\/\/coscyl.com\/en\/andrea-perez-perez\/\" >\n\t\t\t\tAndrea P\u00e9rez P\u00e9rez \u00a0\t\t\t<\/a>\n\t\t<\/h3>\n\t\t\t\t<div class=\"elementor-post__excerpt\">\n\t\t\t<p>Andrea P\u00e9rez comienza sus estudios de fagot con 8 a\u00f1os en el Conservatorio Profesional de M\u00fasica de Elche con la<\/p>\n\t\t<\/div>\n\t\t\t\t\t<div class=\"elementor-post__read-more-wrapper\">\n\t\t\n\t\t<a class=\"elementor-post__read-more\" href=\"https:\/\/coscyl.com\/en\/andrea-perez-perez\/\" aria-label=\"Read more about Andrea P\u00e9rez P\u00e9rez \u00a0\" tabindex=\"-1\" >\n\t\t\tLeer m\u00e1s\t\t<\/a>\n\n\t\t\t\t\t<\/div>\n\t\t\t\t<\/div>\n\t\t\t\t<\/article>\n\t\t\t\t<\/div>\n\t\t\t\t\t<span class=\"e-load-more-spinner\">\n\t\t\t\t<svg aria-hidden=\"true\" class=\"e-font-icon-svg e-fas-spinner\" viewbox=\"0 0 512 512\" xmlns=\"http:\/\/www.w3.org\/2000\/svg\"><path d=\"M304 48c0 26.51-21.49 48-48 48s-48-21.49-48-48 21.49-48 48-48 48 21.49 48 48zm-48 368c-26.51 0-48 21.49-48 48s21.49 48 48 48 48-21.49 48-48-21.49-48-48-48zm208-208c-26.51 0-48 21.49-48 48s21.49 48 48 48 48-21.49 48-48-21.49-48-48-48zM96 256c0-26.51-21.49-48-48-48S0 229.49 0 256s21.49 48 48 48 48-21.49 48-48zm12.922 99.078c-26.51 0-48 21.49-48 48s21.49 48 48 48 48-21.49 48-48c0-26.509-21.491-48-48-48zm294.156 0c-26.51 0-48 21.49-48 48s21.49 48 48 48 48-21.49 48-48c0-26.509-21.49-48-48-48zM108.922 60.922c-26.51 0-48 21.49-48 48s21.49 48 48 48 48-21.49 48-48-21.491-48-48-48z\"><\/path><\/svg>\t\t\t<\/span>\n\t\t\n\t\t\t\t\t\t<\/div>\n\t\t\t\t<\/div>\n\t\t\t\t<\/div>\n\t\t<div class=\"elementor-element elementor-element-a3083a0 e-con-full e-flex e-con e-parent\" data-id=\"a3083a0\" data-element_type=\"container\">\n\t\t\t\t<div class=\"elementor-element elementor-element-92d0bca elementor-widget elementor-widget-heading\" data-id=\"92d0bca\" data-element_type=\"widget\" data-widget_type=\"heading.default\">\n\t\t\t\t<div class=\"elementor-widget-container\">\n\t\t\t\t\t<h2 class=\"elementor-heading-title elementor-size-default\">Oboe<\/h2>\t\t\t\t<\/div>\n\t\t\t\t<\/div>\n\t\t\t\t<\/div>\n\t\t<div class=\"elementor-element elementor-element-46dd940 e-con-full e-flex e-con e-parent\" data-id=\"46dd940\" data-element_type=\"container\">\n\t\t\t\t<div class=\"elementor-element elementor-element-35eff0b elementor-grid-tablet-1 elementor-grid-2 elementor-posts--thumbnail-right elementor-grid-mobile-1 load-more-align-center elementor-invisible elementor-widget elementor-widget-posts\" data-id=\"35eff0b\" data-element_type=\"widget\" data-settings=\"{&quot;classic_columns_tablet&quot;:&quot;1&quot;,&quot;classic_row_gap_mobile&quot;:{&quot;unit&quot;:&quot;px&quot;,&quot;size&quot;:52,&quot;sizes&quot;:[]},&quot;pagination_type&quot;:&quot;load_more_on_click&quot;,&quot;_animation&quot;:&quot;fadeIn&quot;,&quot;classic_columns&quot;:&quot;2&quot;,&quot;classic_row_gap&quot;:{&quot;unit&quot;:&quot;px&quot;,&quot;size&quot;:30,&quot;sizes&quot;:[]},&quot;classic_columns_mobile&quot;:&quot;1&quot;,&quot;classic_row_gap_tablet&quot;:{&quot;unit&quot;:&quot;px&quot;,&quot;size&quot;:&quot;&quot;,&quot;sizes&quot;:[]},&quot;load_more_spinner&quot;:{&quot;value&quot;:&quot;fas fa-spinner&quot;,&quot;library&quot;:&quot;fa-solid&quot;}}\" data-widget_type=\"posts.classic\">\n\t\t\t\t<div class=\"elementor-widget-container\">\n\t\t\t\t\t\t\t<div class=\"elementor-posts-container elementor-posts elementor-posts--skin-classic elementor-grid\" role=\"list\">\n\t\t\t\t<article class=\"elementor-post elementor-grid-item post-1358 post type-post status-publish format-standard has-post-thumbnail hentry category-oboe\" role=\"listitem\">\n\t\t\t\t<a class=\"elementor-post__thumbnail__link\" href=\"https:\/\/coscyl.com\/en\/silvia-esain-nagore\/\" tabindex=\"-1\" >\n\t\t\t<div class=\"elementor-post__thumbnail\"><img loading=\"lazy\" decoding=\"async\" width=\"531\" height=\"531\" src=\"https:\/\/coscyl.com\/wp-content\/uploads\/2023\/07\/foto-Silvia-Esain.jpeg\" class=\"attachment-full size-full wp-image-7309\" alt=\"\" srcset=\"https:\/\/coscyl.com\/wp-content\/uploads\/2023\/07\/foto-Silvia-Esain.jpeg 531w, https:\/\/coscyl.com\/wp-content\/uploads\/2023\/07\/foto-Silvia-Esain-300x300.jpeg 300w, https:\/\/coscyl.com\/wp-content\/uploads\/2023\/07\/foto-Silvia-Esain-150x150.jpeg 150w, https:\/\/coscyl.com\/wp-content\/uploads\/2023\/07\/foto-Silvia-Esain-12x12.jpeg 12w\" sizes=\"(max-width: 531px) 100vw, 531px\" \/><\/div>\n\t\t<\/a>\n\t\t\t\t<div class=\"elementor-post__text\">\n\t\t\t\t<h3 class=\"elementor-post__title\">\n\t\t\t<a href=\"https:\/\/coscyl.com\/en\/silvia-esain-nagore\/\" >\n\t\t\t\tSilvia Esain Nagore\t\t\t<\/a>\n\t\t<\/h3>\n\t\t\t\t<div class=\"elementor-post__excerpt\">\n\t\t\t<p>Silvia Esain comienza sus estudios de oboe a la edad de 7 a\u00f1os en la Escuela de m\u00fasica \u00abHilari\u00f3n Eslava\u00bb.<\/p>\n\t\t<\/div>\n\t\t\t\t\t<div class=\"elementor-post__read-more-wrapper\">\n\t\t\n\t\t<a class=\"elementor-post__read-more\" href=\"https:\/\/coscyl.com\/en\/silvia-esain-nagore\/\" aria-label=\"Read more about Silvia Esain Nagore\" tabindex=\"-1\" >\n\t\t\tLeer m\u00e1s\t\t<\/a>\n\n\t\t\t\t\t<\/div>\n\t\t\t\t<\/div>\n\t\t\t\t<\/article>\n\t\t\t\t<\/div>\n\t\t\t\t\t<span class=\"e-load-more-spinner\">\n\t\t\t\t<svg aria-hidden=\"true\" class=\"e-font-icon-svg e-fas-spinner\" viewbox=\"0 0 512 512\" xmlns=\"http:\/\/www.w3.org\/2000\/svg\"><path d=\"M304 48c0 26.51-21.49 48-48 48s-48-21.49-48-48 21.49-48 48-48 48 21.49 48 48zm-48 368c-26.51 0-48 21.49-48 48s21.49 48 48 48 48-21.49 48-48-21.49-48-48-48zm208-208c-26.51 0-48 21.49-48 48s21.49 48 48 48 48-21.49 48-48-21.49-48-48-48zM96 256c0-26.51-21.49-48-48-48S0 229.49 0 256s21.49 48 48 48 48-21.49 48-48zm12.922 99.078c-26.51 0-48 21.49-48 48s21.49 48 48 48 48-21.49 48-48c0-26.509-21.491-48-48-48zm294.156 0c-26.51 0-48 21.49-48 48s21.49 48 48 48 48-21.49 48-48c0-26.509-21.49-48-48-48zM108.922 60.922c-26.51 0-48 21.49-48 48s21.49 48 48 48 48-21.49 48-48-21.491-48-48-48z\"><\/path><\/svg>\t\t\t<\/span>\n\t\t\n\t\t\t\t\t\t<\/div>\n\t\t\t\t<\/div>\n\t\t\t\t<\/div>\n\t\t<div class=\"elementor-element elementor-element-84c4ae8 e-con-full e-flex e-con e-parent\" data-id=\"84c4ae8\" data-element_type=\"container\">\n\t\t\t\t<div class=\"elementor-element elementor-element-1c968d9 elementor-widget elementor-widget-heading\" data-id=\"1c968d9\" data-element_type=\"widget\" data-widget_type=\"heading.default\">\n\t\t\t\t<div class=\"elementor-widget-container\">\n\t\t\t\t\t<h2 class=\"elementor-heading-title elementor-size-default\">Saxof\u00f3n<\/h2>\t\t\t\t<\/div>\n\t\t\t\t<\/div>\n\t\t\t\t<\/div>\n\t\t<div class=\"elementor-element elementor-element-0eba1ef e-con-full e-flex e-con e-parent\" data-id=\"0eba1ef\" data-element_type=\"container\">\n\t\t\t\t<div class=\"elementor-element elementor-element-71522e7 elementor-grid-tablet-1 elementor-grid-2 elementor-posts--thumbnail-right elementor-grid-mobile-1 load-more-align-center elementor-invisible elementor-widget elementor-widget-posts\" data-id=\"71522e7\" data-element_type=\"widget\" data-settings=\"{&quot;classic_columns_tablet&quot;:&quot;1&quot;,&quot;classic_row_gap_mobile&quot;:{&quot;unit&quot;:&quot;px&quot;,&quot;size&quot;:52,&quot;sizes&quot;:[]},&quot;pagination_type&quot;:&quot;load_more_on_click&quot;,&quot;_animation&quot;:&quot;fadeIn&quot;,&quot;classic_columns&quot;:&quot;2&quot;,&quot;classic_row_gap&quot;:{&quot;unit&quot;:&quot;px&quot;,&quot;size&quot;:30,&quot;sizes&quot;:[]},&quot;classic_columns_mobile&quot;:&quot;1&quot;,&quot;classic_row_gap_tablet&quot;:{&quot;unit&quot;:&quot;px&quot;,&quot;size&quot;:&quot;&quot;,&quot;sizes&quot;:[]},&quot;load_more_spinner&quot;:{&quot;value&quot;:&quot;fas fa-spinner&quot;,&quot;library&quot;:&quot;fa-solid&quot;}}\" data-widget_type=\"posts.classic\">\n\t\t\t\t<div class=\"elementor-widget-container\">\n\t\t\t\t\t\t\t<div class=\"elementor-posts-container elementor-posts elementor-posts--skin-classic elementor-grid\" role=\"list\">\n\t\t\t\t<article class=\"elementor-post elementor-grid-item post-1367 post type-post status-publish format-standard has-post-thumbnail hentry category-solista-orquesta category-saxofon\" role=\"listitem\">\n\t\t\t\t<a class=\"elementor-post__thumbnail__link\" href=\"https:\/\/coscyl.com\/en\/raquel-panos-castillo\/\" tabindex=\"-1\" >\n\t\t\t<div class=\"elementor-post__thumbnail\"><img loading=\"lazy\" decoding=\"async\" width=\"2560\" height=\"2048\" src=\"https:\/\/coscyl.com\/wp-content\/uploads\/2023\/07\/IMG-20250529-WA0043-scaled.jpg\" class=\"attachment-full size-full wp-image-11719\" alt=\"\" srcset=\"https:\/\/coscyl.com\/wp-content\/uploads\/2023\/07\/IMG-20250529-WA0043-scaled.jpg 2560w, https:\/\/coscyl.com\/wp-content\/uploads\/2023\/07\/IMG-20250529-WA0043-300x240.jpg 300w, https:\/\/coscyl.com\/wp-content\/uploads\/2023\/07\/IMG-20250529-WA0043-1024x819.jpg 1024w, https:\/\/coscyl.com\/wp-content\/uploads\/2023\/07\/IMG-20250529-WA0043-768x614.jpg 768w, https:\/\/coscyl.com\/wp-content\/uploads\/2023\/07\/IMG-20250529-WA0043-1536x1229.jpg 1536w, https:\/\/coscyl.com\/wp-content\/uploads\/2023\/07\/IMG-20250529-WA0043-2048x1638.jpg 2048w, https:\/\/coscyl.com\/wp-content\/uploads\/2023\/07\/IMG-20250529-WA0043-15x12.jpg 15w\" sizes=\"(max-width: 2560px) 100vw, 2560px\" \/><\/div>\n\t\t<\/a>\n\t\t\t\t<div class=\"elementor-post__text\">\n\t\t\t\t<h3 class=\"elementor-post__title\">\n\t\t\t<a href=\"https:\/\/coscyl.com\/en\/raquel-panos-castillo\/\" >\n\t\t\t\tRaquel Pa\u00f1os Castillo\t\t\t<\/a>\n\t\t<\/h3>\n\t\t\t\t<div class=\"elementor-post__excerpt\">\n\t\t\t<p>Profesora de saxof\u00f3n del Conservatorio Superior de M\u00fasica de Castilla y Le\u00f3n. Tras obtener en 2013 el T\u00edtulo de Grado<\/p>\n\t\t<\/div>\n\t\t\t\t\t<div class=\"elementor-post__read-more-wrapper\">\n\t\t\n\t\t<a class=\"elementor-post__read-more\" href=\"https:\/\/coscyl.com\/en\/raquel-panos-castillo\/\" aria-label=\"Read more about Raquel Pa\u00f1os Castillo\" tabindex=\"-1\" >\n\t\t\tLeer m\u00e1s\t\t<\/a>\n\n\t\t\t\t\t<\/div>\n\t\t\t\t<\/div>\n\t\t\t\t<\/article>\n\t\t\t\t<\/div>\n\t\t\t\t\t<span class=\"e-load-more-spinner\">\n\t\t\t\t<svg aria-hidden=\"true\" class=\"e-font-icon-svg e-fas-spinner\" viewbox=\"0 0 512 512\" xmlns=\"http:\/\/www.w3.org\/2000\/svg\"><path d=\"M304 48c0 26.51-21.49 48-48 48s-48-21.49-48-48 21.49-48 48-48 48 21.49 48 48zm-48 368c-26.51 0-48 21.49-48 48s21.49 48 48 48 48-21.49 48-48-21.49-48-48-48zm208-208c-26.51 0-48 21.49-48 48s21.49 48 48 48 48-21.49 48-48-21.49-48-48-48zM96 256c0-26.51-21.49-48-48-48S0 229.49 0 256s21.49 48 48 48 48-21.49 48-48zm12.922 99.078c-26.51 0-48 21.49-48 48s21.49 48 48 48 48-21.49 48-48c0-26.509-21.491-48-48-48zm294.156 0c-26.51 0-48 21.49-48 48s21.49 48 48 48 48-21.49 48-48c0-26.509-21.49-48-48-48zM108.922 60.922c-26.51 0-48 21.49-48 48s21.49 48 48 48 48-21.49 48-48-21.491-48-48-48z\"><\/path><\/svg>\t\t\t<\/span>\n\t\t\n\t\t\t\t\t\t<\/div>\n\t\t\t\t<\/div>\n\t\t\t\t<div class=\"elementor-element elementor-element-d83bfeb elementor-widget elementor-widget-menu-anchor\" data-id=\"d83bfeb\" data-element_type=\"widget\" data-widget_type=\"menu-anchor.default\">\n\t\t\t\t<div class=\"elementor-widget-container\">\n\t\t\t\t\t\t\t<div class=\"elementor-menu-anchor\" id=\"viento-metal-percusion\"><\/div>\n\t\t\t\t\t\t<\/div>\n\t\t\t\t<\/div>\n\t\t\t\t<\/div>\n\t\t<div class=\"elementor-element elementor-element-ec326b0 e-flex e-con-boxed e-con e-parent\" data-id=\"ec326b0\" data-element_type=\"container\">\n\t\t\t\t\t<div class=\"e-con-inner\">\n\t\t<div class=\"elementor-element elementor-element-a4d39a0 e-grid e-con-full e-con e-child\" data-id=\"a4d39a0\" data-element_type=\"container\">\n\t\t\t\t<div class=\"elementor-element elementor-element-8a7ee78 elementor-widget elementor-widget-heading\" data-id=\"8a7ee78\" data-element_type=\"widget\" data-widget_type=\"heading.default\">\n\t\t\t\t<div class=\"elementor-widget-container\">\n\t\t\t\t\t<h2 class=\"elementor-heading-title elementor-size-default\">Departamento de Viento Metal y Percusi\u00f3n<\/h2>\t\t\t\t<\/div>\n\t\t\t\t<\/div>\n\t\t\t\t<\/div>\n\t\t\t\t\t<\/div>\n\t\t\t\t<\/div>\n\t\t<div class=\"elementor-element elementor-element-5d511d1 e-con-full e-flex e-con e-parent\" data-id=\"5d511d1\" data-element_type=\"container\">\n\t\t\t\t<div class=\"elementor-element elementor-element-f722337 elementor-widget elementor-widget-heading\" data-id=\"f722337\" data-element_type=\"widget\" data-widget_type=\"heading.default\">\n\t\t\t\t<div class=\"elementor-widget-container\">\n\t\t\t\t\t<h2 class=\"elementor-heading-title elementor-size-default\">Percusi\u00f3n<\/h2>\t\t\t\t<\/div>\n\t\t\t\t<\/div>\n\t\t\t\t<\/div>\n\t\t<div class=\"elementor-element elementor-element-ffef25a e-con-full e-flex e-con e-parent\" data-id=\"ffef25a\" data-element_type=\"container\">\n\t\t\t\t<div class=\"elementor-element elementor-element-5206311 elementor-grid-tablet-1 elementor-grid-2 elementor-posts--thumbnail-right elementor-grid-mobile-1 load-more-align-center elementor-invisible elementor-widget elementor-widget-posts\" data-id=\"5206311\" data-element_type=\"widget\" data-settings=\"{&quot;classic_columns_tablet&quot;:&quot;1&quot;,&quot;classic_row_gap_mobile&quot;:{&quot;unit&quot;:&quot;px&quot;,&quot;size&quot;:52,&quot;sizes&quot;:[]},&quot;pagination_type&quot;:&quot;load_more_on_click&quot;,&quot;_animation&quot;:&quot;fadeIn&quot;,&quot;classic_columns&quot;:&quot;2&quot;,&quot;classic_row_gap&quot;:{&quot;unit&quot;:&quot;px&quot;,&quot;size&quot;:30,&quot;sizes&quot;:[]},&quot;classic_columns_mobile&quot;:&quot;1&quot;,&quot;classic_row_gap_tablet&quot;:{&quot;unit&quot;:&quot;px&quot;,&quot;size&quot;:&quot;&quot;,&quot;sizes&quot;:[]},&quot;load_more_spinner&quot;:{&quot;value&quot;:&quot;fas fa-spinner&quot;,&quot;library&quot;:&quot;fa-solid&quot;}}\" data-widget_type=\"posts.classic\">\n\t\t\t\t<div class=\"elementor-widget-container\">\n\t\t\t\t\t\t\t<div class=\"elementor-posts-container elementor-posts elementor-posts--skin-classic elementor-grid\" role=\"list\">\n\t\t\t\t<article class=\"elementor-post elementor-grid-item post-1377 post type-post status-publish format-standard has-post-thumbnail hentry category-solista-orquesta category-percusion\" role=\"listitem\">\n\t\t\t\t<a class=\"elementor-post__thumbnail__link\" href=\"https:\/\/coscyl.com\/en\/noe-rodrigo-gisbert\/\" tabindex=\"-1\" >\n\t\t\t<div class=\"elementor-post__thumbnail\"><img loading=\"lazy\" decoding=\"async\" width=\"2185\" height=\"2185\" src=\"https:\/\/coscyl.com\/wp-content\/uploads\/2023\/07\/NOE-RODRIGO-02.jpg\" class=\"attachment-full size-full wp-image-1380\" alt=\"\" srcset=\"https:\/\/coscyl.com\/wp-content\/uploads\/2023\/07\/NOE-RODRIGO-02.jpg 2185w, https:\/\/coscyl.com\/wp-content\/uploads\/2023\/07\/NOE-RODRIGO-02-300x300.jpg 300w, https:\/\/coscyl.com\/wp-content\/uploads\/2023\/07\/NOE-RODRIGO-02-1024x1024.jpg 1024w, https:\/\/coscyl.com\/wp-content\/uploads\/2023\/07\/NOE-RODRIGO-02-150x150.jpg 150w, https:\/\/coscyl.com\/wp-content\/uploads\/2023\/07\/NOE-RODRIGO-02-768x768.jpg 768w, https:\/\/coscyl.com\/wp-content\/uploads\/2023\/07\/NOE-RODRIGO-02-1536x1536.jpg 1536w, https:\/\/coscyl.com\/wp-content\/uploads\/2023\/07\/NOE-RODRIGO-02-2048x2048.jpg 2048w, https:\/\/coscyl.com\/wp-content\/uploads\/2023\/07\/NOE-RODRIGO-02-12x12.jpg 12w\" sizes=\"(max-width: 2185px) 100vw, 2185px\" \/><\/div>\n\t\t<\/a>\n\t\t\t\t<div class=\"elementor-post__text\">\n\t\t\t\t<h3 class=\"elementor-post__title\">\n\t\t\t<a href=\"https:\/\/coscyl.com\/en\/noe-rodrigo-gisbert\/\" >\n\t\t\t\tNo\u00e8 Rodrigo Gisbert\t\t\t<\/a>\n\t\t<\/h3>\n\t\t\t\t<div class=\"elementor-post__excerpt\">\n\t\t\t<p>No\u00e8 Rodrigo es un joven percusionista especializado en m\u00fasica contempor\u00e1nea que, en paralelo a su carrera como solista, desarrolla una<\/p>\n\t\t<\/div>\n\t\t\t\t\t<div class=\"elementor-post__read-more-wrapper\">\n\t\t\n\t\t<a class=\"elementor-post__read-more\" href=\"https:\/\/coscyl.com\/en\/noe-rodrigo-gisbert\/\" aria-label=\"Read more about No\u00e8 Rodrigo Gisbert\" tabindex=\"-1\" >\n\t\t\tLeer m\u00e1s\t\t<\/a>\n\n\t\t\t\t\t<\/div>\n\t\t\t\t<\/div>\n\t\t\t\t<\/article>\n\t\t\t\t<\/div>\n\t\t\t\t\t<span class=\"e-load-more-spinner\">\n\t\t\t\t<svg aria-hidden=\"true\" class=\"e-font-icon-svg e-fas-spinner\" viewbox=\"0 0 512 512\" xmlns=\"http:\/\/www.w3.org\/2000\/svg\"><path d=\"M304 48c0 26.51-21.49 48-48 48s-48-21.49-48-48 21.49-48 48-48 48 21.49 48 48zm-48 368c-26.51 0-48 21.49-48 48s21.49 48 48 48 48-21.49 48-48-21.49-48-48-48zm208-208c-26.51 0-48 21.49-48 48s21.49 48 48 48 48-21.49 48-48-21.49-48-48-48zM96 256c0-26.51-21.49-48-48-48S0 229.49 0 256s21.49 48 48 48 48-21.49 48-48zm12.922 99.078c-26.51 0-48 21.49-48 48s21.49 48 48 48 48-21.49 48-48c0-26.509-21.491-48-48-48zm294.156 0c-26.51 0-48 21.49-48 48s21.49 48 48 48 48-21.49 48-48c0-26.509-21.49-48-48-48zM108.922 60.922c-26.51 0-48 21.49-48 48s21.49 48 48 48 48-21.49 48-48-21.491-48-48-48z\"><\/path><\/svg>\t\t\t<\/span>\n\t\t\n\t\t\t\t\t\t<\/div>\n\t\t\t\t<\/div>\n\t\t\t\t<\/div>\n\t\t<div class=\"elementor-element elementor-element-a0bce75 e-con-full e-flex e-con e-parent\" data-id=\"a0bce75\" data-element_type=\"container\">\n\t\t\t\t<div class=\"elementor-element elementor-element-a8ee38c elementor-widget elementor-widget-heading\" data-id=\"a8ee38c\" data-element_type=\"widget\" data-widget_type=\"heading.default\">\n\t\t\t\t<div class=\"elementor-widget-container\">\n\t\t\t\t\t<h2 class=\"elementor-heading-title elementor-size-default\">Tromb\u00f3n<\/h2>\t\t\t\t<\/div>\n\t\t\t\t<\/div>\n\t\t\t\t<\/div>\n\t\t<div class=\"elementor-element elementor-element-efcacc6 e-con-full e-flex e-con e-parent\" data-id=\"efcacc6\" data-element_type=\"container\">\n\t\t\t\t<div class=\"elementor-element elementor-element-187d93a elementor-grid-tablet-1 elementor-grid-2 elementor-posts--thumbnail-right elementor-grid-mobile-1 load-more-align-center elementor-invisible elementor-widget elementor-widget-posts\" data-id=\"187d93a\" data-element_type=\"widget\" data-settings=\"{&quot;classic_columns_tablet&quot;:&quot;1&quot;,&quot;classic_row_gap_mobile&quot;:{&quot;unit&quot;:&quot;px&quot;,&quot;size&quot;:52,&quot;sizes&quot;:[]},&quot;pagination_type&quot;:&quot;load_more_on_click&quot;,&quot;_animation&quot;:&quot;fadeIn&quot;,&quot;classic_columns&quot;:&quot;2&quot;,&quot;classic_row_gap&quot;:{&quot;unit&quot;:&quot;px&quot;,&quot;size&quot;:30,&quot;sizes&quot;:[]},&quot;classic_columns_mobile&quot;:&quot;1&quot;,&quot;classic_row_gap_tablet&quot;:{&quot;unit&quot;:&quot;px&quot;,&quot;size&quot;:&quot;&quot;,&quot;sizes&quot;:[]},&quot;load_more_spinner&quot;:{&quot;value&quot;:&quot;fas fa-spinner&quot;,&quot;library&quot;:&quot;fa-solid&quot;}}\" data-widget_type=\"posts.classic\">\n\t\t\t\t<div class=\"elementor-widget-container\">\n\t\t\t\t\t\t\t<div class=\"elementor-posts-container elementor-posts elementor-posts--skin-classic elementor-grid\" role=\"list\">\n\t\t\t\t<article class=\"elementor-post elementor-grid-item post-1387 post type-post status-publish format-standard has-post-thumbnail hentry category-solista-orquesta category-trombon\" role=\"listitem\">\n\t\t\t\t<a class=\"elementor-post__thumbnail__link\" href=\"https:\/\/coscyl.com\/en\/ruben-prades-cano\/\" tabindex=\"-1\" >\n\t\t\t<div class=\"elementor-post__thumbnail\"><img loading=\"lazy\" decoding=\"async\" width=\"604\" height=\"344\" src=\"https:\/\/coscyl.com\/wp-content\/uploads\/2023\/07\/RubenPrades.jpg\" class=\"attachment-full size-full wp-image-1382\" alt=\"\" srcset=\"https:\/\/coscyl.com\/wp-content\/uploads\/2023\/07\/RubenPrades.jpg 604w, https:\/\/coscyl.com\/wp-content\/uploads\/2023\/07\/RubenPrades-300x171.jpg 300w, https:\/\/coscyl.com\/wp-content\/uploads\/2023\/07\/RubenPrades-18x10.jpg 18w\" sizes=\"(max-width: 604px) 100vw, 604px\" \/><\/div>\n\t\t<\/a>\n\t\t\t\t<div class=\"elementor-post__text\">\n\t\t\t\t<h3 class=\"elementor-post__title\">\n\t\t\t<a href=\"https:\/\/coscyl.com\/en\/ruben-prades-cano\/\" >\n\t\t\t\tRub\u00e9n Prades Cano\t\t\t<\/a>\n\t\t<\/h3>\n\t\t\t\t<div class=\"elementor-post__excerpt\">\n\t\t\t<p>Inicia sus estudios musicales en la Uni\u00f3n Musical de su pueblo natal Villafranca del Cid ( Castell\u00f3n) con Jos\u00e9 Mar\u00eda<\/p>\n\t\t<\/div>\n\t\t\t\t\t<div class=\"elementor-post__read-more-wrapper\">\n\t\t\n\t\t<a class=\"elementor-post__read-more\" href=\"https:\/\/coscyl.com\/en\/ruben-prades-cano\/\" aria-label=\"Read more about Rub\u00e9n Prades Cano\" tabindex=\"-1\" >\n\t\t\tLeer m\u00e1s\t\t<\/a>\n\n\t\t\t\t\t<\/div>\n\t\t\t\t<\/div>\n\t\t\t\t<\/article>\n\t\t\t\t<\/div>\n\t\t\t\t\t<span class=\"e-load-more-spinner\">\n\t\t\t\t<svg aria-hidden=\"true\" class=\"e-font-icon-svg e-fas-spinner\" viewbox=\"0 0 512 512\" xmlns=\"http:\/\/www.w3.org\/2000\/svg\"><path d=\"M304 48c0 26.51-21.49 48-48 48s-48-21.49-48-48 21.49-48 48-48 48 21.49 48 48zm-48 368c-26.51 0-48 21.49-48 48s21.49 48 48 48 48-21.49 48-48-21.49-48-48-48zm208-208c-26.51 0-48 21.49-48 48s21.49 48 48 48 48-21.49 48-48-21.49-48-48-48zM96 256c0-26.51-21.49-48-48-48S0 229.49 0 256s21.49 48 48 48 48-21.49 48-48zm12.922 99.078c-26.51 0-48 21.49-48 48s21.49 48 48 48 48-21.49 48-48c0-26.509-21.491-48-48-48zm294.156 0c-26.51 0-48 21.49-48 48s21.49 48 48 48 48-21.49 48-48c0-26.509-21.49-48-48-48zM108.922 60.922c-26.51 0-48 21.49-48 48s21.49 48 48 48 48-21.49 48-48-21.491-48-48-48z\"><\/path><\/svg>\t\t\t<\/span>\n\t\t\n\t\t\t\t\t\t<\/div>\n\t\t\t\t<\/div>\n\t\t\t\t<\/div>\n\t\t<div class=\"elementor-element elementor-element-7269bab e-con-full e-flex e-con e-parent\" data-id=\"7269bab\" data-element_type=\"container\">\n\t\t\t\t<div class=\"elementor-element elementor-element-b5e71a8 elementor-widget elementor-widget-heading\" data-id=\"b5e71a8\" data-element_type=\"widget\" data-widget_type=\"heading.default\">\n\t\t\t\t<div class=\"elementor-widget-container\">\n\t\t\t\t\t<h2 class=\"elementor-heading-title elementor-size-default\">Trompa<\/h2>\t\t\t\t<\/div>\n\t\t\t\t<\/div>\n\t\t\t\t<\/div>\n\t\t<div class=\"elementor-element elementor-element-5df8c61 e-con-full e-flex e-con e-parent\" data-id=\"5df8c61\" data-element_type=\"container\">\n\t\t\t\t<div class=\"elementor-element elementor-element-1a83d37 elementor-grid-tablet-1 elementor-grid-2 elementor-posts--thumbnail-right elementor-grid-mobile-1 load-more-align-center elementor-invisible elementor-widget elementor-widget-posts\" data-id=\"1a83d37\" data-element_type=\"widget\" data-settings=\"{&quot;classic_columns_tablet&quot;:&quot;1&quot;,&quot;classic_row_gap_mobile&quot;:{&quot;unit&quot;:&quot;px&quot;,&quot;size&quot;:52,&quot;sizes&quot;:[]},&quot;pagination_type&quot;:&quot;load_more_on_click&quot;,&quot;_animation&quot;:&quot;fadeIn&quot;,&quot;classic_columns&quot;:&quot;2&quot;,&quot;classic_row_gap&quot;:{&quot;unit&quot;:&quot;px&quot;,&quot;size&quot;:30,&quot;sizes&quot;:[]},&quot;classic_columns_mobile&quot;:&quot;1&quot;,&quot;classic_row_gap_tablet&quot;:{&quot;unit&quot;:&quot;px&quot;,&quot;size&quot;:&quot;&quot;,&quot;sizes&quot;:[]},&quot;load_more_spinner&quot;:{&quot;value&quot;:&quot;fas fa-spinner&quot;,&quot;library&quot;:&quot;fa-solid&quot;}}\" data-widget_type=\"posts.classic\">\n\t\t\t\t<div class=\"elementor-widget-container\">\n\t\t\t\t\t\t\t<div class=\"elementor-posts-container elementor-posts elementor-posts--skin-classic elementor-grid\" role=\"list\">\n\t\t\t\t<article class=\"elementor-post elementor-grid-item post-1389 post type-post status-publish format-standard has-post-thumbnail hentry category-trompa\" role=\"listitem\">\n\t\t\t\t<a class=\"elementor-post__thumbnail__link\" href=\"https:\/\/coscyl.com\/en\/pedro-blanco-gonzalez\/\" tabindex=\"-1\" >\n\t\t\t<div class=\"elementor-post__thumbnail\"><img loading=\"lazy\" decoding=\"async\" width=\"1920\" height=\"2560\" src=\"https:\/\/coscyl.com\/wp-content\/uploads\/2023\/07\/5-scaled.jpg\" class=\"attachment-full size-full wp-image-12262\" alt=\"\" srcset=\"https:\/\/coscyl.com\/wp-content\/uploads\/2023\/07\/5-scaled.jpg 1920w, https:\/\/coscyl.com\/wp-content\/uploads\/2023\/07\/5-225x300.jpg 225w, https:\/\/coscyl.com\/wp-content\/uploads\/2023\/07\/5-768x1024.jpg 768w, https:\/\/coscyl.com\/wp-content\/uploads\/2023\/07\/5-1152x1536.jpg 1152w, https:\/\/coscyl.com\/wp-content\/uploads\/2023\/07\/5-1536x2048.jpg 1536w, https:\/\/coscyl.com\/wp-content\/uploads\/2023\/07\/5-9x12.jpg 9w\" sizes=\"(max-width: 1920px) 100vw, 1920px\" \/><\/div>\n\t\t<\/a>\n\t\t\t\t<div class=\"elementor-post__text\">\n\t\t\t\t<h3 class=\"elementor-post__title\">\n\t\t\t<a href=\"https:\/\/coscyl.com\/en\/pedro-blanco-gonzalez\/\" >\n\t\t\t\tPedro Blanco Gonz\u00e1lez\t\t\t<\/a>\n\t\t<\/h3>\n\t\t\t\t<div class=\"elementor-post__excerpt\">\n\t\t\t<p>Nacido en Petrer, finaliza sus estudios con Matr\u00edcula de Honor en laespecialidad de Trompa Natural de la mano del concertista<\/p>\n\t\t<\/div>\n\t\t\t\t\t<div class=\"elementor-post__read-more-wrapper\">\n\t\t\n\t\t<a class=\"elementor-post__read-more\" href=\"https:\/\/coscyl.com\/en\/pedro-blanco-gonzalez\/\" aria-label=\"Read more about Pedro Blanco Gonz\u00e1lez\" tabindex=\"-1\" >\n\t\t\tLeer m\u00e1s\t\t<\/a>\n\n\t\t\t\t\t<\/div>\n\t\t\t\t<\/div>\n\t\t\t\t<\/article>\n\t\t\t\t<\/div>\n\t\t\t\t\t<span class=\"e-load-more-spinner\">\n\t\t\t\t<svg aria-hidden=\"true\" class=\"e-font-icon-svg e-fas-spinner\" viewbox=\"0 0 512 512\" xmlns=\"http:\/\/www.w3.org\/2000\/svg\"><path d=\"M304 48c0 26.51-21.49 48-48 48s-48-21.49-48-48 21.49-48 48-48 48 21.49 48 48zm-48 368c-26.51 0-48 21.49-48 48s21.49 48 48 48 48-21.49 48-48-21.49-48-48-48zm208-208c-26.51 0-48 21.49-48 48s21.49 48 48 48 48-21.49 48-48-21.49-48-48-48zM96 256c0-26.51-21.49-48-48-48S0 229.49 0 256s21.49 48 48 48 48-21.49 48-48zm12.922 99.078c-26.51 0-48 21.49-48 48s21.49 48 48 48 48-21.49 48-48c0-26.509-21.491-48-48-48zm294.156 0c-26.51 0-48 21.49-48 48s21.49 48 48 48 48-21.49 48-48c0-26.509-21.49-48-48-48zM108.922 60.922c-26.51 0-48 21.49-48 48s21.49 48 48 48 48-21.49 48-48-21.491-48-48-48z\"><\/path><\/svg>\t\t\t<\/span>\n\t\t\n\t\t\t\t\t\t<\/div>\n\t\t\t\t<\/div>\n\t\t\t\t<\/div>\n\t\t<div class=\"elementor-element elementor-element-69e4cb8 e-con-full e-flex e-con e-parent\" data-id=\"69e4cb8\" data-element_type=\"container\">\n\t\t\t\t<div class=\"elementor-element elementor-element-7894c01 elementor-widget elementor-widget-heading\" data-id=\"7894c01\" data-element_type=\"widget\" data-widget_type=\"heading.default\">\n\t\t\t\t<div class=\"elementor-widget-container\">\n\t\t\t\t\t<h2 class=\"elementor-heading-title elementor-size-default\">Trompeta<\/h2>\t\t\t\t<\/div>\n\t\t\t\t<\/div>\n\t\t\t\t<\/div>\n\t\t<div class=\"elementor-element elementor-element-bb6f49e e-con-full e-flex e-con e-parent\" data-id=\"bb6f49e\" data-element_type=\"container\">\n\t\t\t\t<div class=\"elementor-element elementor-element-8ceb94c elementor-grid-tablet-1 elementor-grid-2 elementor-posts--thumbnail-right elementor-grid-mobile-1 load-more-align-center elementor-invisible elementor-widget elementor-widget-posts\" data-id=\"8ceb94c\" data-element_type=\"widget\" data-settings=\"{&quot;classic_columns_tablet&quot;:&quot;1&quot;,&quot;classic_row_gap_mobile&quot;:{&quot;unit&quot;:&quot;px&quot;,&quot;size&quot;:52,&quot;sizes&quot;:[]},&quot;pagination_type&quot;:&quot;load_more_on_click&quot;,&quot;_animation&quot;:&quot;fadeIn&quot;,&quot;classic_columns&quot;:&quot;2&quot;,&quot;classic_row_gap&quot;:{&quot;unit&quot;:&quot;px&quot;,&quot;size&quot;:30,&quot;sizes&quot;:[]},&quot;classic_columns_mobile&quot;:&quot;1&quot;,&quot;classic_row_gap_tablet&quot;:{&quot;unit&quot;:&quot;px&quot;,&quot;size&quot;:&quot;&quot;,&quot;sizes&quot;:[]},&quot;load_more_spinner&quot;:{&quot;value&quot;:&quot;fas fa-spinner&quot;,&quot;library&quot;:&quot;fa-solid&quot;}}\" data-widget_type=\"posts.classic\">\n\t\t\t\t<div class=\"elementor-widget-container\">\n\t\t\t\t\t\t\t<div class=\"elementor-posts-container elementor-posts elementor-posts--skin-classic elementor-grid\" role=\"list\">\n\t\t\t\t<article class=\"elementor-post elementor-grid-item post-1391 post type-post status-publish format-standard has-post-thumbnail hentry category-trompeta\" role=\"listitem\">\n\t\t\t\t<a class=\"elementor-post__thumbnail__link\" href=\"https:\/\/coscyl.com\/en\/enrique-morillas-jimenez\/\" tabindex=\"-1\" >\n\t\t\t<div class=\"elementor-post__thumbnail\"><img loading=\"lazy\" decoding=\"async\" width=\"2560\" height=\"1920\" src=\"https:\/\/coscyl.com\/wp-content\/uploads\/2023\/07\/Enrique-Morillas-foto-artistica-scaled.jpg\" class=\"attachment-full size-full wp-image-7120\" alt=\"\" srcset=\"https:\/\/coscyl.com\/wp-content\/uploads\/2023\/07\/Enrique-Morillas-foto-artistica-scaled.jpg 2560w, https:\/\/coscyl.com\/wp-content\/uploads\/2023\/07\/Enrique-Morillas-foto-artistica-300x225.jpg 300w, https:\/\/coscyl.com\/wp-content\/uploads\/2023\/07\/Enrique-Morillas-foto-artistica-1024x768.jpg 1024w, https:\/\/coscyl.com\/wp-content\/uploads\/2023\/07\/Enrique-Morillas-foto-artistica-768x576.jpg 768w, https:\/\/coscyl.com\/wp-content\/uploads\/2023\/07\/Enrique-Morillas-foto-artistica-1536x1152.jpg 1536w, https:\/\/coscyl.com\/wp-content\/uploads\/2023\/07\/Enrique-Morillas-foto-artistica-2048x1536.jpg 2048w, https:\/\/coscyl.com\/wp-content\/uploads\/2023\/07\/Enrique-Morillas-foto-artistica-16x12.jpg 16w\" sizes=\"(max-width: 2560px) 100vw, 2560px\" \/><\/div>\n\t\t<\/a>\n\t\t\t\t<div class=\"elementor-post__text\">\n\t\t\t\t<h3 class=\"elementor-post__title\">\n\t\t\t<a href=\"https:\/\/coscyl.com\/en\/enrique-morillas-jimenez\/\" >\n\t\t\t\tEnrique Morillas Jim\u00e9nez\t\t\t<\/a>\n\t\t<\/h3>\n\t\t\t\t<div class=\"elementor-post__excerpt\">\n\t\t\t<p>Nacido en Granada (Espa\u00f1a) en el a\u00f1o 1990. Comienza sus estudios musicales a la edad de 9 a\u00f1os, especializ\u00e1ndose en<\/p>\n\t\t<\/div>\n\t\t\t\t\t<div class=\"elementor-post__read-more-wrapper\">\n\t\t\n\t\t<a class=\"elementor-post__read-more\" href=\"https:\/\/coscyl.com\/en\/enrique-morillas-jimenez\/\" aria-label=\"Read more about Enrique Morillas Jim\u00e9nez\" tabindex=\"-1\" >\n\t\t\tLeer m\u00e1s\t\t<\/a>\n\n\t\t\t\t\t<\/div>\n\t\t\t\t<\/div>\n\t\t\t\t<\/article>\n\t\t\t\t<\/div>\n\t\t\t\t\t<span class=\"e-load-more-spinner\">\n\t\t\t\t<svg aria-hidden=\"true\" class=\"e-font-icon-svg e-fas-spinner\" viewbox=\"0 0 512 512\" xmlns=\"http:\/\/www.w3.org\/2000\/svg\"><path d=\"M304 48c0 26.51-21.49 48-48 48s-48-21.49-48-48 21.49-48 48-48 48 21.49 48 48zm-48 368c-26.51 0-48 21.49-48 48s21.49 48 48 48 48-21.49 48-48-21.49-48-48-48zm208-208c-26.51 0-48 21.49-48 48s21.49 48 48 48 48-21.49 48-48-21.49-48-48-48zM96 256c0-26.51-21.49-48-48-48S0 229.49 0 256s21.49 48 48 48 48-21.49 48-48zm12.922 99.078c-26.51 0-48 21.49-48 48s21.49 48 48 48 48-21.49 48-48c0-26.509-21.491-48-48-48zm294.156 0c-26.51 0-48 21.49-48 48s21.49 48 48 48 48-21.49 48-48c0-26.509-21.49-48-48-48zM108.922 60.922c-26.51 0-48 21.49-48 48s21.49 48 48 48 48-21.49 48-48-21.491-48-48-48z\"><\/path><\/svg>\t\t\t<\/span>\n\t\t\n\t\t\t\t\t\t<\/div>\n\t\t\t\t<\/div>\n\t\t\t\t<\/div>\n\t\t<div class=\"elementor-element elementor-element-503e2af e-con-full e-flex e-con e-parent\" data-id=\"503e2af\" data-element_type=\"container\">\n\t\t\t\t<div class=\"elementor-element elementor-element-0a25de1 elementor-widget elementor-widget-heading\" data-id=\"0a25de1\" data-element_type=\"widget\" data-widget_type=\"heading.default\">\n\t\t\t\t<div class=\"elementor-widget-container\">\n\t\t\t\t\t<h2 class=\"elementor-heading-title elementor-size-default\">Tuba<\/h2>\t\t\t\t<\/div>\n\t\t\t\t<\/div>\n\t\t\t\t<\/div>\n\t\t<div class=\"elementor-element elementor-element-7f977bc e-con-full e-flex e-con e-parent\" data-id=\"7f977bc\" data-element_type=\"container\">\n\t\t\t\t<div class=\"elementor-element elementor-element-39428ea elementor-grid-tablet-1 elementor-grid-2 elementor-posts--thumbnail-right elementor-grid-mobile-1 load-more-align-center elementor-invisible elementor-widget elementor-widget-posts\" data-id=\"39428ea\" data-element_type=\"widget\" data-settings=\"{&quot;classic_columns_tablet&quot;:&quot;1&quot;,&quot;classic_row_gap_mobile&quot;:{&quot;unit&quot;:&quot;px&quot;,&quot;size&quot;:52,&quot;sizes&quot;:[]},&quot;pagination_type&quot;:&quot;load_more_on_click&quot;,&quot;_animation&quot;:&quot;fadeIn&quot;,&quot;classic_columns&quot;:&quot;2&quot;,&quot;classic_row_gap&quot;:{&quot;unit&quot;:&quot;px&quot;,&quot;size&quot;:30,&quot;sizes&quot;:[]},&quot;classic_columns_mobile&quot;:&quot;1&quot;,&quot;classic_row_gap_tablet&quot;:{&quot;unit&quot;:&quot;px&quot;,&quot;size&quot;:&quot;&quot;,&quot;sizes&quot;:[]},&quot;load_more_spinner&quot;:{&quot;value&quot;:&quot;fas fa-spinner&quot;,&quot;library&quot;:&quot;fa-solid&quot;}}\" data-widget_type=\"posts.classic\">\n\t\t\t\t<div class=\"elementor-widget-container\">\n\t\t\t\t\t\t\t<div class=\"elementor-posts-container elementor-posts elementor-posts--skin-classic elementor-grid\" role=\"list\">\n\t\t\t\t<article class=\"elementor-post elementor-grid-item post-1393 post type-post status-publish format-standard has-post-thumbnail hentry category-tuba\" role=\"listitem\">\n\t\t\t\t<a class=\"elementor-post__thumbnail__link\" href=\"https:\/\/coscyl.com\/en\/josep-gomez-donet\/\" tabindex=\"-1\" >\n\t\t\t<div class=\"elementor-post__thumbnail\"><img loading=\"lazy\" decoding=\"async\" width=\"1071\" height=\"1600\" src=\"https:\/\/coscyl.com\/wp-content\/uploads\/2023\/07\/Imagen-de-WhatsApp-2024-01-08-a-las-20.25.46_f3fc299e.jpg\" class=\"attachment-full size-full wp-image-7351\" alt=\"\" srcset=\"https:\/\/coscyl.com\/wp-content\/uploads\/2023\/07\/Imagen-de-WhatsApp-2024-01-08-a-las-20.25.46_f3fc299e.jpg 1071w, https:\/\/coscyl.com\/wp-content\/uploads\/2023\/07\/Imagen-de-WhatsApp-2024-01-08-a-las-20.25.46_f3fc299e-201x300.jpg 201w, https:\/\/coscyl.com\/wp-content\/uploads\/2023\/07\/Imagen-de-WhatsApp-2024-01-08-a-las-20.25.46_f3fc299e-685x1024.jpg 685w, https:\/\/coscyl.com\/wp-content\/uploads\/2023\/07\/Imagen-de-WhatsApp-2024-01-08-a-las-20.25.46_f3fc299e-768x1147.jpg 768w, https:\/\/coscyl.com\/wp-content\/uploads\/2023\/07\/Imagen-de-WhatsApp-2024-01-08-a-las-20.25.46_f3fc299e-1028x1536.jpg 1028w, https:\/\/coscyl.com\/wp-content\/uploads\/2023\/07\/Imagen-de-WhatsApp-2024-01-08-a-las-20.25.46_f3fc299e-8x12.jpg 8w\" sizes=\"(max-width: 1071px) 100vw, 1071px\" \/><\/div>\n\t\t<\/a>\n\t\t\t\t<div class=\"elementor-post__text\">\n\t\t\t\t<h3 class=\"elementor-post__title\">\n\t\t\t<a href=\"https:\/\/coscyl.com\/en\/josep-gomez-donet\/\" >\n\t\t\t\tJosep G\u00f3mez Donet\t\t\t<\/a>\n\t\t<\/h3>\n\t\t\t\t<div class=\"elementor-post__excerpt\">\n\t\t\t<p>Josep G\u00f3mez Donet nace en Simat de la Valldigna (Val\u00e9ncia) en 1993, donde empieza sus estudios musicales en la escuela<\/p>\n\t\t<\/div>\n\t\t\t\t\t<div class=\"elementor-post__read-more-wrapper\">\n\t\t\n\t\t<a class=\"elementor-post__read-more\" href=\"https:\/\/coscyl.com\/en\/josep-gomez-donet\/\" aria-label=\"Read more about Josep G\u00f3mez Donet\" tabindex=\"-1\" >\n\t\t\tLeer m\u00e1s\t\t<\/a>\n\n\t\t\t\t\t<\/div>\n\t\t\t\t<\/div>\n\t\t\t\t<\/article>\n\t\t\t\t<\/div>\n\t\t\t\t\t<span class=\"e-load-more-spinner\">\n\t\t\t\t<svg aria-hidden=\"true\" class=\"e-font-icon-svg e-fas-spinner\" viewbox=\"0 0 512 512\" xmlns=\"http:\/\/www.w3.org\/2000\/svg\"><path d=\"M304 48c0 26.51-21.49 48-48 48s-48-21.49-48-48 21.49-48 48-48 48 21.49 48 48zm-48 368c-26.51 0-48 21.49-48 48s21.49 48 48 48 48-21.49 48-48-21.49-48-48-48zm208-208c-26.51 0-48 21.49-48 48s21.49 48 48 48 48-21.49 48-48-21.49-48-48-48zM96 256c0-26.51-21.49-48-48-48S0 229.49 0 256s21.49 48 48 48 48-21.49 48-48zm12.922 99.078c-26.51 0-48 21.49-48 48s21.49 48 48 48 48-21.49 48-48c0-26.509-21.491-48-48-48zm294.156 0c-26.51 0-48 21.49-48 48s21.49 48 48 48 48-21.49 48-48c0-26.509-21.49-48-48-48zM108.922 60.922c-26.51 0-48 21.49-48 48s21.49 48 48 48 48-21.49 48-48-21.491-48-48-48z\"><\/path><\/svg>\t\t\t<\/span>\n\t\t\n\t\t\t\t\t\t<\/div>\n\t\t\t\t<\/div>\n\t\t\t\t<\/div>\n\t\t\t\t<\/div>","protected":false},"excerpt":{"rendered":"<p>Profesorado de Grado Departamento de Cuerda y Arpa Viol\u00edn Violonchelo Viola Contrabajo Arpa Departamento de Canto e Idiomas Canto Escena L\u00edrica Repertorio con piano para voz Idioma extranjero Departamento de Composici\u00f3n Composici\u00f3n Armon\u00eda, an\u00e1lisis y contrapunto Tecnolog\u00eda musical Departamento de M\u00fasica de Conjunto M\u00fasica de C\u00e1mara Orquesta y Coro Departamento de Piano y Guitarra Piano [&hellip;]<\/p>","protected":false},"author":1,"featured_media":0,"parent":0,"menu_order":0,"comment_status":"closed","ping_status":"closed","template":"elementor_header_footer","meta":{"footnotes":""},"class_list":["post-646","page","type-page","status-publish","hentry"],"_links":{"self":[{"href":"https:\/\/coscyl.com\/en\/wp-json\/wp\/v2\/pages\/646","targetHints":{"allow":["GET"]}}],"collection":[{"href":"https:\/\/coscyl.com\/en\/wp-json\/wp\/v2\/pages"}],"about":[{"href":"https:\/\/coscyl.com\/en\/wp-json\/wp\/v2\/types\/page"}],"author":[{"embeddable":true,"href":"https:\/\/coscyl.com\/en\/wp-json\/wp\/v2\/users\/1"}],"replies":[{"embeddable":true,"href":"https:\/\/coscyl.com\/en\/wp-json\/wp\/v2\/comments?post=646"}],"version-history":[{"count":323,"href":"https:\/\/coscyl.com\/en\/wp-json\/wp\/v2\/pages\/646\/revisions"}],"predecessor-version":[{"id":12415,"href":"https:\/\/coscyl.com\/en\/wp-json\/wp\/v2\/pages\/646\/revisions\/12415"}],"wp:attachment":[{"href":"https:\/\/coscyl.com\/en\/wp-json\/wp\/v2\/media?parent=646"}],"curies":[{"name":"wp","href":"https:\/\/api.w.org\/{rel}","templated":true}]}}