{"id":2184,"date":"2023-07-13T09:24:27","date_gmt":"2023-07-13T09:24:27","guid":{"rendered":"http:\/\/www.coscyl.com\/?page_id=2184"},"modified":"2025-12-26T07:04:15","modified_gmt":"2025-12-26T06:04:15","slug":"composicion","status":"publish","type":"page","link":"https:\/\/coscyl.com\/en\/composicion\/","title":{"rendered":"Composici\u00f3n"},"content":{"rendered":"<div data-elementor-type=\"wp-page\" data-elementor-id=\"2184\" class=\"elementor elementor-2184\" data-elementor-post-type=\"page\">\n\t\t\t\t<div class=\"elementor-element elementor-element-36741387 e-con-full e-flex e-con e-parent\" data-id=\"36741387\" data-element_type=\"container\">\n\t\t<div class=\"elementor-element elementor-element-497abd6f e-con-full e-flex e-con e-child\" data-id=\"497abd6f\" data-element_type=\"container\">\n\t\t\t\t<div class=\"elementor-element elementor-element-9ba44e3 elementor-widget elementor-widget-heading\" data-id=\"9ba44e3\" data-element_type=\"widget\" data-widget_type=\"heading.default\">\n\t\t\t\t<div class=\"elementor-widget-container\">\n\t\t\t\t\t<h2 class=\"elementor-heading-title elementor-size-default\">T\u00edtulo Superior de M\u00fasica<\/h2>\t\t\t\t<\/div>\n\t\t\t\t<\/div>\n\t\t\t\t<div class=\"elementor-element elementor-element-688a1b1f elementor-widget elementor-widget-heading\" data-id=\"688a1b1f\" data-element_type=\"widget\" data-widget_type=\"heading.default\">\n\t\t\t\t<div class=\"elementor-widget-container\">\n\t\t\t\t\t<h2 class=\"elementor-heading-title elementor-size-default\">Itinerario de Composici\u00f3n<\/h2>\t\t\t\t<\/div>\n\t\t\t\t<\/div>\n\t\t\t\t<div class=\"elementor-element elementor-element-2cc88056 elementor-widget-divider--view-line elementor-widget elementor-widget-divider\" data-id=\"2cc88056\" data-element_type=\"widget\" data-widget_type=\"divider.default\">\n\t\t\t\t<div class=\"elementor-widget-container\">\n\t\t\t\t\t\t\t<div class=\"elementor-divider\">\n\t\t\t<span class=\"elementor-divider-separator\">\n\t\t\t\t\t\t<\/span>\n\t\t<\/div>\n\t\t\t\t\t\t<\/div>\n\t\t\t\t<\/div>\n\t\t\t\t<\/div>\n\t\t\t\t<\/div>\n\t\t<div class=\"elementor-element elementor-element-d021180 e-con-full e-flex e-con e-parent\" data-id=\"d021180\" data-element_type=\"container\" id=\"itinerario\" data-settings=\"{&quot;background_background&quot;:&quot;classic&quot;}\">\n\t\t<div class=\"elementor-element elementor-element-41f55c3b e-con-full e-grid e-con e-child\" data-id=\"41f55c3b\" data-element_type=\"container\">\n\t\t<div class=\"elementor-element elementor-element-47dd8183 e-flex e-con-boxed e-con e-child\" data-id=\"47dd8183\" data-element_type=\"container\">\n\t\t\t\t\t<div class=\"e-con-inner\">\n\t\t\t\t<div class=\"elementor-element elementor-element-5dbf0133 elementor-widget elementor-widget-heading\" data-id=\"5dbf0133\" data-element_type=\"widget\" data-widget_type=\"heading.default\">\n\t\t\t\t<div class=\"elementor-widget-container\">\n\t\t\t\t\t<h2 class=\"elementor-heading-title elementor-size-default\">Plan de Estudios<\/h2>\t\t\t\t<\/div>\n\t\t\t\t<\/div>\n\t\t\t\t<div class=\"elementor-element elementor-element-8faacb3 elementor-widget elementor-widget-image\" data-id=\"8faacb3\" data-element_type=\"widget\" data-widget_type=\"image.default\">\n\t\t\t\t<div class=\"elementor-widget-container\">\n\t\t\t\t\t\t\t\t\t\t\t\t\t\t\t\t<a href=\"http:\/\/www.coscyl.com\/wp-content\/uploads\/2023\/07\/Plan_est_Composicion.jpg\" data-elementor-open-lightbox=\"yes\" data-elementor-lightbox-title=\"Plan_est_Composicion\" data-e-action-hash=\"#elementor-action%3Aaction%3Dlightbox%26settings%3DeyJpZCI6MjEzMywidXJsIjoiaHR0cHM6XC9cL2Nvc2N5bC5jb21cL3dwLWNvbnRlbnRcL3VwbG9hZHNcLzIwMjNcLzA3XC9QbGFuX2VzdF9Db21wb3NpY2lvbi5qcGcifQ%3D%3D\">\n\t\t\t\t\t\t\t<img fetchpriority=\"high\" decoding=\"async\" width=\"1654\" height=\"2339\" src=\"https:\/\/coscyl.com\/wp-content\/uploads\/2023\/07\/Plan_est_Composicion.jpg\" class=\"attachment-full size-full wp-image-2133\" alt=\"\" srcset=\"https:\/\/coscyl.com\/wp-content\/uploads\/2023\/07\/Plan_est_Composicion.jpg 1654w, https:\/\/coscyl.com\/wp-content\/uploads\/2023\/07\/Plan_est_Composicion-212x300.jpg 212w, https:\/\/coscyl.com\/wp-content\/uploads\/2023\/07\/Plan_est_Composicion-724x1024.jpg 724w, https:\/\/coscyl.com\/wp-content\/uploads\/2023\/07\/Plan_est_Composicion-768x1086.jpg 768w, https:\/\/coscyl.com\/wp-content\/uploads\/2023\/07\/Plan_est_Composicion-1086x1536.jpg 1086w, https:\/\/coscyl.com\/wp-content\/uploads\/2023\/07\/Plan_est_Composicion-1448x2048.jpg 1448w, https:\/\/coscyl.com\/wp-content\/uploads\/2023\/07\/Plan_est_Composicion-8x12.jpg 8w\" sizes=\"(max-width: 1654px) 100vw, 1654px\" \/>\t\t\t\t\t\t\t\t<\/a>\n\t\t\t\t\t\t\t\t\t\t\t\t\t\t\t<\/div>\n\t\t\t\t<\/div>\n\t\t\t\t\t<\/div>\n\t\t\t\t<\/div>\n\t\t\t\t<div class=\"elementor-element elementor-element-6e359c25 elementor-widget elementor-widget-text-editor\" data-id=\"6e359c25\" data-element_type=\"widget\" data-widget_type=\"text-editor.default\">\n\t\t\t\t<div class=\"elementor-widget-container\">\n\t\t\t\t\t\t\t\t\t<p>Desde este enlace se puede descargar la <a href=\"https:\/\/coscyl.com\/wp-content\/uploads\/2025\/12\/Composicion.pdf\">Gu\u00eda acad\u00e9mica de la especialidad de COMPOSICI\u00d3N<\/a>.\u00a0Para ver la Gu\u00eda docente de una asignatura concreta, pinche m\u00e1s abajo en el nombre de la asignatura correspondiente.<\/p><h3>\u00a0<\/h3><h3>CURSO 1\u00ba<\/h3><p><a href=\"http:\/\/www.coscyl.com\/wp-content\/uploads\/2023\/07\/Guia-Docente-Historia-de-la-musica-I.pdf\" target=\"_blank\" rel=\"noopener noreferrer\">Historia de la m\u00fasica I<\/a><\/p><p><a href=\"http:\/\/www.coscyl.com\/wp-content\/uploads\/2023\/11\/Armonia-I-Composicion.pdf\" target=\"_blank\" rel=\"noopener noreferrer\">Armon\u00eda I<\/a><\/p><p><a href=\"http:\/\/www.coscyl.com\/wp-content\/uploads\/2023\/11\/Educacion-Auditiva-I.pdf\" target=\"_blank\" rel=\"noopener noreferrer\">Educaci\u00f3n auditiva I<\/a><\/p><p><a href=\"http:\/\/www.coscyl.com\/wp-content\/uploads\/2023\/11\/Instrumentacion-y-orquestacion-I.pdf\" target=\"_blank\" rel=\"noopener noreferrer\">Instrumentaci\u00f3n y orquestaci\u00f3n I<\/a><\/p><p><a href=\"http:\/\/www.coscyl.com\/wp-content\/uploads\/2023\/11\/Tecnicas-de-composicion-I.pdf\" target=\"_blank\" rel=\"noopener noreferrer\">T\u00e9cnicas de composici\u00f3n I<\/a><\/p><p><a href=\"https:\/\/coscyl.com\/wp-content\/uploads\/2025\/Analisis-I-Composicion.pdf\" target=\"_blank\" rel=\"noopener noreferrer\">An\u00e1lisis I<\/a><\/p><p><a href=\"http:\/\/www.coscyl.com\/wp-content\/uploads\/2023\/11\/Contrapunto-I-Composicion.pdf\" target=\"_blank\" rel=\"noopener noreferrer\">Contrapunto I<\/a><\/p><p><a href=\"http:\/\/www.coscyl.com\/wp-content\/uploads\/2023\/11\/Idioma-extranjero-I-y-II.pdf\" target=\"_blank\" rel=\"noopener noreferrer\">Idioma extranjero I<\/a><\/p><p><a href=\"http:\/\/www.coscyl.com\/wp-content\/uploads\/2024\/Piano-Complementario-I-corregido.pdf\" target=\"_blank\" rel=\"noopener noreferrer\">Piano complementario I<\/a><\/p><p><a href=\"http:\/\/www.coscyl.com\/wp-content\/uploads\/2023\/11\/Guia_docente_Coro_I_GRADO_2023-2024.pdf\">Coro I<\/a><\/p><p><a href=\"https:\/\/coscyl.com\/wp-content\/uploads\/2025\/Tecnica-de-la-direccion-I25-26.pdf\" target=\"_blank\" rel=\"noopener noreferrer\">T\u00e9cnica de la direcci\u00f3n I<\/a><\/p><p><a href=\"http:\/\/www.coscyl.com\/wp-content\/uploads\/2023\/11\/Informatica-Musical-I.pdf\" target=\"_blank\" rel=\"noopener noreferrer\">Inform\u00e1tica musical I<\/a><\/p><h3>\u00a0<\/h3><h3>CURSO 2\u00ba<\/h3><p><a href=\"http:\/\/www.coscyl.com\/wp-content\/uploads\/2025\/2025-GD-Historia-de-la-Musica-II-Abellan-Fernandez.pdf\" target=\"_blank\" rel=\"noopener noreferrer\">Historia de la m\u00fasica II<\/a><\/p><p><a href=\"http:\/\/www.coscyl.com\/wp-content\/uploads\/2023\/11\/Armonia-II-Composicion.pdf\" target=\"_blank\" rel=\"noopener noreferrer\">Armon\u00eda II<\/a><\/p><p><a href=\"http:\/\/www.coscyl.com\/wp-content\/uploads\/2023\/11\/Educacion-Auditiva-II.pdf\" target=\"_blank\" rel=\"noopener noreferrer\">Educaci\u00f3n auditiva II<\/a><\/p><p><a href=\"http:\/\/www.coscyl.com\/wp-content\/uploads\/2023\/11\/Instrumentacion-y-orquestacion-II.pdf\" target=\"_blank\" rel=\"noopener noreferrer\">Instrumentaci\u00f3n y orquestaci\u00f3n II<\/a><\/p><p><a href=\"http:\/\/www.coscyl.com\/wp-content\/uploads\/2023\/11\/Taller-de-Estrenos.pdf\" target=\"_blank\" rel=\"noopener noreferrer\">Taller de estrenos I<\/a><\/p><p><a href=\"http:\/\/www.coscyl.com\/wp-content\/uploads\/2023\/11\/Tecnicas-de-composicion-II.pdf\" target=\"_blank\" rel=\"noopener noreferrer\">T\u00e9cnicas de composici\u00f3n II<\/a><\/p><p><a href=\"https:\/\/coscyl.com\/wp-content\/uploads\/2025\/Analisis-II-Composicion.pdf\" target=\"_blank\" rel=\"noopener noreferrer\">An\u00e1lisis II<\/a><\/p><p><a href=\"https:\/\/coscyl.com\/wp-content\/uploads\/2025\/Analisis-de-la-musica-contemporanea-I-Composicion.pdf\" target=\"_blank\" rel=\"noopener noreferrer\">An\u00e1lisis de la m\u00fasica contempor\u00e1nea I<\/a><\/p><p><a href=\"http:\/\/www.coscyl.com\/wp-content\/uploads\/2023\/11\/Contrapunto-II-Composicion.pdf\" target=\"_blank\" rel=\"noopener noreferrer\">Contrapunto II<\/a><\/p><p><a href=\"http:\/\/www.coscyl.com\/wp-content\/uploads\/2024\/Piano-Complementario-II-corregido.pdf\" target=\"_blank\" rel=\"noopener noreferrer\">Piano complementario II<\/a><\/p><p><a href=\"http:\/\/www.coscyl.com\/wp-content\/uploads\/2023\/11\/Guia_docente_Coro_II_GRADO_2023-2024.pdf\" target=\"_blank\" rel=\"noopener noreferrer\">Coro II<\/a><\/p><p><a href=\"https:\/\/coscyl.com\/wp-content\/uploads\/2025\/Tecnica-de-la-direccion-II-25-26-1.pdf\" target=\"_blank\" rel=\"noopener noreferrer\">T\u00e9cnica de la direcci\u00f3n II<\/a><\/p><p><a href=\"http:\/\/www.coscyl.com\/wp-content\/uploads\/2023\/11\/Informatica-Musical-II.pdf\" target=\"_blank\" rel=\"noopener noreferrer\">Inform\u00e1tica musical II<\/a><\/p><h3>\u00a0<\/h3><h3>CURSO 3\u00ba<\/h3><p><a href=\"http:\/\/www.coscyl.com\/wp-content\/uploads\/2023\/11\/Metodologia-de-la-investigacion-musical-Composicion-e-Interpretacion-curso-2023-24.pdf\" target=\"_blank\" rel=\"noopener noreferrer\">Metodolog\u00eda de la investigaci\u00f3n<\/a><\/p><p><a href=\"http:\/\/www.coscyl.com\/wp-content\/uploads\/2023\/11\/Instrumentacion-y-orquestacion-III.pdf\" target=\"_blank\" rel=\"noopener noreferrer\">Instrumentaci\u00f3n y orquestaci\u00f3n III<\/a><\/p><p><a href=\"http:\/\/www.coscyl.com\/wp-content\/uploads\/2023\/11\/Taller-de-Estrenos.pdf\" target=\"_blank\" rel=\"noopener noreferrer\">Taller de estrenos II<\/a><\/p><p><a href=\"http:\/\/www.coscyl.com\/wp-content\/uploads\/2023\/11\/Tecnicas-de-composicion-III.pdf\" target=\"_blank\" rel=\"noopener noreferrer\">T\u00e9cnicas de composici\u00f3n III<\/a><\/p><p><a href=\"http:\/\/www.coscyl.com\/wp-content\/uploads\/2023\/11\/Analisis-III-composicion.pdf\" target=\"_blank\" rel=\"noopener noreferrer\">An\u00e1lisis III<\/a><\/p><p><a href=\"https:\/\/coscyl.com\/wp-content\/uploads\/2025\/Analisis-de-la-musica-contemporanea-II-Composicion.pdf\" target=\"_blank\" rel=\"noopener noreferrer\">An\u00e1lisis de la m\u00fasica contempor\u00e1nea II<\/a><\/p><p><a href=\"http:\/\/www.coscyl.com\/wp-content\/uploads\/2023\/11\/Contrapunto-III-Composicion.pdf\" target=\"_blank\" rel=\"noopener noreferrer\">Contrapunto III<\/a><\/p><p><a href=\"http:\/\/www.coscyl.com\/wp-content\/uploads\/2023\/07\/Historia-de-la-musica-de-los-siglos-XX-y-XXI.pdf\" target=\"_blank\" rel=\"noopener noreferrer\">Historia de la m\u00fasica de los ss. XX y XXI<\/a><\/p><p><a href=\"http:\/\/www.coscyl.com\/wp-content\/uploads\/2023\/11\/Improvisacion-I-Contrabajo-Percusion-y-Saxofon.pdf\" target=\"_blank\" rel=\"noopener noreferrer\">Improvisaci\u00f3n I<\/a><\/p><p><a href=\"http:\/\/www.coscyl.com\/wp-content\/uploads\/2024\/Piano-complementario-III-corregido.pdf\" target=\"_blank\" rel=\"noopener\">Piano complementario III<\/a><\/p><p><a href=\"http:\/\/www.coscyl.com\/wp-content\/uploads\/2023\/11\/Guia_docente_Coro_III_GRADO_2023-2024.pdf\">Coro III<\/a><\/p><p><a href=\"http:\/\/www.coscyl.com\/wp-content\/uploads\/2023\/11\/Tecnica-de-la-composicion-electroacustica.pdf\" target=\"_blank\" rel=\"noopener noreferrer\">T\u00e9cnica de la composici\u00f3n electroac\u00fastica<\/a><\/p><h3>\u00a0<\/h3><h3>CURSO 4\u00ba<\/h3><p><a href=\"http:\/\/www.coscyl.com\/wp-content\/uploads\/2023\/11\/Instrumentacion-y-orquestacion-IV.pdf\" target=\"_blank\" rel=\"noopener noreferrer\">Instrumentaci\u00f3n y orquestaci\u00f3n IV<\/a><\/p><p><a href=\"http:\/\/www.coscyl.com\/wp-content\/uploads\/2023\/11\/Taller-de-Estrenos.pdf\" target=\"_blank\" rel=\"noopener noreferrer\">Taller de estrenos III<\/a><\/p><p><a href=\"http:\/\/www.coscyl.com\/wp-content\/uploads\/2023\/11\/Tecnicas-de-composicion-IV.pdf\" target=\"_blank\" rel=\"noopener noreferrer\">T\u00e9cnicas de composici\u00f3n IV<\/a><\/p><p><a href=\"http:\/\/www.coscyl.com\/wp-content\/uploads\/2023\/11\/Analisis-IV-composicion.pdf\" target=\"_blank\" rel=\"noopener noreferrer\">An\u00e1lisis IV<\/a><\/p><p><a href=\"http:\/\/www.coscyl.com\/wp-content\/uploads\/2025\/Analisis-de-la-musica-contemporanea-III-Composicion.pdf\">An\u00e1lisis de la m\u00fasica contempor\u00e1nea III<\/a><\/p><p><a href=\"http:\/\/www.coscyl.com\/wp-content\/uploads\/2023\/11\/Estetica-y-filosofia-de-la-Musica-de-los-siglo-XIX-al-XXI.pdf\">Est\u00e9tica y filosof\u00eda de la m\u00fasica del s.XIX al XXI<\/a><\/p><p><a href=\"http:\/\/www.coscyl.com\/wp-content\/uploads\/2024\/01\/Segundo-instrumento-composicion-revisada-sept2017.pdf\" target=\"_blank\" rel=\"noopener\">Segundo instrumento<\/a>\u00a0\/<a href=\"http:\/\/www.coscyl.com\/wp-content\/uploads\/2023\/11\/IMPROV_3.pdf\" target=\"_blank\" rel=\"noopener noreferrer\">\u00a0Improvisaci\u00f3n II<\/a><\/p><p><a href=\"http:\/\/www.coscyl.com\/wp-content\/uploads\/2025\/Acustica-musical.pdf\" target=\"_blank\" rel=\"noopener noreferrer\">Ac\u00fastica musical<\/a><\/p><p><a href=\"http:\/\/www.coscyl.com\/wp-content\/uploads\/2023\/11\/Tecnica-de-la-composicion-con-medios-audiovisuales.pdf\" target=\"_blank\" rel=\"noopener noreferrer\">T\u00e9cnica de la composici\u00f3n con medios audiovisuales<\/a><\/p><p><a href=\"https:\/\/coscyl.com\/en\/asignaturas-optativas\/\">ASIGNATURAS OPTATIVAS<\/a><\/p><p><a href=\"https:\/\/coscyl.com\/wp-content\/uploads\/2024\/Guia-docente-TFG-Composicion.pdf\" target=\"_blank\" rel=\"noopener\">TRABAJO FIN DE ESTUDIOS<\/a><\/p>\t\t\t\t\t\t\t\t<\/div>\n\t\t\t\t<\/div>\n\t\t\t\t<\/div>\n\t\t\t\t<\/div>\n\t\t\t\t<\/div>","protected":false},"excerpt":{"rendered":"<p>T\u00edtulo Superior de M\u00fasica Itinerario de Composici\u00f3n Plan de Estudios Desde este enlace se puede descargar la Gu\u00eda acad\u00e9mica de la especialidad de COMPOSICI\u00d3N.\u00a0Para ver la Gu\u00eda docente de una asignatura concreta, pinche m\u00e1s abajo en el nombre de la asignatura correspondiente. \u00a0 CURSO 1\u00ba Historia de la m\u00fasica I Armon\u00eda I Educaci\u00f3n auditiva I [&hellip;]<\/p>","protected":false},"author":1,"featured_media":0,"parent":0,"menu_order":0,"comment_status":"closed","ping_status":"closed","template":"elementor_header_footer","meta":{"footnotes":""},"class_list":["post-2184","page","type-page","status-publish","hentry"],"_links":{"self":[{"href":"https:\/\/coscyl.com\/en\/wp-json\/wp\/v2\/pages\/2184","targetHints":{"allow":["GET"]}}],"collection":[{"href":"https:\/\/coscyl.com\/en\/wp-json\/wp\/v2\/pages"}],"about":[{"href":"https:\/\/coscyl.com\/en\/wp-json\/wp\/v2\/types\/page"}],"author":[{"embeddable":true,"href":"https:\/\/coscyl.com\/en\/wp-json\/wp\/v2\/users\/1"}],"replies":[{"embeddable":true,"href":"https:\/\/coscyl.com\/en\/wp-json\/wp\/v2\/comments?post=2184"}],"version-history":[{"count":58,"href":"https:\/\/coscyl.com\/en\/wp-json\/wp\/v2\/pages\/2184\/revisions"}],"predecessor-version":[{"id":11893,"href":"https:\/\/coscyl.com\/en\/wp-json\/wp\/v2\/pages\/2184\/revisions\/11893"}],"wp:attachment":[{"href":"https:\/\/coscyl.com\/en\/wp-json\/wp\/v2\/media?parent=2184"}],"curies":[{"name":"wp","href":"https:\/\/api.w.org\/{rel}","templated":true}]}}